{"id":2368,"date":"2026-02-05T11:54:21","date_gmt":"2026-02-05T11:54:21","guid":{"rendered":"https:\/\/www.lesvelosdelabaie.bzh\/la-cote-de-granit-rose\/"},"modified":"2026-03-26T10:54:26","modified_gmt":"2026-03-26T10:54:26","slug":"la-cote-de-granit-rose","status":"publish","type":"page","link":"https:\/\/www.lesvelosdelabaie.bzh\/en\/la-cote-de-granit-rose\/","title":{"rendered":"The Pink Granite Coast"},"content":{"rendered":"\t\t<div data-elementor-type=\"wp-page\" data-elementor-id=\"2368\" class=\"elementor elementor-2368 elementor-1769\">\n\t\t\t\t\t\t<section class=\"elementor-section elementor-top-section elementor-element elementor-element-3ba245e elementor-section-boxed elementor-section-height-default elementor-section-height-default\" data-id=\"3ba245e\" data-element_type=\"section\" data-e-type=\"section\">\n\t\t\t\t\t\t<div class=\"elementor-container elementor-column-gap-default\">\n\t\t\t\t\t<div class=\"elementor-column elementor-col-100 elementor-top-column elementor-element elementor-element-277685f\" data-id=\"277685f\" data-element_type=\"column\" data-e-type=\"column\">\n\t\t\t<div class=\"elementor-widget-wrap elementor-element-populated\">\n\t\t\t\t\t\t<div class=\"elementor-element elementor-element-e2ec92f elementor-arrows-position-inside elementor-pagination-position-outside elementor-widget elementor-widget-image-carousel\" data-id=\"e2ec92f\" data-element_type=\"widget\" data-e-type=\"widget\" data-settings=\"{&quot;navigation&quot;:&quot;both&quot;,&quot;autoplay&quot;:&quot;yes&quot;,&quot;pause_on_hover&quot;:&quot;yes&quot;,&quot;pause_on_interaction&quot;:&quot;yes&quot;,&quot;autoplay_speed&quot;:5000,&quot;infinite&quot;:&quot;yes&quot;,&quot;speed&quot;:500}\" data-widget_type=\"image-carousel.default\">\n\t\t\t\t<div class=\"elementor-widget-container\">\n\t\t\t\t\t\t\t<div class=\"elementor-image-carousel-wrapper swiper\" role=\"region\" aria-roledescription=\"carousel\" aria-label=\"Carrousel d\u2019images\" dir=\"ltr\">\n\t\t\t<div class=\"elementor-image-carousel swiper-wrapper\" aria-live=\"off\">\n\t\t\t\t\t\t\t\t<div class=\"swiper-slide\" role=\"group\" aria-roledescription=\"slide\" aria-label=\"1 of 8\"><figure class=\"swiper-slide-inner\"><img decoding=\"async\" class=\"swiper-slide-image\" src=\"https:\/\/www.lesvelosdelabaie.bzh\/wp-content\/uploads\/2026\/02\/1-cote-de-granit-rose-et-7-iles-2-420x198.jpg\" alt=\"smart\" \/><\/figure><\/div><div class=\"swiper-slide\" role=\"group\" aria-roledescription=\"slide\" aria-label=\"2 of 8\"><figure class=\"swiper-slide-inner\"><img decoding=\"async\" class=\"swiper-slide-image\" src=\"https:\/\/www.lesvelosdelabaie.bzh\/wp-content\/uploads\/2026\/02\/5-Port-de-Ploumanach-2-420x198.jpg\" alt=\"Port de Ploumanach\" \/><\/figure><\/div><div class=\"swiper-slide\" role=\"group\" aria-roledescription=\"slide\" aria-label=\"3 of 8\"><figure class=\"swiper-slide-inner\"><img decoding=\"async\" class=\"swiper-slide-image\" src=\"https:\/\/www.lesvelosdelabaie.bzh\/wp-content\/uploads\/2026\/03\/8-Le-calvaire-Bouget-Tregastel-420x198.jpg\" alt=\"Calvaire abb\u00e9 Bouget Tr\u00e9gastel\" \/><\/figure><\/div><div class=\"swiper-slide\" role=\"group\" aria-roledescription=\"slide\" aria-label=\"4 of 8\"><figure class=\"swiper-slide-inner\"><img decoding=\"async\" class=\"swiper-slide-image\" src=\"https:\/\/www.lesvelosdelabaie.bzh\/wp-content\/uploads\/2026\/02\/9-arret-chapelle-St-Samson-1-420x198.jpg\" alt=\"Ch\u00e2teau de Costa\u00e9r\u00e8s Tr\u00e9gastel et Sept-\u00celes\" \/><\/figure><\/div><div class=\"swiper-slide\" role=\"group\" aria-roledescription=\"slide\" aria-label=\"5 of 8\"><figure class=\"swiper-slide-inner\"><img decoding=\"async\" class=\"swiper-slide-image\" src=\"https:\/\/www.lesvelosdelabaie.bzh\/wp-content\/uploads\/2026\/03\/11-pause-gourmande-parc-du-radome-420x198.jpg\" alt=\"Pause gourmande\" \/><\/figure><\/div><div class=\"swiper-slide\" role=\"group\" aria-roledescription=\"slide\" aria-label=\"6 of 8\"><figure class=\"swiper-slide-inner\"><img decoding=\"async\" class=\"swiper-slide-image\" src=\"https:\/\/www.lesvelosdelabaie.bzh\/wp-content\/uploads\/2026\/03\/17-le-coz-pors-tregastel-420x198.jpg\" alt=\"Le Coz-Pors tr\u00e9gastel\" \/><\/figure><\/div><div class=\"swiper-slide\" role=\"group\" aria-roledescription=\"slide\" aria-label=\"7 of 8\"><figure class=\"swiper-slide-inner\"><img decoding=\"async\" class=\"swiper-slide-image\" src=\"https:\/\/www.lesvelosdelabaie.bzh\/wp-content\/uploads\/2026\/02\/7-chemin-fleuri-d_hortensias-420x198.jpg\" alt=\"Chemin fleuri d\u2019hortensia\" \/><\/figure><\/div><div class=\"swiper-slide\" role=\"group\" aria-roledescription=\"slide\" aria-label=\"8 of 8\"><figure class=\"swiper-slide-inner\"><img decoding=\"async\" class=\"swiper-slide-image\" src=\"https:\/\/www.lesvelosdelabaie.bzh\/wp-content\/uploads\/2026\/03\/14-arret-rocher-roi-Gradlon--420x198.jpg\" alt=\"Arr\u00eat La Couronne du Roi Gradlon\" \/><\/figure><\/div>\t\t\t<\/div>\n\t\t\t\t\t\t\t\t\t\t\t\t<div class=\"elementor-swiper-button elementor-swiper-button-prev\" role=\"button\" tabindex=\"0\">\n\t\t\t\t\t\t<svg aria-hidden=\"true\" class=\"e-font-icon-svg e-eicon-chevron-left\" viewBox=\"0 0 1000 1000\" xmlns=\"http:\/\/www.w3.org\/2000\/svg\"><path d=\"M646 125C629 125 613 133 604 142L308 442C296 454 292 471 292 487 292 504 296 521 308 533L604 854C617 867 629 875 646 875 663 875 679 871 692 858 704 846 713 829 713 812 713 796 708 779 692 767L438 487 692 225C700 217 708 204 708 187 708 171 704 154 692 142 675 129 663 125 646 125Z\"><\/path><\/svg>\t\t\t\t\t<\/div>\n\t\t\t\t\t<div class=\"elementor-swiper-button elementor-swiper-button-next\" role=\"button\" tabindex=\"0\">\n\t\t\t\t\t\t<svg aria-hidden=\"true\" class=\"e-font-icon-svg e-eicon-chevron-right\" viewBox=\"0 0 1000 1000\" xmlns=\"http:\/\/www.w3.org\/2000\/svg\"><path d=\"M696 533C708 521 713 504 713 487 713 471 708 454 696 446L400 146C388 133 375 125 354 125 338 125 325 129 313 142 300 154 292 171 292 187 292 204 296 221 308 233L563 492 304 771C292 783 288 800 288 817 288 833 296 850 308 863 321 871 338 875 354 875 371 875 388 867 400 854L696 533Z\"><\/path><\/svg>\t\t\t\t\t<\/div>\n\t\t\t\t\n\t\t\t\t\t\t\t\t\t<div class=\"swiper-pagination\"><\/div>\n\t\t\t\t\t\t\t\t\t<\/div>\n\t\t\t\t\t\t<\/div>\n\t\t\t\t<\/div>\n\t\t\t\t\t<\/div>\n\t\t<\/div>\n\t\t\t\t\t<\/div>\n\t\t<\/section>\n\t\t\t\t<section class=\"elementor-section elementor-top-section elementor-element elementor-element-0db7bf1 elementor-section-boxed elementor-section-height-default elementor-section-height-default\" data-id=\"0db7bf1\" data-element_type=\"section\" data-e-type=\"section\">\n\t\t\t\t\t\t<div class=\"elementor-container elementor-column-gap-default\">\n\t\t\t\t\t<div class=\"elementor-column elementor-col-50 elementor-top-column elementor-element elementor-element-6713766\" data-id=\"6713766\" data-element_type=\"column\" data-e-type=\"column\">\n\t\t\t<div class=\"elementor-widget-wrap elementor-element-populated\">\n\t\t\t\t\t\t<div class=\"elementor-element elementor-element-fe10600 elementor-widget-tablet__width-initial elementor-widget-mobile__width-initial elementor-widget elementor-widget-heading\" data-id=\"fe10600\" data-element_type=\"widget\" data-e-type=\"widget\" data-widget_type=\"heading.default\">\n\t\t\t\t<div class=\"elementor-widget-container\">\n\t\t\t\t\t<h2 class=\"elementor-heading-title elementor-size-default\">By electric bike. From 4 people up to 15 people<\/h2>\t\t\t\t<\/div>\n\t\t\t\t<\/div>\n\t\t\t\t\t<\/div>\n\t\t<\/div>\n\t\t\t\t<div class=\"elementor-column elementor-col-50 elementor-top-column elementor-element elementor-element-ef9a49c\" data-id=\"ef9a49c\" data-element_type=\"column\" data-e-type=\"column\">\n\t\t\t<div class=\"elementor-widget-wrap elementor-element-populated\">\n\t\t\t\t\t\t<div class=\"elementor-element elementor-element-8b967f3 elementor-widget__width-initial elementor-widget-tablet__width-initial elementor-widget-mobile__width-initial elementor-icon-list--layout-traditional elementor-list-item-link-full_width elementor-widget elementor-widget-icon-list\" data-id=\"8b967f3\" data-element_type=\"widget\" data-e-type=\"widget\" data-widget_type=\"icon-list.default\">\n\t\t\t\t<div class=\"elementor-widget-container\">\n\t\t\t\t\t\t\t<ul class=\"elementor-icon-list-items\">\n\t\t\t\t\t\t\t<li class=\"elementor-icon-list-item\">\n\t\t\t\t\t\t\t\t\t\t\t<span class=\"elementor-icon-list-icon\">\n\t\t\t\t\t\t\t<svg aria-hidden=\"true\" class=\"e-font-icon-svg e-fas-ticket-alt\" viewBox=\"0 0 576 512\" xmlns=\"http:\/\/www.w3.org\/2000\/svg\"><path d=\"M128 160h320v192H128V160zm400 96c0 26.51 21.49 48 48 48v96c0 26.51-21.49 48-48 48H48c-26.51 0-48-21.49-48-48v-96c26.51 0 48-21.49 48-48s-21.49-48-48-48v-96c0-26.51 21.49-48 48-48h480c26.51 0 48 21.49 48 48v96c-26.51 0-48 21.49-48 48zm-48-104c0-13.255-10.745-24-24-24H120c-13.255 0-24 10.745-24 24v208c0 13.255 10.745 24 24 24h336c13.255 0 24-10.745 24-24V152z\"><\/path><\/svg>\t\t\t\t\t\t<\/span>\n\t\t\t\t\t\t\t\t\t\t<span class=\"elementor-icon-list-text\">\u20ac50 for adults - \u20ac42 for teens<\/span>\n\t\t\t\t\t\t\t\t\t<\/li>\n\t\t\t\t\t\t\t\t<li class=\"elementor-icon-list-item\">\n\t\t\t\t\t\t\t\t\t\t\t<span class=\"elementor-icon-list-icon\">\n\t\t\t\t\t\t\t<svg aria-hidden=\"true\" class=\"e-font-icon-svg e-fas-user\" viewBox=\"0 0 448 512\" xmlns=\"http:\/\/www.w3.org\/2000\/svg\"><path d=\"M224 256c70.7 0 128-57.3 128-128S294.7 0 224 0 96 57.3 96 128s57.3 128 128 128zm89.6 32h-16.7c-22.2 10.2-46.9 16-72.9 16s-50.6-5.8-72.9-16h-16.7C60.2 288 0 348.2 0 422.4V464c0 26.5 21.5 48 48 48h352c26.5 0 48-21.5 48-48v-41.6c0-74.2-60.2-134.4-134.4-134.4z\"><\/path><\/svg>\t\t\t\t\t\t<\/span>\n\t\t\t\t\t\t\t\t\t\t<span class=\"elementor-icon-list-text\">Accessible from age 12 (minimum height: 1.50 m)<\/span>\n\t\t\t\t\t\t\t\t\t<\/li>\n\t\t\t\t\t\t\t\t<li class=\"elementor-icon-list-item\">\n\t\t\t\t\t\t\t\t\t\t\t<span class=\"elementor-icon-list-icon\">\n\t\t\t\t\t\t\t<svg aria-hidden=\"true\" class=\"e-font-icon-svg e-far-clock\" viewBox=\"0 0 512 512\" xmlns=\"http:\/\/www.w3.org\/2000\/svg\"><path d=\"M256 8C119 8 8 119 8 256s111 248 248 248 248-111 248-248S393 8 256 8zm0 448c-110.5 0-200-89.5-200-200S145.5 56 256 56s200 89.5 200 200-89.5 200-200 200zm61.8-104.4l-84.9-61.7c-3.1-2.3-4.9-5.9-4.9-9.7V116c0-6.6 5.4-12 12-12h32c6.6 0 12 5.4 12 12v141.7l66.8 48.6c5.4 3.9 6.5 11.4 2.6 16.8L334.6 349c-3.9 5.3-11.4 6.5-16.8 2.6z\"><\/path><\/svg>\t\t\t\t\t\t<\/span>\n\t\t\t\t\t\t\t\t\t\t<span class=\"elementor-icon-list-text\">Duration approximately 2.5 hours<\/span>\n\t\t\t\t\t\t\t\t\t<\/li>\n\t\t\t\t\t\t<\/ul>\n\t\t\t\t\t\t<\/div>\n\t\t\t\t<\/div>\n\t\t\t\t\t<\/div>\n\t\t<\/div>\n\t\t\t\t\t<\/div>\n\t\t<\/section>\n\t\t\t\t<section class=\"elementor-section elementor-top-section elementor-element elementor-element-bf7759e elementor-section-full_width elementor-section-height-default elementor-section-height-default\" data-id=\"bf7759e\" data-element_type=\"section\" data-e-type=\"section\">\n\t\t\t\t\t\t<div class=\"elementor-container elementor-column-gap-default\">\n\t\t\t\t\t<div class=\"elementor-column elementor-col-100 elementor-top-column elementor-element elementor-element-7ed393b\" data-id=\"7ed393b\" data-element_type=\"column\" data-e-type=\"column\">\n\t\t\t<div class=\"elementor-widget-wrap elementor-element-populated\">\n\t\t\t\t\t\t<div class=\"elementor-element elementor-element-dbfa68d elementor-widget elementor-widget-button\" data-id=\"dbfa68d\" data-element_type=\"widget\" data-e-type=\"widget\" data-widget_type=\"button.default\">\n\t\t\t\t<div class=\"elementor-widget-container\">\n\t\t\t\t\t\t\t\t\t<div class=\"elementor-button-wrapper\">\n\t\t\t\t\t<a class=\"elementor-button elementor-button-link elementor-size-sm\" href=\"https:\/\/lesvelosdelabaie.lokki.rent\/en\/events\/69241df9eebba3b8cc267758\">\n\t\t\t\t\t\t<span class=\"elementor-button-content-wrapper\">\n\t\t\t\t\t\t\t\t\t<span class=\"elementor-button-text\">Sign Up<\/span>\n\t\t\t\t\t<\/span>\n\t\t\t\t\t<\/a>\n\t\t\t\t<\/div>\n\t\t\t\t\t\t\t\t<\/div>\n\t\t\t\t<\/div>\n\t\t\t\t\t<\/div>\n\t\t<\/div>\n\t\t\t\t\t<\/div>\n\t\t<\/section>\n\t\t\t\t<div class=\"elementor-section elementor-top-section elementor-element elementor-element-5d69b35 elementor-section-boxed elementor-section-height-default elementor-section-height-default\" data-id=\"5d69b35\" data-element_type=\"section\" data-e-type=\"section\">\n\t\t\t\t\t\t<div class=\"elementor-container elementor-column-gap-no\">\n\t\t\t\t\t<div class=\"elementor-column elementor-col-100 elementor-top-column elementor-element elementor-element-a9be8c3\" data-id=\"a9be8c3\" data-element_type=\"column\" data-e-type=\"column\">\n\t\t\t<div class=\"elementor-widget-wrap elementor-element-populated\">\n\t\t\t\t\t\t<section class=\"elementor-section elementor-inner-section elementor-element elementor-element-b944501 elementor-section-boxed elementor-section-height-default elementor-section-height-default\" data-id=\"b944501\" data-element_type=\"section\" data-e-type=\"section\">\n\t\t\t\t\t\t<div class=\"elementor-container elementor-column-gap-default\">\n\t\t\t\t\t<div class=\"elementor-column elementor-col-100 elementor-inner-column elementor-element elementor-element-87dcd53\" data-id=\"87dcd53\" data-element_type=\"column\" data-e-type=\"column\">\n\t\t\t<div class=\"elementor-widget-wrap elementor-element-populated\">\n\t\t\t\t\t\t<div class=\"elementor-element elementor-element-600003e elementor-widget elementor-widget-text-editor\" data-id=\"600003e\" data-element_type=\"widget\" data-e-type=\"widget\" data-widget_type=\"text-editor.default\">\n\t\t\t\t<div class=\"elementor-widget-container\">\n\t\t\t\t\t\t\t\t\t<h2><strong>Meet at the bike shed by the bay at the Poul Palud recreation area in Tr\u00e9gastel (22730)<\/strong><\/h2><p><br \/>Embark on a journey of discovery to extraordinary and unusual places along the C\u00f4te de Granit Rose&#8230;<\/p><p>Everywhere, extravagantly shaped granite formations\u2014formed over thousands of years\u2014define this magnificent landscape. In this diverse and authentic region, you\u2019ll discover picturesque little harbors and towns rich in history and Celtic heritage.<br \/>Welcome to the C\u00f4tes d&#8217;Armor, a paradise for birdwatchers and hikers.<\/p>\t\t\t\t\t\t\t\t<\/div>\n\t\t\t\t<\/div>\n\t\t\t\t\t<\/div>\n\t\t<\/div>\n\t\t\t\t\t<\/div>\n\t\t<\/section>\n\t\t\t\t<div class=\"elementor-element elementor-element-31ff4e8 elementor-widget-divider--view-line elementor-widget elementor-widget-divider\" data-id=\"31ff4e8\" data-element_type=\"widget\" data-e-type=\"widget\" data-widget_type=\"divider.default\">\n\t\t\t\t<div class=\"elementor-widget-container\">\n\t\t\t\t\t\t\t<div class=\"elementor-divider\">\n\t\t\t<span class=\"elementor-divider-separator\">\n\t\t\t\t\t\t<\/span>\n\t\t<\/div>\n\t\t\t\t\t\t<\/div>\n\t\t\t\t<\/div>\n\t\t\t\t<div class=\"elementor-element elementor-element-ea07145 elementor-widget elementor-widget-heading\" data-id=\"ea07145\" data-element_type=\"widget\" data-e-type=\"widget\" data-widget_type=\"heading.default\">\n\t\t\t\t<div class=\"elementor-widget-container\">\n\t\t\t\t\t<h2 class=\"elementor-heading-title elementor-size-default\">About the Tour<\/h2>\t\t\t\t<\/div>\n\t\t\t\t<\/div>\n\t\t\t\t<div class=\"elementor-element elementor-element-4db997c elementor-widget elementor-widget-accordion\" data-id=\"4db997c\" data-element_type=\"widget\" data-e-type=\"widget\" data-widget_type=\"accordion.default\">\n\t\t\t\t<div class=\"elementor-widget-container\">\n\t\t\t\t\t\t\t<div class=\"elementor-accordion\">\n\t\t\t\t\t\t\t<div class=\"elementor-accordion-item\">\n\t\t\t\t\t<div id=\"elementor-tab-title-8151\" class=\"elementor-tab-title\" data-tab=\"1\" role=\"button\" aria-controls=\"elementor-tab-content-8151\" aria-expanded=\"false\">\n\t\t\t\t\t\t\t\t\t\t\t\t\t<span class=\"elementor-accordion-icon elementor-accordion-icon-left\" aria-hidden=\"true\">\n\t\t\t\t\t\t\t\t\t\t\t\t\t\t\t<span class=\"elementor-accordion-icon-closed\"><svg class=\"e-font-icon-svg e-fas-chevron-down\" viewBox=\"0 0 448 512\" xmlns=\"http:\/\/www.w3.org\/2000\/svg\"><path d=\"M207.029 381.476L12.686 187.132c-9.373-9.373-9.373-24.569 0-33.941l22.667-22.667c9.357-9.357 24.522-9.375 33.901-.04L224 284.505l154.745-154.021c9.379-9.335 24.544-9.317 33.901.04l22.667 22.667c9.373 9.373 9.373 24.569 0 33.941L240.971 381.476c-9.373 9.372-24.569 9.372-33.942 0z\"><\/path><\/svg><\/span>\n\t\t\t\t\t\t\t\t<span class=\"elementor-accordion-icon-opened\"><svg class=\"e-font-icon-svg e-fas-chevron-up\" viewBox=\"0 0 448 512\" xmlns=\"http:\/\/www.w3.org\/2000\/svg\"><path d=\"M240.971 130.524l194.343 194.343c9.373 9.373 9.373 24.569 0 33.941l-22.667 22.667c-9.357 9.357-24.522 9.375-33.901.04L224 227.495 69.255 381.516c-9.379 9.335-24.544 9.317-33.901-.04l-22.667-22.667c-9.373-9.373-9.373-24.569 0-33.941L207.03 130.525c9.372-9.373 24.568-9.373 33.941-.001z\"><\/path><\/svg><\/span>\n\t\t\t\t\t\t\t\t\t\t\t\t\t\t<\/span>\n\t\t\t\t\t\t\t\t\t\t\t\t<a class=\"elementor-accordion-title\" tabindex=\"0\">Read more<\/a>\n\t\t\t\t\t<\/div>\n\t\t\t\t\t<div id=\"elementor-tab-content-8151\" class=\"elementor-tab-content elementor-clearfix\" data-tab=\"1\" role=\"region\" aria-labelledby=\"elementor-tab-title-8151\"><p>The tone for this wonderful hike is set right from the start. The picturesque beach of Tourony, with its granite cliffs and massive boulders\u2014some jumbled, others crushed, rounded, or flattened like pancakes.<\/p><p>Across from it stands the Ch\u00e2teau de Costa\u00e9res, built in 1895 by a Polish engineer. Long criticized, it is now one of the symbols of the coast.<\/p><p>Off the coast lie the Sept-\u00celes, a bird sanctuary where more than 20,000 pairs of seabirds representing 27 species nest.<\/p><p>Nearby is the port of Ploumanac&#8217;h, where small trawlers are moored alongside tour boats and speedboats that travel to the islands.<\/p><p>We hike up the Traoui\u00e9ros Valley along narrow paths, passing a chapel, a Calvary, typical Breton houses, hydrangeas, camellias, and rhododendrons: a riot of colors and scents.<\/p><p>We continue on our way, moving slightly away from the coast. At the end of a path, we see a huge white sphere ahead of us. Let\u2019s take a closer look. It is the Phoenix mast with its radome, the telecommunications station, and right next to it, the Gallic village.<\/p><p>A short break at the menhir of Saint Uzec, which stands 8.10 meters tall with its sculptures and is indeed the most famous Christianized menhir in Brittany.<\/p><p>Back on the coast, heading toward Tr\u00e9gastel, past the magnificent Gr\u00e8ve Blanche beach with its 360\u00b0 view, we find the granite boulders, known here as \u201cKing Gradlon\u2019s Crown,\u201d and further away, those that defy the laws of gravity, such as \u201cLe D\u00e9.\u201d<\/p><p>Passage to Coz-Pors, to the beach, to the marine aquarium<\/p><\/div>\n\t\t\t\t<\/div>\n\t\t\t\t\t\t\t<div class=\"elementor-accordion-item\">\n\t\t\t\t\t<div id=\"elementor-tab-title-8152\" class=\"elementor-tab-title\" data-tab=\"2\" role=\"button\" aria-controls=\"elementor-tab-content-8152\" aria-expanded=\"false\">\n\t\t\t\t\t\t\t\t\t\t\t\t\t<span class=\"elementor-accordion-icon elementor-accordion-icon-left\" aria-hidden=\"true\">\n\t\t\t\t\t\t\t\t\t\t\t\t\t\t\t<span class=\"elementor-accordion-icon-closed\"><svg class=\"e-font-icon-svg e-fas-chevron-down\" viewBox=\"0 0 448 512\" xmlns=\"http:\/\/www.w3.org\/2000\/svg\"><path d=\"M207.029 381.476L12.686 187.132c-9.373-9.373-9.373-24.569 0-33.941l22.667-22.667c9.357-9.357 24.522-9.375 33.901-.04L224 284.505l154.745-154.021c9.379-9.335 24.544-9.317 33.901.04l22.667 22.667c9.373 9.373 9.373 24.569 0 33.941L240.971 381.476c-9.373 9.372-24.569 9.372-33.942 0z\"><\/path><\/svg><\/span>\n\t\t\t\t\t\t\t\t<span class=\"elementor-accordion-icon-opened\"><svg class=\"e-font-icon-svg e-fas-chevron-up\" viewBox=\"0 0 448 512\" xmlns=\"http:\/\/www.w3.org\/2000\/svg\"><path d=\"M240.971 130.524l194.343 194.343c9.373 9.373 9.373 24.569 0 33.941l-22.667 22.667c-9.357 9.357-24.522 9.375-33.901.04L224 227.495 69.255 381.516c-9.379 9.335-24.544 9.317-33.901-.04l-22.667-22.667c-9.373-9.373-9.373-24.569 0-33.941L207.03 130.525c9.372-9.373 24.568-9.373 33.941-.001z\"><\/path><\/svg><\/span>\n\t\t\t\t\t\t\t\t\t\t\t\t\t\t<\/span>\n\t\t\t\t\t\t\t\t\t\t\t\t<a class=\"elementor-accordion-title\" tabindex=\"0\">See schedule<\/a>\n\t\t\t\t\t<\/div>\n\t\t\t\t\t<div id=\"elementor-tab-content-8152\" class=\"elementor-tab-content elementor-clearfix\" data-tab=\"2\" role=\"region\" aria-labelledby=\"elementor-tab-title-8152\"><table id=\"tablepress-4\" class=\"tablepress tablepress-id-4 dataTable\"><colgroup> <col data-dt-column=\"0\" \/> <col data-dt-column=\"1\" \/> <\/colgroup><thead><tr class=\"row-1\"><th class=\"column-1 dt-orderable-none\"><p class=\"dt-column-header\"><span class=\"dt-column-title\">JULI 2026<\/span><\/p><\/th><th class=\"column-2 dt-orderable-none\"><p class=\"dt-column-header\"><span class=\"dt-column-title\">AUGUST 2026<\/span><\/p><\/th><\/tr><\/thead><tbody><tr class=\"row-2\"><td class=\"column-1\">Tuesday, July 7<\/td><td class=\"column-2\">Tuesday, August 4<\/td><\/tr><tr class=\"row-3\"><td class=\"column-1\">Tuesday, July 14<\/td><td class=\"column-2\">Tuesday, August 11<\/td><\/tr><tr class=\"row-4\"><td class=\"column-1\">Tuesday, July 21<\/td><td class=\"column-2\">Tuesday, August 18<\/td><\/tr><tr class=\"row-5\"><td class=\"column-1\">Tuesday, July 28<\/td><td class=\"column-2\">Tuesday, August 25<\/td><\/tr><\/tbody><\/table><p class=\"p1\">\u00a0<\/p><\/div>\n\t\t\t\t<\/div>\n\t\t\t\t\t\t\t\t<\/div>\n\t\t\t\t\t\t<\/div>\n\t\t\t\t<\/div>\n\t\t\t\t\t<\/div>\n\t\t<\/div>\n\t\t\t\t\t<\/div>\n\t\t<\/div>\n\t\t\t\t<section class=\"elementor-section elementor-top-section elementor-element elementor-element-6bdf60c elementor-section-full_width elementor-section-height-default elementor-section-height-default\" data-id=\"6bdf60c\" data-element_type=\"section\" data-e-type=\"section\">\n\t\t\t\t\t\t<div class=\"elementor-container elementor-column-gap-default\">\n\t\t\t\t\t<div class=\"elementor-column elementor-col-100 elementor-top-column elementor-element elementor-element-f20bdb6\" data-id=\"f20bdb6\" data-element_type=\"column\" data-e-type=\"column\">\n\t\t\t<div class=\"elementor-widget-wrap elementor-element-populated\">\n\t\t\t\t\t\t<div class=\"elementor-element elementor-element-e618305 elementor-widget elementor-widget-button\" data-id=\"e618305\" data-element_type=\"widget\" data-e-type=\"widget\" data-widget_type=\"button.default\">\n\t\t\t\t<div class=\"elementor-widget-container\">\n\t\t\t\t\t\t\t\t\t<div class=\"elementor-button-wrapper\">\n\t\t\t\t\t<a class=\"elementor-button elementor-button-link elementor-size-sm\" href=\"https:\/\/lesvelosdelabaie.lokki.rent\/en\/events\/69241df9eebba3b8cc267758\">\n\t\t\t\t\t\t<span class=\"elementor-button-content-wrapper\">\n\t\t\t\t\t\t\t\t\t<span class=\"elementor-button-text\">Sign Up<\/span>\n\t\t\t\t\t<\/span>\n\t\t\t\t\t<\/a>\n\t\t\t\t<\/div>\n\t\t\t\t\t\t\t\t<\/div>\n\t\t\t\t<\/div>\n\t\t\t\t\t<\/div>\n\t\t<\/div>\n\t\t\t\t\t<\/div>\n\t\t<\/section>\n\t\t\t\t<section class=\"elementor-section elementor-top-section elementor-element elementor-element-fa3ab52 elementor-section-content-middle elementor-section-boxed elementor-section-height-default elementor-section-height-default\" data-id=\"fa3ab52\" data-element_type=\"section\" data-e-type=\"section\">\n\t\t\t\t\t\t<div class=\"elementor-container elementor-column-gap-default\">\n\t\t\t\t\t<div class=\"elementor-column elementor-col-100 elementor-top-column elementor-element elementor-element-37fd8ce\" data-id=\"37fd8ce\" data-element_type=\"column\" data-e-type=\"column\">\n\t\t\t<div class=\"elementor-widget-wrap elementor-element-populated\">\n\t\t\t\t\t\t<div class=\"elementor-element elementor-element-d542180 elementor-widget-divider--view-line elementor-widget elementor-widget-divider\" data-id=\"d542180\" data-element_type=\"widget\" data-e-type=\"widget\" data-widget_type=\"divider.default\">\n\t\t\t\t<div class=\"elementor-widget-container\">\n\t\t\t\t\t\t\t<div class=\"elementor-divider\">\n\t\t\t<span class=\"elementor-divider-separator\">\n\t\t\t\t\t\t<\/span>\n\t\t<\/div>\n\t\t\t\t\t\t<\/div>\n\t\t\t\t<\/div>\n\t\t\t\t<div class=\"elementor-element elementor-element-d802d17 elementor-widget elementor-widget-image-gallery\" data-id=\"d802d17\" data-element_type=\"widget\" data-e-type=\"widget\" data-widget_type=\"image-gallery.default\">\n\t\t\t\t<div class=\"elementor-widget-container\">\n\t\t\t\t\t\t\t<div class=\"elementor-image-gallery\">\n\t\t\t<div id='gallery-1' class='gallery galleryid-2368 gallery-columns-5 gallery-size-woocommerce_thumbnail'><figure class='gallery-item'>\n\t\t\t<div class='gallery-icon landscape'>\n\t\t\t\t<a data-elementor-open-lightbox=\"yes\" data-elementor-lightbox-slideshow=\"d802d17\" data-elementor-lightbox-title=\"13 All\u00e9e couverte Tr\u00e9gastel\" data-e-action-hash=\"#elementor-action%3Aaction%3Dlightbox%26settings%3DeyJpZCI6MjU3MCwidXJsIjoiaHR0cHM6XC9cL3d3dy5sZXN2ZWxvc2RlbGFiYWllLmJ6aFwvd3AtY29udGVudFwvdXBsb2Fkc1wvMjAyNlwvMDJcLzEzLUFsbGVlLWNvdXZlcnRlLVRyZWdhc3RlbC0xLmpwZyIsInNsaWRlc2hvdyI6ImQ4MDJkMTcifQ%3D%3D\" href='https:\/\/www.lesvelosdelabaie.bzh\/wp-content\/uploads\/2026\/02\/13-Allee-couverte-Tregastel-1.jpg'><img fetchpriority=\"high\" decoding=\"async\" width=\"350\" height=\"350\" src=\"https:\/\/www.lesvelosdelabaie.bzh\/wp-content\/uploads\/2026\/02\/13-Allee-couverte-Tregastel-1-350x350.jpg\" class=\"attachment-woocommerce_thumbnail size-woocommerce_thumbnail\" alt=\"\" srcset=\"https:\/\/www.lesvelosdelabaie.bzh\/wp-content\/uploads\/2026\/02\/13-Allee-couverte-Tregastel-1-350x350.jpg 350w, https:\/\/www.lesvelosdelabaie.bzh\/wp-content\/uploads\/2026\/02\/13-Allee-couverte-Tregastel-1-150x150.jpg 150w, https:\/\/www.lesvelosdelabaie.bzh\/wp-content\/uploads\/2026\/02\/13-Allee-couverte-Tregastel-1-100x100.jpg 100w\" sizes=\"(max-width: 350px) 100vw, 350px\" \/><\/a>\n\t\t\t<\/div><\/figure><figure class='gallery-item'>\n\t\t\t<div class='gallery-icon landscape'>\n\t\t\t\t<a data-elementor-open-lightbox=\"yes\" data-elementor-lightbox-slideshow=\"d802d17\" data-elementor-lightbox-title=\"4 La plage de Tourony mar\u00e9e haute\" data-e-action-hash=\"#elementor-action%3Aaction%3Dlightbox%26settings%3DeyJpZCI6MjU2MSwidXJsIjoiaHR0cHM6XC9cL3d3dy5sZXN2ZWxvc2RlbGFiYWllLmJ6aFwvd3AtY29udGVudFwvdXBsb2Fkc1wvMjAyNlwvMDJcLzQtTGEtcGxhZ2UtZGUtVG91cm9ueS1tYXJlZS1oYXV0ZS0xLmpwZyIsInNsaWRlc2hvdyI6ImQ4MDJkMTcifQ%3D%3D\" href='https:\/\/www.lesvelosdelabaie.bzh\/wp-content\/uploads\/2026\/02\/4-La-plage-de-Tourony-maree-haute-1.jpg'><img decoding=\"async\" width=\"350\" height=\"350\" src=\"https:\/\/www.lesvelosdelabaie.bzh\/wp-content\/uploads\/2026\/02\/4-La-plage-de-Tourony-maree-haute-1-350x350.jpg\" class=\"attachment-woocommerce_thumbnail size-woocommerce_thumbnail\" alt=\"\" aria-describedby=\"gallery-1-2561\" srcset=\"https:\/\/www.lesvelosdelabaie.bzh\/wp-content\/uploads\/2026\/02\/4-La-plage-de-Tourony-maree-haute-1-350x350.jpg 350w, https:\/\/www.lesvelosdelabaie.bzh\/wp-content\/uploads\/2026\/02\/4-La-plage-de-Tourony-maree-haute-1-150x150.jpg 150w, https:\/\/www.lesvelosdelabaie.bzh\/wp-content\/uploads\/2026\/02\/4-La-plage-de-Tourony-maree-haute-1-100x100.jpg 100w\" sizes=\"(max-width: 350px) 100vw, 350px\" \/><\/a>\n\t\t\t<\/div>\n\t\t\t\t<figcaption class='wp-caption-text gallery-caption' id='gallery-1-2561'>\n\t\t\t\tTourony mar\u00e9e haute\n\t\t\t\t<\/figcaption><\/figure><figure class='gallery-item'>\n\t\t\t<div class='gallery-icon landscape'>\n\t\t\t\t<a data-elementor-open-lightbox=\"yes\" data-elementor-lightbox-slideshow=\"d802d17\" data-elementor-lightbox-title=\"5 Port de Ploumanach\" data-e-action-hash=\"#elementor-action%3Aaction%3Dlightbox%26settings%3DeyJpZCI6MjU2MiwidXJsIjoiaHR0cHM6XC9cL3d3dy5sZXN2ZWxvc2RlbGFiYWllLmJ6aFwvd3AtY29udGVudFwvdXBsb2Fkc1wvMjAyNlwvMDJcLzUtUG9ydC1kZS1QbG91bWFuYWNoLTItc2NhbGVkLmpwZyIsInNsaWRlc2hvdyI6ImQ4MDJkMTcifQ%3D%3D\" href='https:\/\/www.lesvelosdelabaie.bzh\/wp-content\/uploads\/2026\/02\/5-Port-de-Ploumanach-2-scaled.jpg'><img decoding=\"async\" width=\"350\" height=\"350\" src=\"https:\/\/www.lesvelosdelabaie.bzh\/wp-content\/uploads\/2026\/02\/5-Port-de-Ploumanach-2-350x350.jpg\" class=\"attachment-woocommerce_thumbnail size-woocommerce_thumbnail\" alt=\"\" aria-describedby=\"gallery-1-2562\" srcset=\"https:\/\/www.lesvelosdelabaie.bzh\/wp-content\/uploads\/2026\/02\/5-Port-de-Ploumanach-2-350x350.jpg 350w, https:\/\/www.lesvelosdelabaie.bzh\/wp-content\/uploads\/2026\/02\/5-Port-de-Ploumanach-2-150x150.jpg 150w, https:\/\/www.lesvelosdelabaie.bzh\/wp-content\/uploads\/2026\/02\/5-Port-de-Ploumanach-2-100x100.jpg 100w\" sizes=\"(max-width: 350px) 100vw, 350px\" \/><\/a>\n\t\t\t<\/div>\n\t\t\t\t<figcaption class='wp-caption-text gallery-caption' id='gallery-1-2562'>\n\t\t\t\tPort de Ploumanach\n\t\t\t\t<\/figcaption><\/figure><figure class='gallery-item'>\n\t\t\t<div class='gallery-icon landscape'>\n\t\t\t\t<a data-elementor-open-lightbox=\"yes\" data-elementor-lightbox-slideshow=\"d802d17\" data-elementor-lightbox-title=\"3 La plage de Tourony mar\u00e9e basse\" data-e-action-hash=\"#elementor-action%3Aaction%3Dlightbox%26settings%3DeyJpZCI6MjU2MCwidXJsIjoiaHR0cHM6XC9cL3d3dy5sZXN2ZWxvc2RlbGFiYWllLmJ6aFwvd3AtY29udGVudFwvdXBsb2Fkc1wvMjAyNlwvMDJcLzMtTGEtcGxhZ2UtZGUtVG91cm9ueS1tYXJlZS1iYXNzZS0xLmpwZyIsInNsaWRlc2hvdyI6ImQ4MDJkMTcifQ%3D%3D\" href='https:\/\/www.lesvelosdelabaie.bzh\/wp-content\/uploads\/2026\/02\/3-La-plage-de-Tourony-maree-basse-1.jpg'><img loading=\"lazy\" decoding=\"async\" width=\"350\" height=\"350\" src=\"https:\/\/www.lesvelosdelabaie.bzh\/wp-content\/uploads\/2026\/02\/3-La-plage-de-Tourony-maree-basse-1-350x350.jpg\" class=\"attachment-woocommerce_thumbnail size-woocommerce_thumbnail\" alt=\"\" aria-describedby=\"gallery-1-2560\" srcset=\"https:\/\/www.lesvelosdelabaie.bzh\/wp-content\/uploads\/2026\/02\/3-La-plage-de-Tourony-maree-basse-1-350x350.jpg 350w, https:\/\/www.lesvelosdelabaie.bzh\/wp-content\/uploads\/2026\/02\/3-La-plage-de-Tourony-maree-basse-1-150x150.jpg 150w, https:\/\/www.lesvelosdelabaie.bzh\/wp-content\/uploads\/2026\/02\/3-La-plage-de-Tourony-maree-basse-1-100x100.jpg 100w\" sizes=\"(max-width: 350px) 100vw, 350px\" \/><\/a>\n\t\t\t<\/div>\n\t\t\t\t<figcaption class='wp-caption-text gallery-caption' id='gallery-1-2560'>\n\t\t\t\tTourony Beach (link to THE PINK GRANITE COAST tour)\n\t\t\t\t<\/figcaption><\/figure><figure class='gallery-item'>\n\t\t\t<div class='gallery-icon landscape'>\n\t\t\t\t<a data-elementor-open-lightbox=\"yes\" data-elementor-lightbox-slideshow=\"d802d17\" data-elementor-lightbox-title=\"smart\" data-e-action-hash=\"#elementor-action%3Aaction%3Dlightbox%26settings%3DeyJpZCI6MjU3NiwidXJsIjoiaHR0cHM6XC9cL3d3dy5sZXN2ZWxvc2RlbGFiYWllLmJ6aFwvd3AtY29udGVudFwvdXBsb2Fkc1wvMjAyNlwvMDJcLzE5LWJhaWUtZGUtU3QtQW5uZS1UcmVnYXN0ZWwtMS1zY2FsZWQuanBnIiwic2xpZGVzaG93IjoiZDgwMmQxNyJ9\" href='https:\/\/www.lesvelosdelabaie.bzh\/wp-content\/uploads\/2026\/02\/19-baie-de-St-Anne-Tregastel-1-scaled.jpg'><img loading=\"lazy\" decoding=\"async\" width=\"350\" height=\"350\" src=\"https:\/\/www.lesvelosdelabaie.bzh\/wp-content\/uploads\/2026\/02\/19-baie-de-St-Anne-Tregastel-1-350x350.jpg\" class=\"attachment-woocommerce_thumbnail size-woocommerce_thumbnail\" alt=\"\" aria-describedby=\"gallery-1-2576\" srcset=\"https:\/\/www.lesvelosdelabaie.bzh\/wp-content\/uploads\/2026\/02\/19-baie-de-St-Anne-Tregastel-1-350x350.jpg 350w, https:\/\/www.lesvelosdelabaie.bzh\/wp-content\/uploads\/2026\/02\/19-baie-de-St-Anne-Tregastel-1-150x150.jpg 150w, https:\/\/www.lesvelosdelabaie.bzh\/wp-content\/uploads\/2026\/02\/19-baie-de-St-Anne-Tregastel-1-100x100.jpg 100w\" sizes=\"(max-width: 350px) 100vw, 350px\" \/><\/a>\n\t\t\t<\/div>\n\t\t\t\t<figcaption class='wp-caption-text gallery-caption' id='gallery-1-2576'>\n\t\t\t\tsmart\n\t\t\t\t<\/figcaption><\/figure><figure class='gallery-item'>\n\t\t\t<div class='gallery-icon landscape'>\n\t\t\t\t<a data-elementor-open-lightbox=\"yes\" data-elementor-lightbox-slideshow=\"d802d17\" data-elementor-lightbox-title=\"7 chemin fleuri d_hortensias\" data-e-action-hash=\"#elementor-action%3Aaction%3Dlightbox%26settings%3DeyJpZCI6MjU2NCwidXJsIjoiaHR0cHM6XC9cL3d3dy5sZXN2ZWxvc2RlbGFiYWllLmJ6aFwvd3AtY29udGVudFwvdXBsb2Fkc1wvMjAyNlwvMDJcLzctY2hlbWluLWZsZXVyaS1kX2hvcnRlbnNpYXMtc2NhbGVkLmpwZyIsInNsaWRlc2hvdyI6ImQ4MDJkMTcifQ%3D%3D\" href='https:\/\/www.lesvelosdelabaie.bzh\/wp-content\/uploads\/2026\/02\/7-chemin-fleuri-d_hortensias-scaled.jpg'><img loading=\"lazy\" decoding=\"async\" width=\"350\" height=\"350\" src=\"https:\/\/www.lesvelosdelabaie.bzh\/wp-content\/uploads\/2026\/02\/7-chemin-fleuri-d_hortensias-350x350.jpg\" class=\"attachment-woocommerce_thumbnail size-woocommerce_thumbnail\" alt=\"\" aria-describedby=\"gallery-1-2564\" srcset=\"https:\/\/www.lesvelosdelabaie.bzh\/wp-content\/uploads\/2026\/02\/7-chemin-fleuri-d_hortensias-350x350.jpg 350w, https:\/\/www.lesvelosdelabaie.bzh\/wp-content\/uploads\/2026\/02\/7-chemin-fleuri-d_hortensias-150x150.jpg 150w, https:\/\/www.lesvelosdelabaie.bzh\/wp-content\/uploads\/2026\/02\/7-chemin-fleuri-d_hortensias-100x100.jpg 100w\" sizes=\"(max-width: 350px) 100vw, 350px\" \/><\/a>\n\t\t\t<\/div>\n\t\t\t\t<figcaption class='wp-caption-text gallery-caption' id='gallery-1-2564'>\n\t\t\t\tChemin fleuri d\u2019hortensia\n\t\t\t\t<\/figcaption><\/figure><figure class='gallery-item'>\n\t\t\t<div class='gallery-icon landscape'>\n\t\t\t\t<a data-elementor-open-lightbox=\"yes\" data-elementor-lightbox-slideshow=\"d802d17\" data-elementor-lightbox-title=\"2 Le chateau de costaeres\" data-e-action-hash=\"#elementor-action%3Aaction%3Dlightbox%26settings%3DeyJpZCI6MjU1OSwidXJsIjoiaHR0cHM6XC9cL3d3dy5sZXN2ZWxvc2RlbGFiYWllLmJ6aFwvd3AtY29udGVudFwvdXBsb2Fkc1wvMjAyNlwvMDJcLzItTGUtY2hhdGVhdS1kZS1jb3N0YWVyZXMtMS5qcGciLCJzbGlkZXNob3ciOiJkODAyZDE3In0%3D\" href='https:\/\/www.lesvelosdelabaie.bzh\/wp-content\/uploads\/2026\/02\/2-Le-chateau-de-costaeres-1.jpg'><img loading=\"lazy\" decoding=\"async\" width=\"350\" height=\"350\" src=\"https:\/\/www.lesvelosdelabaie.bzh\/wp-content\/uploads\/2026\/02\/2-Le-chateau-de-costaeres-1-350x350.jpg\" class=\"attachment-woocommerce_thumbnail size-woocommerce_thumbnail\" alt=\"\" aria-describedby=\"gallery-1-2559\" srcset=\"https:\/\/www.lesvelosdelabaie.bzh\/wp-content\/uploads\/2026\/02\/2-Le-chateau-de-costaeres-1-350x350.jpg 350w, https:\/\/www.lesvelosdelabaie.bzh\/wp-content\/uploads\/2026\/02\/2-Le-chateau-de-costaeres-1-150x150.jpg 150w, https:\/\/www.lesvelosdelabaie.bzh\/wp-content\/uploads\/2026\/02\/2-Le-chateau-de-costaeres-1-100x100.jpg 100w\" sizes=\"(max-width: 350px) 100vw, 350px\" \/><\/a>\n\t\t\t<\/div>\n\t\t\t\t<figcaption class='wp-caption-text gallery-caption' id='gallery-1-2559'>\n\t\t\t\tTourony mar\u00e9e basse\n\t\t\t\t<\/figcaption><\/figure><figure class='gallery-item'>\n\t\t\t<div class='gallery-icon landscape'>\n\t\t\t\t<a data-elementor-open-lightbox=\"yes\" data-elementor-lightbox-slideshow=\"d802d17\" data-elementor-lightbox-title=\"8 Le calvaire Bouget Tr\u00e9gastel\" data-e-action-hash=\"#elementor-action%3Aaction%3Dlightbox%26settings%3DeyJpZCI6MjU2NSwidXJsIjoiaHR0cHM6XC9cL3d3dy5sZXN2ZWxvc2RlbGFiYWllLmJ6aFwvd3AtY29udGVudFwvdXBsb2Fkc1wvMjAyNlwvMDJcLzgtTGUtY2FsdmFpcmUtQm91Z2V0LVRyZWdhc3RlbC0xLXNjYWxlZC5qcGciLCJzbGlkZXNob3ciOiJkODAyZDE3In0%3D\" href='https:\/\/www.lesvelosdelabaie.bzh\/wp-content\/uploads\/2026\/02\/8-Le-calvaire-Bouget-Tregastel-1-scaled.jpg'><img loading=\"lazy\" decoding=\"async\" width=\"350\" height=\"350\" src=\"https:\/\/www.lesvelosdelabaie.bzh\/wp-content\/uploads\/2026\/02\/8-Le-calvaire-Bouget-Tregastel-1-350x350.jpg\" class=\"attachment-woocommerce_thumbnail size-woocommerce_thumbnail\" alt=\"\" srcset=\"https:\/\/www.lesvelosdelabaie.bzh\/wp-content\/uploads\/2026\/02\/8-Le-calvaire-Bouget-Tregastel-1-350x350.jpg 350w, https:\/\/www.lesvelosdelabaie.bzh\/wp-content\/uploads\/2026\/02\/8-Le-calvaire-Bouget-Tregastel-1-150x150.jpg 150w, https:\/\/www.lesvelosdelabaie.bzh\/wp-content\/uploads\/2026\/02\/8-Le-calvaire-Bouget-Tregastel-1-100x100.jpg 100w\" sizes=\"(max-width: 350px) 100vw, 350px\" \/><\/a>\n\t\t\t<\/div><\/figure><figure class='gallery-item'>\n\t\t\t<div class='gallery-icon landscape'>\n\t\t\t\t<a data-elementor-open-lightbox=\"yes\" data-elementor-lightbox-slideshow=\"d802d17\" data-elementor-lightbox-title=\"17 le coz pors tr\u00e9gastel\" data-e-action-hash=\"#elementor-action%3Aaction%3Dlightbox%26settings%3DeyJpZCI6MjU3NCwidXJsIjoiaHR0cHM6XC9cL3d3dy5sZXN2ZWxvc2RlbGFiYWllLmJ6aFwvd3AtY29udGVudFwvdXBsb2Fkc1wvMjAyNlwvMDJcLzE3LWxlLWNvei1wb3JzLXRyZWdhc3RlbC0xLXNjYWxlZC5qcGciLCJzbGlkZXNob3ciOiJkODAyZDE3In0%3D\" href='https:\/\/www.lesvelosdelabaie.bzh\/wp-content\/uploads\/2026\/02\/17-le-coz-pors-tregastel-1-scaled.jpg'><img loading=\"lazy\" decoding=\"async\" width=\"350\" height=\"350\" src=\"https:\/\/www.lesvelosdelabaie.bzh\/wp-content\/uploads\/2026\/02\/17-le-coz-pors-tregastel-1-350x350.jpg\" class=\"attachment-woocommerce_thumbnail size-woocommerce_thumbnail\" alt=\"\" srcset=\"https:\/\/www.lesvelosdelabaie.bzh\/wp-content\/uploads\/2026\/02\/17-le-coz-pors-tregastel-1-350x350.jpg 350w, https:\/\/www.lesvelosdelabaie.bzh\/wp-content\/uploads\/2026\/02\/17-le-coz-pors-tregastel-1-150x150.jpg 150w, https:\/\/www.lesvelosdelabaie.bzh\/wp-content\/uploads\/2026\/02\/17-le-coz-pors-tregastel-1-100x100.jpg 100w\" sizes=\"(max-width: 350px) 100vw, 350px\" \/><\/a>\n\t\t\t<\/div><\/figure><figure class='gallery-item'>\n\t\t\t<div class='gallery-icon landscape'>\n\t\t\t\t<a data-elementor-open-lightbox=\"yes\" data-elementor-lightbox-slideshow=\"d802d17\" data-elementor-lightbox-title=\"6 moulin a mar\u00e9e Tr\u00e9gastel\" data-e-action-hash=\"#elementor-action%3Aaction%3Dlightbox%26settings%3DeyJpZCI6MjU2MywidXJsIjoiaHR0cHM6XC9cL3d3dy5sZXN2ZWxvc2RlbGFiYWllLmJ6aFwvd3AtY29udGVudFwvdXBsb2Fkc1wvMjAyNlwvMDJcLzYtbW91bGluLWEtbWFyZWUtVHJlZ2FzdGVsLTEuanBnIiwic2xpZGVzaG93IjoiZDgwMmQxNyJ9\" href='https:\/\/www.lesvelosdelabaie.bzh\/wp-content\/uploads\/2026\/02\/6-moulin-a-maree-Tregastel-1.jpg'><img loading=\"lazy\" decoding=\"async\" width=\"275\" height=\"183\" src=\"https:\/\/www.lesvelosdelabaie.bzh\/wp-content\/uploads\/2026\/02\/6-moulin-a-maree-Tregastel-1.jpg\" class=\"attachment-woocommerce_thumbnail size-woocommerce_thumbnail\" alt=\"\" aria-describedby=\"gallery-1-2563\" \/><\/a>\n\t\t\t<\/div>\n\t\t\t\t<figcaption class='wp-caption-text gallery-caption' id='gallery-1-2563'>\n\t\t\t\tMoulin \u00e0 mar\u00e9e\n\t\t\t\t<\/figcaption><\/figure><figure class='gallery-item'>\n\t\t\t<div class='gallery-icon landscape'>\n\t\t\t\t<a data-elementor-open-lightbox=\"yes\" data-elementor-lightbox-slideshow=\"d802d17\" data-elementor-lightbox-title=\"11 pause gourmande parc du radome\" data-e-action-hash=\"#elementor-action%3Aaction%3Dlightbox%26settings%3DeyJpZCI6MjU2OCwidXJsIjoiaHR0cHM6XC9cL3d3dy5sZXN2ZWxvc2RlbGFiYWllLmJ6aFwvd3AtY29udGVudFwvdXBsb2Fkc1wvMjAyNlwvMDJcLzExLXBhdXNlLWdvdXJtYW5kZS1wYXJjLWR1LXJhZG9tZS0xLmpwZyIsInNsaWRlc2hvdyI6ImQ4MDJkMTcifQ%3D%3D\" href='https:\/\/www.lesvelosdelabaie.bzh\/wp-content\/uploads\/2026\/02\/11-pause-gourmande-parc-du-radome-1.jpg'><img loading=\"lazy\" decoding=\"async\" width=\"350\" height=\"350\" src=\"https:\/\/www.lesvelosdelabaie.bzh\/wp-content\/uploads\/2026\/02\/11-pause-gourmande-parc-du-radome-1-350x350.jpg\" class=\"attachment-woocommerce_thumbnail size-woocommerce_thumbnail\" alt=\"\" srcset=\"https:\/\/www.lesvelosdelabaie.bzh\/wp-content\/uploads\/2026\/02\/11-pause-gourmande-parc-du-radome-1-350x350.jpg 350w, https:\/\/www.lesvelosdelabaie.bzh\/wp-content\/uploads\/2026\/02\/11-pause-gourmande-parc-du-radome-1-150x150.jpg 150w, https:\/\/www.lesvelosdelabaie.bzh\/wp-content\/uploads\/2026\/02\/11-pause-gourmande-parc-du-radome-1-100x100.jpg 100w\" sizes=\"(max-width: 350px) 100vw, 350px\" \/><\/a>\n\t\t\t<\/div><\/figure><figure class='gallery-item'>\n\t\t\t<div class='gallery-icon portrait'>\n\t\t\t\t<a data-elementor-open-lightbox=\"yes\" data-elementor-lightbox-slideshow=\"d802d17\" data-elementor-lightbox-title=\"10 passage par le radome Pleumeur Bodou\" data-e-action-hash=\"#elementor-action%3Aaction%3Dlightbox%26settings%3DeyJpZCI6MjU2NywidXJsIjoiaHR0cHM6XC9cL3d3dy5sZXN2ZWxvc2RlbGFiYWllLmJ6aFwvd3AtY29udGVudFwvdXBsb2Fkc1wvMjAyNlwvMDJcLzEwLXBhc3NhZ2UtcGFyLWxlLXJhZG9tZS1QbGV1bWV1ci1Cb2RvdS0xLXNjYWxlZC5qcGciLCJzbGlkZXNob3ciOiJkODAyZDE3In0%3D\" href='https:\/\/www.lesvelosdelabaie.bzh\/wp-content\/uploads\/2026\/02\/10-passage-par-le-radome-Pleumeur-Bodou-1-scaled.jpg'><img loading=\"lazy\" decoding=\"async\" width=\"350\" height=\"350\" src=\"https:\/\/www.lesvelosdelabaie.bzh\/wp-content\/uploads\/2026\/02\/10-passage-par-le-radome-Pleumeur-Bodou-1-350x350.jpg\" class=\"attachment-woocommerce_thumbnail size-woocommerce_thumbnail\" alt=\"\" aria-describedby=\"gallery-1-2567\" srcset=\"https:\/\/www.lesvelosdelabaie.bzh\/wp-content\/uploads\/2026\/02\/10-passage-par-le-radome-Pleumeur-Bodou-1-350x350.jpg 350w, https:\/\/www.lesvelosdelabaie.bzh\/wp-content\/uploads\/2026\/02\/10-passage-par-le-radome-Pleumeur-Bodou-1-150x150.jpg 150w, https:\/\/www.lesvelosdelabaie.bzh\/wp-content\/uploads\/2026\/02\/10-passage-par-le-radome-Pleumeur-Bodou-1-100x100.jpg 100w\" sizes=\"(max-width: 350px) 100vw, 350px\" \/><\/a>\n\t\t\t<\/div>\n\t\t\t\t<figcaption class='wp-caption-text gallery-caption' id='gallery-1-2567'>\n\t\t\t\tPleumeur-Bodou Radome\n\t\t\t\t<\/figcaption><\/figure><figure class='gallery-item'>\n\t\t\t<div class='gallery-icon landscape'>\n\t\t\t\t<a data-elementor-open-lightbox=\"yes\" data-elementor-lightbox-slideshow=\"d802d17\" data-elementor-lightbox-title=\"14 arr\u00eat rocher roi Gradlon\" data-e-action-hash=\"#elementor-action%3Aaction%3Dlightbox%26settings%3DeyJpZCI6MjU3MSwidXJsIjoiaHR0cHM6XC9cL3d3dy5sZXN2ZWxvc2RlbGFiYWllLmJ6aFwvd3AtY29udGVudFwvdXBsb2Fkc1wvMjAyNlwvMDJcLzE0LWFycmV0LXJvY2hlci1yb2ktR3JhZGxvbi0xLTEtc2NhbGVkLmpwZyIsInNsaWRlc2hvdyI6ImQ4MDJkMTcifQ%3D%3D\" href='https:\/\/www.lesvelosdelabaie.bzh\/wp-content\/uploads\/2026\/02\/14-arret-rocher-roi-Gradlon-1-1-scaled.jpg'><img loading=\"lazy\" decoding=\"async\" width=\"350\" height=\"350\" src=\"https:\/\/www.lesvelosdelabaie.bzh\/wp-content\/uploads\/2026\/02\/14-arret-rocher-roi-Gradlon-1-1-350x350.jpg\" class=\"attachment-woocommerce_thumbnail size-woocommerce_thumbnail\" alt=\"\" srcset=\"https:\/\/www.lesvelosdelabaie.bzh\/wp-content\/uploads\/2026\/02\/14-arret-rocher-roi-Gradlon-1-1-350x350.jpg 350w, https:\/\/www.lesvelosdelabaie.bzh\/wp-content\/uploads\/2026\/02\/14-arret-rocher-roi-Gradlon-1-1-150x150.jpg 150w, https:\/\/www.lesvelosdelabaie.bzh\/wp-content\/uploads\/2026\/02\/14-arret-rocher-roi-Gradlon-1-1-100x100.jpg 100w\" sizes=\"(max-width: 350px) 100vw, 350px\" \/><\/a>\n\t\t\t<\/div><\/figure><figure class='gallery-item'>\n\t\t\t<div class='gallery-icon landscape'>\n\t\t\t\t<a data-elementor-open-lightbox=\"yes\" data-elementor-lightbox-slideshow=\"d802d17\" data-elementor-lightbox-title=\"16 la gr\u00e8ve blanche vue du rocher roi gradlon\" data-e-action-hash=\"#elementor-action%3Aaction%3Dlightbox%26settings%3DeyJpZCI6MjU3MywidXJsIjoiaHR0cHM6XC9cL3d3dy5sZXN2ZWxvc2RlbGFiYWllLmJ6aFwvd3AtY29udGVudFwvdXBsb2Fkc1wvMjAyNlwvMDJcLzE2LWxhLWdyZXZlLWJsYW5jaGUtdnVlLWR1LXJvY2hlci1yb2ktZ3JhZGxvbi0xLXNjYWxlZC5qcGciLCJzbGlkZXNob3ciOiJkODAyZDE3In0%3D\" href='https:\/\/www.lesvelosdelabaie.bzh\/wp-content\/uploads\/2026\/02\/16-la-greve-blanche-vue-du-rocher-roi-gradlon-1-scaled.jpg'><img loading=\"lazy\" decoding=\"async\" width=\"350\" height=\"350\" src=\"https:\/\/www.lesvelosdelabaie.bzh\/wp-content\/uploads\/2026\/02\/16-la-greve-blanche-vue-du-rocher-roi-gradlon-1-350x350.jpg\" class=\"attachment-woocommerce_thumbnail size-woocommerce_thumbnail\" alt=\"\" aria-describedby=\"gallery-1-2573\" srcset=\"https:\/\/www.lesvelosdelabaie.bzh\/wp-content\/uploads\/2026\/02\/16-la-greve-blanche-vue-du-rocher-roi-gradlon-1-350x350.jpg 350w, https:\/\/www.lesvelosdelabaie.bzh\/wp-content\/uploads\/2026\/02\/16-la-greve-blanche-vue-du-rocher-roi-gradlon-1-150x150.jpg 150w, https:\/\/www.lesvelosdelabaie.bzh\/wp-content\/uploads\/2026\/02\/16-la-greve-blanche-vue-du-rocher-roi-gradlon-1-100x100.jpg 100w\" sizes=\"(max-width: 350px) 100vw, 350px\" \/><\/a>\n\t\t\t<\/div>\n\t\t\t\t<figcaption class='wp-caption-text gallery-caption' id='gallery-1-2573'>\n\t\t\t\tLa Gr\u00e8ve Blanche, Tr\u00e9gastel \n\t\t\t\t<\/figcaption><\/figure><figure class='gallery-item'>\n\t\t\t<div class='gallery-icon portrait'>\n\t\t\t\t<a data-elementor-open-lightbox=\"yes\" data-elementor-lightbox-slideshow=\"d802d17\" data-elementor-lightbox-title=\"18 Le coz pors-le d\u00e9 de Tr\u00e9gastel\" data-e-action-hash=\"#elementor-action%3Aaction%3Dlightbox%26settings%3DeyJpZCI6MjU3NSwidXJsIjoiaHR0cHM6XC9cL3d3dy5sZXN2ZWxvc2RlbGFiYWllLmJ6aFwvd3AtY29udGVudFwvdXBsb2Fkc1wvMjAyNlwvMDJcLzE4LUxlLWNvei1wb3JzLWxlLWRlLWRlLVRyZWdhc3RlbC0xLXNjYWxlZC5qcGciLCJzbGlkZXNob3ciOiJkODAyZDE3In0%3D\" href='https:\/\/www.lesvelosdelabaie.bzh\/wp-content\/uploads\/2026\/02\/18-Le-coz-pors-le-de-de-Tregastel-1-scaled.jpg'><img loading=\"lazy\" decoding=\"async\" width=\"350\" height=\"350\" src=\"https:\/\/www.lesvelosdelabaie.bzh\/wp-content\/uploads\/2026\/02\/18-Le-coz-pors-le-de-de-Tregastel-1-350x350.jpg\" class=\"attachment-woocommerce_thumbnail size-woocommerce_thumbnail\" alt=\"\" srcset=\"https:\/\/www.lesvelosdelabaie.bzh\/wp-content\/uploads\/2026\/02\/18-Le-coz-pors-le-de-de-Tregastel-1-350x350.jpg 350w, https:\/\/www.lesvelosdelabaie.bzh\/wp-content\/uploads\/2026\/02\/18-Le-coz-pors-le-de-de-Tregastel-1-150x150.jpg 150w, https:\/\/www.lesvelosdelabaie.bzh\/wp-content\/uploads\/2026\/02\/18-Le-coz-pors-le-de-de-Tregastel-1-100x100.jpg 100w\" sizes=\"(max-width: 350px) 100vw, 350px\" \/><\/a>\n\t\t\t<\/div><\/figure><figure class='gallery-item'>\n\t\t\t<div class='gallery-icon portrait'>\n\t\t\t\t<a data-elementor-open-lightbox=\"yes\" data-elementor-lightbox-slideshow=\"d802d17\" data-elementor-lightbox-title=\"12 menhir st uzec\" data-e-action-hash=\"#elementor-action%3Aaction%3Dlightbox%26settings%3DeyJpZCI6MjU2OSwidXJsIjoiaHR0cHM6XC9cL3d3dy5sZXN2ZWxvc2RlbGFiYWllLmJ6aFwvd3AtY29udGVudFwvdXBsb2Fkc1wvMjAyNlwvMDJcLzEyLW1lbmhpci1zdC11emVjLTEuanBnIiwic2xpZGVzaG93IjoiZDgwMmQxNyJ9\" href='https:\/\/www.lesvelosdelabaie.bzh\/wp-content\/uploads\/2026\/02\/12-menhir-st-uzec-1.jpg'><img loading=\"lazy\" decoding=\"async\" width=\"350\" height=\"350\" src=\"https:\/\/www.lesvelosdelabaie.bzh\/wp-content\/uploads\/2026\/02\/12-menhir-st-uzec-1-350x350.jpg\" class=\"attachment-woocommerce_thumbnail size-woocommerce_thumbnail\" alt=\"\" srcset=\"https:\/\/www.lesvelosdelabaie.bzh\/wp-content\/uploads\/2026\/02\/12-menhir-st-uzec-1-350x350.jpg 350w, https:\/\/www.lesvelosdelabaie.bzh\/wp-content\/uploads\/2026\/02\/12-menhir-st-uzec-1-150x150.jpg 150w, https:\/\/www.lesvelosdelabaie.bzh\/wp-content\/uploads\/2026\/02\/12-menhir-st-uzec-1-100x100.jpg 100w\" sizes=\"(max-width: 350px) 100vw, 350px\" \/><\/a>\n\t\t\t<\/div><\/figure><figure class='gallery-item'>\n\t\t\t<div class='gallery-icon portrait'>\n\t\t\t\t<a data-elementor-open-lightbox=\"yes\" data-elementor-lightbox-slideshow=\"d802d17\" data-elementor-lightbox-title=\"smart\" data-e-action-hash=\"#elementor-action%3Aaction%3Dlightbox%26settings%3DeyJpZCI6MjU1OCwidXJsIjoiaHR0cHM6XC9cL3d3dy5sZXN2ZWxvc2RlbGFiYWllLmJ6aFwvd3AtY29udGVudFwvdXBsb2Fkc1wvMjAyNlwvMDJcLzEtY290ZS1kZS1ncmFuaXQtcm9zZS1ldC03LWlsZXMtMi1zY2FsZWQuanBnIiwic2xpZGVzaG93IjoiZDgwMmQxNyJ9\" href='https:\/\/www.lesvelosdelabaie.bzh\/wp-content\/uploads\/2026\/02\/1-cote-de-granit-rose-et-7-iles-2-scaled.jpg'><img loading=\"lazy\" decoding=\"async\" width=\"350\" height=\"350\" src=\"https:\/\/www.lesvelosdelabaie.bzh\/wp-content\/uploads\/2026\/02\/1-cote-de-granit-rose-et-7-iles-2-350x350.jpg\" class=\"attachment-woocommerce_thumbnail size-woocommerce_thumbnail\" alt=\"\" aria-describedby=\"gallery-1-2558\" srcset=\"https:\/\/www.lesvelosdelabaie.bzh\/wp-content\/uploads\/2026\/02\/1-cote-de-granit-rose-et-7-iles-2-350x350.jpg 350w, https:\/\/www.lesvelosdelabaie.bzh\/wp-content\/uploads\/2026\/02\/1-cote-de-granit-rose-et-7-iles-2-150x150.jpg 150w, https:\/\/www.lesvelosdelabaie.bzh\/wp-content\/uploads\/2026\/02\/1-cote-de-granit-rose-et-7-iles-2-100x100.jpg 100w\" sizes=\"(max-width: 350px) 100vw, 350px\" \/><\/a>\n\t\t\t<\/div>\n\t\t\t\t<figcaption class='wp-caption-text gallery-caption' id='gallery-1-2558'>\n\t\t\t\tsmart\n\t\t\t\t<\/figcaption><\/figure><figure class='gallery-item'>\n\t\t\t<div class='gallery-icon landscape'>\n\t\t\t\t<a data-elementor-open-lightbox=\"yes\" data-elementor-lightbox-slideshow=\"d802d17\" data-elementor-lightbox-title=\"9 arr\u00eat chapelle St Samson\" data-e-action-hash=\"#elementor-action%3Aaction%3Dlightbox%26settings%3DeyJpZCI6MjU2NiwidXJsIjoiaHR0cHM6XC9cL3d3dy5sZXN2ZWxvc2RlbGFiYWllLmJ6aFwvd3AtY29udGVudFwvdXBsb2Fkc1wvMjAyNlwvMDJcLzktYXJyZXQtY2hhcGVsbGUtU3QtU2Ftc29uLTEuanBnIiwic2xpZGVzaG93IjoiZDgwMmQxNyJ9\" href='https:\/\/www.lesvelosdelabaie.bzh\/wp-content\/uploads\/2026\/02\/9-arret-chapelle-St-Samson-1.jpg'><img loading=\"lazy\" decoding=\"async\" width=\"350\" height=\"350\" src=\"https:\/\/www.lesvelosdelabaie.bzh\/wp-content\/uploads\/2026\/02\/9-arret-chapelle-St-Samson-1-350x350.jpg\" class=\"attachment-woocommerce_thumbnail size-woocommerce_thumbnail\" alt=\"\" aria-describedby=\"gallery-1-2566\" srcset=\"https:\/\/www.lesvelosdelabaie.bzh\/wp-content\/uploads\/2026\/02\/9-arret-chapelle-St-Samson-1-350x350.jpg 350w, https:\/\/www.lesvelosdelabaie.bzh\/wp-content\/uploads\/2026\/02\/9-arret-chapelle-St-Samson-1-150x150.jpg 150w, https:\/\/www.lesvelosdelabaie.bzh\/wp-content\/uploads\/2026\/02\/9-arret-chapelle-St-Samson-1-100x100.jpg 100w\" sizes=\"(max-width: 350px) 100vw, 350px\" \/><\/a>\n\t\t\t<\/div>\n\t\t\t\t<figcaption class='wp-caption-text gallery-caption' id='gallery-1-2566'>\n\t\t\t\tCh\u00e2teau de Costa\u00e9r\u00e8s Tr\u00e9gastel et Sept-\u00celes\n\t\t\t\t<\/figcaption><\/figure><figure class='gallery-item'>\n\t\t\t<div class='gallery-icon landscape'>\n\t\t\t\t<a data-elementor-open-lightbox=\"yes\" data-elementor-lightbox-slideshow=\"d802d17\" data-elementor-lightbox-title=\"15 couronne du roi gradlon\" data-e-action-hash=\"#elementor-action%3Aaction%3Dlightbox%26settings%3DeyJpZCI6MjU3MiwidXJsIjoiaHR0cHM6XC9cL3d3dy5sZXN2ZWxvc2RlbGFiYWllLmJ6aFwvd3AtY29udGVudFwvdXBsb2Fkc1wvMjAyNlwvMDJcLzE1LWNvdXJvbm5lLWR1LXJvaS1ncmFkbG9uLmpwZyIsInNsaWRlc2hvdyI6ImQ4MDJkMTcifQ%3D%3D\" href='https:\/\/www.lesvelosdelabaie.bzh\/wp-content\/uploads\/2026\/02\/15-couronne-du-roi-gradlon.jpg'><img loading=\"lazy\" decoding=\"async\" width=\"322\" height=\"156\" src=\"https:\/\/www.lesvelosdelabaie.bzh\/wp-content\/uploads\/2026\/02\/15-couronne-du-roi-gradlon.jpg\" class=\"attachment-woocommerce_thumbnail size-woocommerce_thumbnail\" alt=\"\" srcset=\"https:\/\/www.lesvelosdelabaie.bzh\/wp-content\/uploads\/2026\/02\/15-couronne-du-roi-gradlon.jpg 322w, https:\/\/www.lesvelosdelabaie.bzh\/wp-content\/uploads\/2026\/02\/15-couronne-du-roi-gradlon-300x145.jpg 300w\" sizes=\"(max-width: 322px) 100vw, 322px\" \/><\/a>\n\t\t\t<\/div><\/figure>\n\t\t<\/div>\n\t\t<\/div>\n\t\t\t\t\t\t<\/div>\n\t\t\t\t<\/div>\n\t\t\t\t\t<\/div>\n\t\t<\/div>\n\t\t\t\t\t<\/div>\n\t\t<\/section>\n\t\t\t\t<\/div>\n\t\t","protected":false},"excerpt":{"rendered":"<p>By electric bike. From 4 people up to 15 people \u20ac50 for adults &#8211; \u20ac42 for teens Accessible from age 12 (minimum height: 1.50 m) Duration approximately 2.5 hours Sign Up Meet at the bike shed by the bay at the Poul Palud recreation area in Tr\u00e9gastel (22730) Embark on a journey of discovery to <\/p>\n","protected":false},"author":2,"featured_media":0,"parent":0,"menu_order":0,"comment_status":"closed","ping_status":"closed","template":"","meta":{"_acf_changed":false,"_seopress_robots_primary_cat":"","_seopress_titles_title":"THE PINK GRANITE COAST","_seopress_titles_desc":"LA C\u00d4TE DE GRANIT ROSE\r\nEn v\u00e9lo \u00e9lectrique\r\nA partir de 4 personnes et jusqu\u2019\u00e0 15 personnes","_seopress_robots_index":"","pgc_sgb_lightbox_settings":"","footnotes":""},"class_list":["post-2368","page","type-page","status-publish","hentry"],"acf":[],"_links":{"self":[{"href":"https:\/\/www.lesvelosdelabaie.bzh\/en\/wp-json\/wp\/v2\/pages\/2368","targetHints":{"allow":["GET"]}}],"collection":[{"href":"https:\/\/www.lesvelosdelabaie.bzh\/en\/wp-json\/wp\/v2\/pages"}],"about":[{"href":"https:\/\/www.lesvelosdelabaie.bzh\/en\/wp-json\/wp\/v2\/types\/page"}],"author":[{"embeddable":true,"href":"https:\/\/www.lesvelosdelabaie.bzh\/en\/wp-json\/wp\/v2\/users\/2"}],"replies":[{"embeddable":true,"href":"https:\/\/www.lesvelosdelabaie.bzh\/en\/wp-json\/wp\/v2\/comments?post=2368"}],"version-history":[{"count":22,"href":"https:\/\/www.lesvelosdelabaie.bzh\/en\/wp-json\/wp\/v2\/pages\/2368\/revisions"}],"predecessor-version":[{"id":3393,"href":"https:\/\/www.lesvelosdelabaie.bzh\/en\/wp-json\/wp\/v2\/pages\/2368\/revisions\/3393"}],"wp:attachment":[{"href":"https:\/\/www.lesvelosdelabaie.bzh\/en\/wp-json\/wp\/v2\/media?parent=2368"}],"curies":[{"name":"wp","href":"https:\/\/api.w.org\/{rel}","templated":true}]}}