{"id":2367,"date":"2026-02-05T13:22:08","date_gmt":"2026-02-05T13:22:08","guid":{"rendered":"https:\/\/www.lesvelosdelabaie.bzh\/circuit-le-long-des-ports\/"},"modified":"2026-03-21T08:31:50","modified_gmt":"2026-03-21T08:31:50","slug":"circuit-le-long-des-ports","status":"publish","type":"page","link":"https:\/\/www.lesvelosdelabaie.bzh\/de\/circuit-le-long-des-ports\/","title":{"rendered":"Rundfahrt entlang der H\u00e4fen"},"content":{"rendered":"\t\t<div data-elementor-type=\"wp-page\" data-elementor-id=\"2367\" class=\"elementor elementor-2367 elementor-1904\">\n\t\t\t\t\t\t<section class=\"elementor-section elementor-top-section elementor-element elementor-element-0015d7c elementor-section-boxed elementor-section-height-default elementor-section-height-default\" data-id=\"0015d7c\" data-element_type=\"section\" data-e-type=\"section\">\n\t\t\t\t\t\t<div class=\"elementor-container elementor-column-gap-default\">\n\t\t\t\t\t<div class=\"elementor-column elementor-col-100 elementor-top-column elementor-element elementor-element-607e537\" data-id=\"607e537\" data-element_type=\"column\" data-e-type=\"column\">\n\t\t\t<div class=\"elementor-widget-wrap elementor-element-populated\">\n\t\t\t\t\t\t<div class=\"elementor-element elementor-element-147fc61 elementor-widget elementor-widget-spacer\" data-id=\"147fc61\" data-element_type=\"widget\" data-e-type=\"widget\" data-widget_type=\"spacer.default\">\n\t\t\t\t<div class=\"elementor-widget-container\">\n\t\t\t\t\t\t\t<div class=\"elementor-spacer\">\n\t\t\t<div class=\"elementor-spacer-inner\"><\/div>\n\t\t<\/div>\n\t\t\t\t\t\t<\/div>\n\t\t\t\t<\/div>\n\t\t\t\t\t<\/div>\n\t\t<\/div>\n\t\t\t\t\t<\/div>\n\t\t<\/section>\n\t\t\t\t<section class=\"elementor-section elementor-top-section elementor-element elementor-element-3ba245e elementor-section-boxed elementor-section-height-default elementor-section-height-default\" data-id=\"3ba245e\" data-element_type=\"section\" data-e-type=\"section\">\n\t\t\t\t\t\t<div class=\"elementor-container elementor-column-gap-default\">\n\t\t\t\t\t<div class=\"elementor-column elementor-col-100 elementor-top-column elementor-element elementor-element-277685f\" data-id=\"277685f\" data-element_type=\"column\" data-e-type=\"column\">\n\t\t\t<div class=\"elementor-widget-wrap elementor-element-populated\">\n\t\t\t\t\t\t<div class=\"elementor-element elementor-element-e2ec92f elementor-arrows-position-inside elementor-pagination-position-outside elementor-widget elementor-widget-image-carousel\" data-id=\"e2ec92f\" data-element_type=\"widget\" data-e-type=\"widget\" data-settings=\"{&quot;navigation&quot;:&quot;both&quot;,&quot;autoplay&quot;:&quot;yes&quot;,&quot;pause_on_hover&quot;:&quot;yes&quot;,&quot;pause_on_interaction&quot;:&quot;yes&quot;,&quot;autoplay_speed&quot;:5000,&quot;infinite&quot;:&quot;yes&quot;,&quot;speed&quot;:500}\" data-widget_type=\"image-carousel.default\">\n\t\t\t\t<div class=\"elementor-widget-container\">\n\t\t\t\t\t\t\t<div class=\"elementor-image-carousel-wrapper swiper\" role=\"region\" aria-roledescription=\"carousel\" aria-label=\"Carrousel d\u2019images\" dir=\"ltr\">\n\t\t\t<div class=\"elementor-image-carousel swiper-wrapper\" aria-live=\"off\">\n\t\t\t\t\t\t\t\t<div class=\"swiper-slide\" role=\"group\" aria-roledescription=\"slide\" aria-label=\"1 von 6\"><figure class=\"swiper-slide-inner\"><img decoding=\"async\" class=\"swiper-slide-image\" src=\"https:\/\/www.lesvelosdelabaie.bzh\/wp-content\/uploads\/2026\/02\/5-Panorama-Port-l_epine-face-aux-sept-iles-1-420x198.jpg\" alt=\"Panorama Port L\u00e9pine Vue sur les sept iles\" \/><\/figure><\/div><div class=\"swiper-slide\" role=\"group\" aria-roledescription=\"slide\" aria-label=\"2 von 6\"><figure class=\"swiper-slide-inner\"><img decoding=\"async\" class=\"swiper-slide-image\" src=\"https:\/\/www.lesvelosdelabaie.bzh\/wp-content\/uploads\/2026\/02\/6-tour-de-Port-l_epine-1-420x198.jpg\" alt=\"Port L\u00e9pine\" \/><\/figure><\/div><div class=\"swiper-slide\" role=\"group\" aria-roledescription=\"slide\" aria-label=\"3 von 6\"><figure class=\"swiper-slide-inner\"><img decoding=\"async\" class=\"swiper-slide-image\" src=\"https:\/\/www.lesvelosdelabaie.bzh\/wp-content\/uploads\/2026\/02\/8-Port-Le-Goff-1-420x198.jpg\" alt=\"Port L\u00e9pine\" \/><\/figure><\/div><div class=\"swiper-slide\" role=\"group\" aria-roledescription=\"slide\" aria-label=\"4 von 6\"><figure class=\"swiper-slide-inner\"><img decoding=\"async\" class=\"swiper-slide-image\" src=\"https:\/\/www.lesvelosdelabaie.bzh\/wp-content\/uploads\/2026\/02\/13-arrivee-sur-port-blanc-1-420x198.jpg\" alt=\"Arriv\u00e9e sur Port Blanc\" \/><\/figure><\/div><div class=\"swiper-slide\" role=\"group\" aria-roledescription=\"slide\" aria-label=\"5 von 6\"><figure class=\"swiper-slide-inner\"><img decoding=\"async\" class=\"swiper-slide-image\" src=\"https:\/\/www.lesvelosdelabaie.bzh\/wp-content\/uploads\/2026\/02\/11-chapelle-notre-dame-port-blanc-1-420x198.jpg\" alt=\"Chapelle Notre-Dame de Port-Blanc\" \/><\/figure><\/div><div class=\"swiper-slide\" role=\"group\" aria-roledescription=\"slide\" aria-label=\"6 von 6\"><figure class=\"swiper-slide-inner\"><img decoding=\"async\" class=\"swiper-slide-image\" src=\"https:\/\/www.lesvelosdelabaie.bzh\/wp-content\/uploads\/2026\/02\/14-La-sentinelle-oratoire-Port-Blanc-1-420x198.jpg\" alt=\"La Sentinelle (oratoire), Port-Blanc, Penv\u00e9nan\" \/><\/figure><\/div>\t\t\t<\/div>\n\t\t\t\t\t\t\t\t\t\t\t\t<div class=\"elementor-swiper-button elementor-swiper-button-prev\" role=\"button\" tabindex=\"0\">\n\t\t\t\t\t\t<svg aria-hidden=\"true\" class=\"e-font-icon-svg e-eicon-chevron-left\" viewBox=\"0 0 1000 1000\" xmlns=\"http:\/\/www.w3.org\/2000\/svg\"><path d=\"M646 125C629 125 613 133 604 142L308 442C296 454 292 471 292 487 292 504 296 521 308 533L604 854C617 867 629 875 646 875 663 875 679 871 692 858 704 846 713 829 713 812 713 796 708 779 692 767L438 487 692 225C700 217 708 204 708 187 708 171 704 154 692 142 675 129 663 125 646 125Z\"><\/path><\/svg>\t\t\t\t\t<\/div>\n\t\t\t\t\t<div class=\"elementor-swiper-button elementor-swiper-button-next\" role=\"button\" tabindex=\"0\">\n\t\t\t\t\t\t<svg aria-hidden=\"true\" class=\"e-font-icon-svg e-eicon-chevron-right\" viewBox=\"0 0 1000 1000\" xmlns=\"http:\/\/www.w3.org\/2000\/svg\"><path d=\"M696 533C708 521 713 504 713 487 713 471 708 454 696 446L400 146C388 133 375 125 354 125 338 125 325 129 313 142 300 154 292 171 292 187 292 204 296 221 308 233L563 492 304 771C292 783 288 800 288 817 288 833 296 850 308 863 321 871 338 875 354 875 371 875 388 867 400 854L696 533Z\"><\/path><\/svg>\t\t\t\t\t<\/div>\n\t\t\t\t\n\t\t\t\t\t\t\t\t\t<div class=\"swiper-pagination\"><\/div>\n\t\t\t\t\t\t\t\t\t<\/div>\n\t\t\t\t\t\t<\/div>\n\t\t\t\t<\/div>\n\t\t\t\t\t<\/div>\n\t\t<\/div>\n\t\t\t\t\t<\/div>\n\t\t<\/section>\n\t\t\t\t<section class=\"elementor-section elementor-top-section elementor-element elementor-element-0db7bf1 elementor-section-boxed elementor-section-height-default elementor-section-height-default\" data-id=\"0db7bf1\" data-element_type=\"section\" data-e-type=\"section\">\n\t\t\t\t\t\t<div class=\"elementor-container elementor-column-gap-default\">\n\t\t\t\t\t<div class=\"elementor-column elementor-col-50 elementor-top-column elementor-element elementor-element-6713766\" data-id=\"6713766\" data-element_type=\"column\" data-e-type=\"column\">\n\t\t\t<div class=\"elementor-widget-wrap elementor-element-populated\">\n\t\t\t\t\t\t<div class=\"elementor-element elementor-element-fe10600 elementor-widget-tablet__width-initial elementor-widget-mobile__width-initial elementor-widget elementor-widget-heading\" data-id=\"fe10600\" data-element_type=\"widget\" data-e-type=\"widget\" data-widget_type=\"heading.default\">\n\t\t\t\t<div class=\"elementor-widget-container\">\n\t\t\t\t\t<h2 class=\"elementor-heading-title elementor-size-default\">Mit dem E-Bike. Von 4 bis 15 Personen<\/h2>\t\t\t\t<\/div>\n\t\t\t\t<\/div>\n\t\t\t\t\t<\/div>\n\t\t<\/div>\n\t\t\t\t<div class=\"elementor-column elementor-col-50 elementor-top-column elementor-element elementor-element-ef9a49c\" data-id=\"ef9a49c\" data-element_type=\"column\" data-e-type=\"column\">\n\t\t\t<div class=\"elementor-widget-wrap elementor-element-populated\">\n\t\t\t\t\t\t<div class=\"elementor-element elementor-element-8b967f3 elementor-widget__width-initial elementor-widget-tablet__width-initial elementor-widget-mobile__width-initial elementor-icon-list--layout-traditional elementor-list-item-link-full_width elementor-widget elementor-widget-icon-list\" data-id=\"8b967f3\" data-element_type=\"widget\" data-e-type=\"widget\" data-widget_type=\"icon-list.default\">\n\t\t\t\t<div class=\"elementor-widget-container\">\n\t\t\t\t\t\t\t<ul class=\"elementor-icon-list-items\">\n\t\t\t\t\t\t\t<li class=\"elementor-icon-list-item\">\n\t\t\t\t\t\t\t\t\t\t\t<span class=\"elementor-icon-list-icon\">\n\t\t\t\t\t\t\t<svg aria-hidden=\"true\" class=\"e-font-icon-svg e-fas-ticket-alt\" viewBox=\"0 0 576 512\" xmlns=\"http:\/\/www.w3.org\/2000\/svg\"><path d=\"M128 160h320v192H128V160zm400 96c0 26.51 21.49 48 48 48v96c0 26.51-21.49 48-48 48H48c-26.51 0-48-21.49-48-48v-96c26.51 0 48-21.49 48-48s-21.49-48-48-48v-96c0-26.51 21.49-48 48-48h480c26.51 0 48 21.49 48 48v96c-26.51 0-48 21.49-48 48zm-48-104c0-13.255-10.745-24-24-24H120c-13.255 0-24 10.745-24 24v208c0 13.255 10.745 24 24 24h336c13.255 0 24-10.745 24-24V152z\"><\/path><\/svg>\t\t\t\t\t\t<\/span>\n\t\t\t\t\t\t\t\t\t\t<span class=\"elementor-icon-list-text\">50 \u20ac Erwachsene - 42 \u20ac Jugendliche<\/span>\n\t\t\t\t\t\t\t\t\t<\/li>\n\t\t\t\t\t\t\t\t<li class=\"elementor-icon-list-item\">\n\t\t\t\t\t\t\t\t\t\t\t<span class=\"elementor-icon-list-icon\">\n\t\t\t\t\t\t\t<svg aria-hidden=\"true\" class=\"e-font-icon-svg e-fas-user\" viewBox=\"0 0 448 512\" xmlns=\"http:\/\/www.w3.org\/2000\/svg\"><path d=\"M224 256c70.7 0 128-57.3 128-128S294.7 0 224 0 96 57.3 96 128s57.3 128 128 128zm89.6 32h-16.7c-22.2 10.2-46.9 16-72.9 16s-50.6-5.8-72.9-16h-16.7C60.2 288 0 348.2 0 422.4V464c0 26.5 21.5 48 48 48h352c26.5 0 48-21.5 48-48v-41.6c0-74.2-60.2-134.4-134.4-134.4z\"><\/path><\/svg>\t\t\t\t\t\t<\/span>\n\t\t\t\t\t\t\t\t\t\t<span class=\"elementor-icon-list-text\">Zug\u00e4nglich ab 12 Jahren (Mindestgr\u00f6\u00dfe: 1,50 m)<\/span>\n\t\t\t\t\t\t\t\t\t<\/li>\n\t\t\t\t\t\t\t\t<li class=\"elementor-icon-list-item\">\n\t\t\t\t\t\t\t\t\t\t\t<span class=\"elementor-icon-list-icon\">\n\t\t\t\t\t\t\t<svg aria-hidden=\"true\" class=\"e-font-icon-svg e-far-clock\" viewBox=\"0 0 512 512\" xmlns=\"http:\/\/www.w3.org\/2000\/svg\"><path d=\"M256 8C119 8 8 119 8 256s111 248 248 248 248-111 248-248S393 8 256 8zm0 448c-110.5 0-200-89.5-200-200S145.5 56 256 56s200 89.5 200 200-89.5 200-200 200zm61.8-104.4l-84.9-61.7c-3.1-2.3-4.9-5.9-4.9-9.7V116c0-6.6 5.4-12 12-12h32c6.6 0 12 5.4 12 12v141.7l66.8 48.6c5.4 3.9 6.5 11.4 2.6 16.8L334.6 349c-3.9 5.3-11.4 6.5-16.8 2.6z\"><\/path><\/svg>\t\t\t\t\t\t<\/span>\n\t\t\t\t\t\t\t\t\t\t<span class=\"elementor-icon-list-text\">Dauer ca. 2,5 Stunden<\/span>\n\t\t\t\t\t\t\t\t\t<\/li>\n\t\t\t\t\t\t<\/ul>\n\t\t\t\t\t\t<\/div>\n\t\t\t\t<\/div>\n\t\t\t\t\t<\/div>\n\t\t<\/div>\n\t\t\t\t\t<\/div>\n\t\t<\/section>\n\t\t\t\t<section class=\"elementor-section elementor-top-section elementor-element elementor-element-bf7759e elementor-section-full_width elementor-section-height-default elementor-section-height-default\" data-id=\"bf7759e\" data-element_type=\"section\" data-e-type=\"section\">\n\t\t\t\t\t\t<div class=\"elementor-container elementor-column-gap-default\">\n\t\t\t\t\t<div class=\"elementor-column elementor-col-100 elementor-top-column elementor-element elementor-element-7ed393b\" data-id=\"7ed393b\" data-element_type=\"column\" data-e-type=\"column\">\n\t\t\t<div class=\"elementor-widget-wrap elementor-element-populated\">\n\t\t\t\t\t\t<div class=\"elementor-element elementor-element-dbfa68d elementor-widget elementor-widget-button\" data-id=\"dbfa68d\" data-element_type=\"widget\" data-e-type=\"widget\" data-widget_type=\"button.default\">\n\t\t\t\t<div class=\"elementor-widget-container\">\n\t\t\t\t\t\t\t\t\t<div class=\"elementor-button-wrapper\">\n\t\t\t\t\t<a class=\"elementor-button elementor-button-link elementor-size-sm\" href=\"https:\/\/lesvelosdelabaie.lokki.rent\/de\/events\/6970cf0d9c96b48b12b5d051\">\n\t\t\t\t\t\t<span class=\"elementor-button-content-wrapper\">\n\t\t\t\t\t\t\t\t\t<span class=\"elementor-button-text\">Anmelden<\/span>\n\t\t\t\t\t<\/span>\n\t\t\t\t\t<\/a>\n\t\t\t\t<\/div>\n\t\t\t\t\t\t\t\t<\/div>\n\t\t\t\t<\/div>\n\t\t\t\t\t<\/div>\n\t\t<\/div>\n\t\t\t\t\t<\/div>\n\t\t<\/section>\n\t\t\t\t<div class=\"elementor-section elementor-top-section elementor-element elementor-element-5d69b35 elementor-section-boxed elementor-section-height-default elementor-section-height-default\" data-id=\"5d69b35\" data-element_type=\"section\" data-e-type=\"section\">\n\t\t\t\t\t\t<div class=\"elementor-container elementor-column-gap-no\">\n\t\t\t\t\t<div class=\"elementor-column elementor-col-100 elementor-top-column elementor-element elementor-element-a9be8c3\" data-id=\"a9be8c3\" data-element_type=\"column\" data-e-type=\"column\">\n\t\t\t<div class=\"elementor-widget-wrap elementor-element-populated\">\n\t\t\t\t\t\t<section class=\"elementor-section elementor-inner-section elementor-element elementor-element-b944501 elementor-section-boxed elementor-section-height-default elementor-section-height-default\" data-id=\"b944501\" data-element_type=\"section\" data-e-type=\"section\">\n\t\t\t\t\t\t<div class=\"elementor-container elementor-column-gap-default\">\n\t\t\t\t\t<div class=\"elementor-column elementor-col-100 elementor-inner-column elementor-element elementor-element-87dcd53\" data-id=\"87dcd53\" data-element_type=\"column\" data-e-type=\"column\">\n\t\t\t<div class=\"elementor-widget-wrap elementor-element-populated\">\n\t\t\t\t\t\t<div class=\"elementor-element elementor-element-600003e elementor-widget elementor-widget-text-editor\" data-id=\"600003e\" data-element_type=\"widget\" data-e-type=\"widget\" data-widget_type=\"text-editor.default\">\n\t\t\t\t<div class=\"elementor-widget-container\">\n\t\t\t\t\t\t\t\t\t<h2><strong>Start am Parkplatz gegen\u00fcber dem gro\u00dfen Strand von Trestel (auf der Seite des Sumpfes)<\/strong><\/h2><p>Begeben Sie sich auf eine Nachmittagsfahrt mit dem E-Bike und entdecken Sie die kleinen H\u00e4fen der Bretagne&#8230;<\/p>\t\t\t\t\t\t\t\t<\/div>\n\t\t\t\t<\/div>\n\t\t\t\t\t<\/div>\n\t\t<\/div>\n\t\t\t\t\t<\/div>\n\t\t<\/section>\n\t\t\t\t<div class=\"elementor-element elementor-element-31ff4e8 elementor-widget-divider--view-line elementor-widget elementor-widget-divider\" data-id=\"31ff4e8\" data-element_type=\"widget\" data-e-type=\"widget\" data-widget_type=\"divider.default\">\n\t\t\t\t<div class=\"elementor-widget-container\">\n\t\t\t\t\t\t\t<div class=\"elementor-divider\">\n\t\t\t<span class=\"elementor-divider-separator\">\n\t\t\t\t\t\t<\/span>\n\t\t<\/div>\n\t\t\t\t\t\t<\/div>\n\t\t\t\t<\/div>\n\t\t\t\t<div class=\"elementor-element elementor-element-ea07145 elementor-widget elementor-widget-heading\" data-id=\"ea07145\" data-element_type=\"widget\" data-e-type=\"widget\" data-widget_type=\"heading.default\">\n\t\t\t\t<div class=\"elementor-widget-container\">\n\t\t\t\t\t<h2 class=\"elementor-heading-title elementor-size-default\">\u00dcber die Rennstrecke<\/h2>\t\t\t\t<\/div>\n\t\t\t\t<\/div>\n\t\t\t\t<div class=\"elementor-element elementor-element-4db997c elementor-widget elementor-widget-accordion\" data-id=\"4db997c\" data-element_type=\"widget\" data-e-type=\"widget\" data-widget_type=\"accordion.default\">\n\t\t\t\t<div class=\"elementor-widget-container\">\n\t\t\t\t\t\t\t<div class=\"elementor-accordion\">\n\t\t\t\t\t\t\t<div class=\"elementor-accordion-item\">\n\t\t\t\t\t<div id=\"elementor-tab-title-8151\" class=\"elementor-tab-title\" data-tab=\"1\" role=\"button\" aria-controls=\"elementor-tab-content-8151\" aria-expanded=\"false\">\n\t\t\t\t\t\t\t\t\t\t\t\t\t<span class=\"elementor-accordion-icon elementor-accordion-icon-left\" aria-hidden=\"true\">\n\t\t\t\t\t\t\t\t\t\t\t\t\t\t\t<span class=\"elementor-accordion-icon-closed\"><svg class=\"e-font-icon-svg e-fas-chevron-down\" viewBox=\"0 0 448 512\" xmlns=\"http:\/\/www.w3.org\/2000\/svg\"><path d=\"M207.029 381.476L12.686 187.132c-9.373-9.373-9.373-24.569 0-33.941l22.667-22.667c9.357-9.357 24.522-9.375 33.901-.04L224 284.505l154.745-154.021c9.379-9.335 24.544-9.317 33.901.04l22.667 22.667c9.373 9.373 9.373 24.569 0 33.941L240.971 381.476c-9.373 9.372-24.569 9.372-33.942 0z\"><\/path><\/svg><\/span>\n\t\t\t\t\t\t\t\t<span class=\"elementor-accordion-icon-opened\"><svg class=\"e-font-icon-svg e-fas-chevron-up\" viewBox=\"0 0 448 512\" xmlns=\"http:\/\/www.w3.org\/2000\/svg\"><path d=\"M240.971 130.524l194.343 194.343c9.373 9.373 9.373 24.569 0 33.941l-22.667 22.667c-9.357 9.357-24.522 9.375-33.901.04L224 227.495 69.255 381.516c-9.379 9.335-24.544 9.317-33.901-.04l-22.667-22.667c-9.373-9.373-9.373-24.569 0-33.941L207.03 130.525c9.372-9.373 24.568-9.373 33.941-.001z\"><\/path><\/svg><\/span>\n\t\t\t\t\t\t\t\t\t\t\t\t\t\t<\/span>\n\t\t\t\t\t\t\t\t\t\t\t\t<a class=\"elementor-accordion-title\" tabindex=\"0\">Weitere Details lesen<\/a>\n\t\t\t\t\t<\/div>\n\t\t\t\t\t<div id=\"elementor-tab-content-8151\" class=\"elementor-tab-content elementor-clearfix\" data-tab=\"1\" role=\"region\" aria-labelledby=\"elementor-tab-title-8151\"><h3>Entdeckung der C\u00f4te d\u2019Ajoncs<\/h3><p>Sie radeln auf den Spuren der Fischer und entdecken den ganzen Reichtum dieser mit kleinen Inseln \u00fcbers\u00e4ten K\u00fcste. Von <strong><em>Trestel<\/em><\/strong>, Eine erste Schleife f\u00fchrt Sie bis nach <em><strong>Port L\u2019\u00e9pine<\/strong><\/em>. Dieser Felsvorsprung mit seiner reichen milit\u00e4rischen Vergangenheit bietet einen wundersch\u00f6nen Blick auf<strong><em> l\u2019\u00eele Tom\u00e9 und les 7 \u00celes<\/em><\/strong>. Dann Weiterfahrt nach <em><strong>port Le Goff<\/strong><\/em>, Auf dem Weg zu dieser zweiten Runde auf dem Land gibt es eine kleine Pause, um lokale Spezialit\u00e4ten zu probieren, bevor es weitergeht nach <strong><em>Port-Blanc<\/em><\/strong>. Entlang der K\u00fcste kehren Sie mit vielen Eindr\u00fccken und Erinnerungen im Gep\u00e4ck zur\u00fcck.<\/p><\/div>\n\t\t\t\t<\/div>\n\t\t\t\t\t\t\t<div class=\"elementor-accordion-item\">\n\t\t\t\t\t<div id=\"elementor-tab-title-8152\" class=\"elementor-tab-title\" data-tab=\"2\" role=\"button\" aria-controls=\"elementor-tab-content-8152\" aria-expanded=\"false\">\n\t\t\t\t\t\t\t\t\t\t\t\t\t<span class=\"elementor-accordion-icon elementor-accordion-icon-left\" aria-hidden=\"true\">\n\t\t\t\t\t\t\t\t\t\t\t\t\t\t\t<span class=\"elementor-accordion-icon-closed\"><svg class=\"e-font-icon-svg e-fas-chevron-down\" viewBox=\"0 0 448 512\" xmlns=\"http:\/\/www.w3.org\/2000\/svg\"><path d=\"M207.029 381.476L12.686 187.132c-9.373-9.373-9.373-24.569 0-33.941l22.667-22.667c9.357-9.357 24.522-9.375 33.901-.04L224 284.505l154.745-154.021c9.379-9.335 24.544-9.317 33.901.04l22.667 22.667c9.373 9.373 9.373 24.569 0 33.941L240.971 381.476c-9.373 9.372-24.569 9.372-33.942 0z\"><\/path><\/svg><\/span>\n\t\t\t\t\t\t\t\t<span class=\"elementor-accordion-icon-opened\"><svg class=\"e-font-icon-svg e-fas-chevron-up\" viewBox=\"0 0 448 512\" xmlns=\"http:\/\/www.w3.org\/2000\/svg\"><path d=\"M240.971 130.524l194.343 194.343c9.373 9.373 9.373 24.569 0 33.941l-22.667 22.667c-9.357 9.357-24.522 9.375-33.901.04L224 227.495 69.255 381.516c-9.379 9.335-24.544 9.317-33.901-.04l-22.667-22.667c-9.373-9.373-9.373-24.569 0-33.941L207.03 130.525c9.372-9.373 24.568-9.373 33.941-.001z\"><\/path><\/svg><\/span>\n\t\t\t\t\t\t\t\t\t\t\t\t\t\t<\/span>\n\t\t\t\t\t\t\t\t\t\t\t\t<a class=\"elementor-accordion-title\" tabindex=\"0\">Siehe Planung<\/a>\n\t\t\t\t\t<\/div>\n\t\t\t\t\t<div id=\"elementor-tab-content-8152\" class=\"elementor-tab-content elementor-clearfix\" data-tab=\"2\" role=\"region\" aria-labelledby=\"elementor-tab-title-8152\"><table id=\"tablepress-5\" class=\"tablepress tablepress-id-5 dataTable\">\n<colgroup>\n<col data-dt-column=\"0\">\n<col data-dt-column=\"1\">\n<\/colgroup>\n\n<thead>\n<tr class=\"row-1\">\n<th class=\"column-1 dt-orderable-none\" colspan=\"1\" rowspan=\"1\" data-dt-column=\"0\">\n<div class=\"dt-column-header\">\n<span class=\"dt-column-title\">JULI 2026<\/span>\n<\/div>\n<\/th>\n\n<th class=\"column-2 dt-orderable-none\" colspan=\"1\" rowspan=\"1\" data-dt-column=\"1\">\n<div class=\"dt-column-header\">\n<span class=\"dt-column-title\">AUGUST 2026<\/span>\n<\/div>\n<\/th>\n<\/tr>\n<\/thead>\n\n<tbody>\n<tr class=\"row-2\">\n<td class=\"column-1\">Donnerstag, 2. Juli<\/td>\n<td class=\"column-2\">Donnerstag, 6. August<\/td>\n<\/tr>\n\n<tr class=\"row-3\">\n<td class=\"column-1\">Donnerstag, 9. Juli<\/td>\n<td class=\"column-2\">Donnerstag, 13. August<\/td>\n<\/tr>\n\n<tr class=\"row-4\">\n<td class=\"column-1\">Donnerstag, 16. Juli<\/td>\n<td class=\"column-2\">Donnerstag, 20. August<\/td>\n<\/tr>\n\n<tr class=\"row-5\">\n<td class=\"column-1\">Donnerstag, 26. Juli<\/td>\n<td class=\"column-2\">Donnerstag, 27. August<\/td>\n<\/tr>\n\n<tr class=\"row-6\">\n<td class=\"column-1\">Donnerstag, 30. Juli<\/td>\n<\/tr>\n\n<\/tbody>\n<\/table><\/div>\n\t\t\t\t<\/div>\n\t\t\t\t\t\t\t\t<\/div>\n\t\t\t\t\t\t<\/div>\n\t\t\t\t<\/div>\n\t\t\t\t\t<\/div>\n\t\t<\/div>\n\t\t\t\t\t<\/div>\n\t\t<\/div>\n\t\t\t\t<section class=\"elementor-section elementor-top-section elementor-element elementor-element-6bdf60c elementor-section-full_width elementor-section-height-default elementor-section-height-default\" data-id=\"6bdf60c\" data-element_type=\"section\" data-e-type=\"section\">\n\t\t\t\t\t\t<div class=\"elementor-container elementor-column-gap-default\">\n\t\t\t\t\t<div class=\"elementor-column elementor-col-100 elementor-top-column elementor-element elementor-element-f20bdb6\" data-id=\"f20bdb6\" data-element_type=\"column\" data-e-type=\"column\">\n\t\t\t<div class=\"elementor-widget-wrap elementor-element-populated\">\n\t\t\t\t\t\t<div class=\"elementor-element elementor-element-e618305 elementor-widget elementor-widget-button\" data-id=\"e618305\" data-element_type=\"widget\" data-e-type=\"widget\" data-widget_type=\"button.default\">\n\t\t\t\t<div class=\"elementor-widget-container\">\n\t\t\t\t\t\t\t\t\t<div class=\"elementor-button-wrapper\">\n\t\t\t\t\t<a class=\"elementor-button elementor-button-link elementor-size-sm\" href=\"https:\/\/lesvelosdelabaie.lokki.rent\/de\/events\/6970cf0d9c96b48b12b5d051\">\n\t\t\t\t\t\t<span class=\"elementor-button-content-wrapper\">\n\t\t\t\t\t\t\t\t\t<span class=\"elementor-button-text\">Anmelden<\/span>\n\t\t\t\t\t<\/span>\n\t\t\t\t\t<\/a>\n\t\t\t\t<\/div>\n\t\t\t\t\t\t\t\t<\/div>\n\t\t\t\t<\/div>\n\t\t\t\t\t<\/div>\n\t\t<\/div>\n\t\t\t\t\t<\/div>\n\t\t<\/section>\n\t\t\t\t<section class=\"elementor-section elementor-top-section elementor-element elementor-element-fa3ab52 elementor-section-content-middle elementor-section-boxed elementor-section-height-default elementor-section-height-default\" data-id=\"fa3ab52\" data-element_type=\"section\" data-e-type=\"section\">\n\t\t\t\t\t\t<div class=\"elementor-container elementor-column-gap-default\">\n\t\t\t\t\t<div class=\"elementor-column elementor-col-100 elementor-top-column elementor-element elementor-element-37fd8ce\" data-id=\"37fd8ce\" data-element_type=\"column\" data-e-type=\"column\">\n\t\t\t<div class=\"elementor-widget-wrap elementor-element-populated\">\n\t\t\t\t\t\t<div class=\"elementor-element elementor-element-d542180 elementor-widget-divider--view-line elementor-widget elementor-widget-divider\" data-id=\"d542180\" data-element_type=\"widget\" data-e-type=\"widget\" data-widget_type=\"divider.default\">\n\t\t\t\t<div class=\"elementor-widget-container\">\n\t\t\t\t\t\t\t<div class=\"elementor-divider\">\n\t\t\t<span class=\"elementor-divider-separator\">\n\t\t\t\t\t\t<\/span>\n\t\t<\/div>\n\t\t\t\t\t\t<\/div>\n\t\t\t\t<\/div>\n\t\t\t\t<div class=\"elementor-element elementor-element-d802d17 elementor-widget elementor-widget-image-gallery\" data-id=\"d802d17\" data-element_type=\"widget\" data-e-type=\"widget\" data-widget_type=\"image-gallery.default\">\n\t\t\t\t<div class=\"elementor-widget-container\">\n\t\t\t\t\t\t\t<div class=\"elementor-image-gallery\">\n\t\t\t<div id='gallery-1' class='gallery galleryid-2367 gallery-columns-5 gallery-size-woocommerce_thumbnail'><figure class='gallery-item'>\n\t\t\t<div class='gallery-icon landscape'>\n\t\t\t\t<a data-elementor-open-lightbox=\"yes\" data-elementor-lightbox-slideshow=\"d802d17\" data-elementor-lightbox-title=\"4 port l_\u00e9pine\" data-e-action-hash=\"#elementor-action%3Aaction%3Dlightbox%26settings%3DeyJpZCI6MjQzMSwidXJsIjoiaHR0cHM6XC9cL3d3dy5sZXN2ZWxvc2RlbGFiYWllLmJ6aFwvd3AtY29udGVudFwvdXBsb2Fkc1wvMjAyNlwvMDJcLzQtcG9ydC1sX2VwaW5lLTEuanBnIiwic2xpZGVzaG93IjoiZDgwMmQxNyJ9\" href='https:\/\/www.lesvelosdelabaie.bzh\/wp-content\/uploads\/2026\/02\/4-port-l_epine-1.jpg'><img fetchpriority=\"high\" decoding=\"async\" width=\"350\" height=\"350\" src=\"https:\/\/www.lesvelosdelabaie.bzh\/wp-content\/uploads\/2026\/02\/4-port-l_epine-1-350x350.jpg\" class=\"attachment-woocommerce_thumbnail size-woocommerce_thumbnail\" alt=\"\" srcset=\"https:\/\/www.lesvelosdelabaie.bzh\/wp-content\/uploads\/2026\/02\/4-port-l_epine-1-350x350.jpg 350w, https:\/\/www.lesvelosdelabaie.bzh\/wp-content\/uploads\/2026\/02\/4-port-l_epine-1-150x150.jpg 150w, https:\/\/www.lesvelosdelabaie.bzh\/wp-content\/uploads\/2026\/02\/4-port-l_epine-1-100x100.jpg 100w\" sizes=\"(max-width: 350px) 100vw, 350px\" \/><\/a>\n\t\t\t<\/div><\/figure><figure class='gallery-item'>\n\t\t\t<div class='gallery-icon portrait'>\n\t\t\t\t<a data-elementor-open-lightbox=\"yes\" data-elementor-lightbox-slideshow=\"d802d17\" data-elementor-lightbox-title=\"13 arriv\u00e9e sur port-blanc\" data-e-action-hash=\"#elementor-action%3Aaction%3Dlightbox%26settings%3DeyJpZCI6MjQ0MCwidXJsIjoiaHR0cHM6XC9cL3d3dy5sZXN2ZWxvc2RlbGFiYWllLmJ6aFwvd3AtY29udGVudFwvdXBsb2Fkc1wvMjAyNlwvMDJcLzEzLWFycml2ZWUtc3VyLXBvcnQtYmxhbmMtMS5qcGciLCJzbGlkZXNob3ciOiJkODAyZDE3In0%3D\" href='https:\/\/www.lesvelosdelabaie.bzh\/wp-content\/uploads\/2026\/02\/13-arrivee-sur-port-blanc-1.jpg'><img decoding=\"async\" width=\"350\" height=\"350\" src=\"https:\/\/www.lesvelosdelabaie.bzh\/wp-content\/uploads\/2026\/02\/13-arrivee-sur-port-blanc-1-350x350.jpg\" class=\"attachment-woocommerce_thumbnail size-woocommerce_thumbnail\" alt=\"\" aria-describedby=\"gallery-1-2440\" srcset=\"https:\/\/www.lesvelosdelabaie.bzh\/wp-content\/uploads\/2026\/02\/13-arrivee-sur-port-blanc-1-350x350.jpg 350w, https:\/\/www.lesvelosdelabaie.bzh\/wp-content\/uploads\/2026\/02\/13-arrivee-sur-port-blanc-1-150x150.jpg 150w, https:\/\/www.lesvelosdelabaie.bzh\/wp-content\/uploads\/2026\/02\/13-arrivee-sur-port-blanc-1-100x100.jpg 100w\" sizes=\"(max-width: 350px) 100vw, 350px\" \/><\/a>\n\t\t\t<\/div>\n\t\t\t\t<figcaption class='wp-caption-text gallery-caption' id='gallery-1-2440'>\n\t\t\t\tArriv\u00e9e sur Port Blanc\n\t\t\t\t<\/figcaption><\/figure><figure class='gallery-item'>\n\t\t\t<div class='gallery-icon portrait'>\n\t\t\t\t<a data-elementor-open-lightbox=\"yes\" data-elementor-lightbox-slideshow=\"d802d17\" data-elementor-lightbox-title=\"14 La sentinelle-oratoire Port Blanc\" data-e-action-hash=\"#elementor-action%3Aaction%3Dlightbox%26settings%3DeyJpZCI6MjQ0MSwidXJsIjoiaHR0cHM6XC9cL3d3dy5sZXN2ZWxvc2RlbGFiYWllLmJ6aFwvd3AtY29udGVudFwvdXBsb2Fkc1wvMjAyNlwvMDJcLzE0LUxhLXNlbnRpbmVsbGUtb3JhdG9pcmUtUG9ydC1CbGFuYy0xLXNjYWxlZC5qcGciLCJzbGlkZXNob3ciOiJkODAyZDE3In0%3D\" href='https:\/\/www.lesvelosdelabaie.bzh\/wp-content\/uploads\/2026\/02\/14-La-sentinelle-oratoire-Port-Blanc-1-scaled.jpg'><img decoding=\"async\" width=\"350\" height=\"350\" src=\"https:\/\/www.lesvelosdelabaie.bzh\/wp-content\/uploads\/2026\/02\/14-La-sentinelle-oratoire-Port-Blanc-1-350x350.jpg\" class=\"attachment-woocommerce_thumbnail size-woocommerce_thumbnail\" alt=\"\" aria-describedby=\"gallery-1-2441\" srcset=\"https:\/\/www.lesvelosdelabaie.bzh\/wp-content\/uploads\/2026\/02\/14-La-sentinelle-oratoire-Port-Blanc-1-350x350.jpg 350w, https:\/\/www.lesvelosdelabaie.bzh\/wp-content\/uploads\/2026\/02\/14-La-sentinelle-oratoire-Port-Blanc-1-150x150.jpg 150w, https:\/\/www.lesvelosdelabaie.bzh\/wp-content\/uploads\/2026\/02\/14-La-sentinelle-oratoire-Port-Blanc-1-100x100.jpg 100w\" sizes=\"(max-width: 350px) 100vw, 350px\" \/><\/a>\n\t\t\t<\/div>\n\t\t\t\t<figcaption class='wp-caption-text gallery-caption' id='gallery-1-2441'>\n\t\t\t\tLa Sentinelle (oratoire), Port-Blanc, Penv\u00e9nan\n\t\t\t\t<\/figcaption><\/figure><figure class='gallery-item'>\n\t\t\t<div class='gallery-icon portrait'>\n\t\t\t\t<a data-elementor-open-lightbox=\"yes\" data-elementor-lightbox-slideshow=\"d802d17\" data-elementor-lightbox-title=\"8 Port Le Goff\" data-e-action-hash=\"#elementor-action%3Aaction%3Dlightbox%26settings%3DeyJpZCI6MjQzNSwidXJsIjoiaHR0cHM6XC9cL3d3dy5sZXN2ZWxvc2RlbGFiYWllLmJ6aFwvd3AtY29udGVudFwvdXBsb2Fkc1wvMjAyNlwvMDJcLzgtUG9ydC1MZS1Hb2ZmLTEtc2NhbGVkLmpwZyIsInNsaWRlc2hvdyI6ImQ4MDJkMTcifQ%3D%3D\" href='https:\/\/www.lesvelosdelabaie.bzh\/wp-content\/uploads\/2026\/02\/8-Port-Le-Goff-1-scaled.jpg'><img loading=\"lazy\" decoding=\"async\" width=\"350\" height=\"350\" src=\"https:\/\/www.lesvelosdelabaie.bzh\/wp-content\/uploads\/2026\/02\/8-Port-Le-Goff-1-350x350.jpg\" class=\"attachment-woocommerce_thumbnail size-woocommerce_thumbnail\" alt=\"\" aria-describedby=\"gallery-1-2435\" srcset=\"https:\/\/www.lesvelosdelabaie.bzh\/wp-content\/uploads\/2026\/02\/8-Port-Le-Goff-1-350x350.jpg 350w, https:\/\/www.lesvelosdelabaie.bzh\/wp-content\/uploads\/2026\/02\/8-Port-Le-Goff-1-150x150.jpg 150w, https:\/\/www.lesvelosdelabaie.bzh\/wp-content\/uploads\/2026\/02\/8-Port-Le-Goff-1-100x100.jpg 100w\" sizes=\"(max-width: 350px) 100vw, 350px\" \/><\/a>\n\t\t\t<\/div>\n\t\t\t\t<figcaption class='wp-caption-text gallery-caption' id='gallery-1-2435'>\n\t\t\t\tPort L\u00e9pine\n\t\t\t\t<\/figcaption><\/figure><figure class='gallery-item'>\n\t\t\t<div class='gallery-icon landscape'>\n\t\t\t\t<a data-elementor-open-lightbox=\"yes\" data-elementor-lightbox-slideshow=\"d802d17\" data-elementor-lightbox-title=\"7 chapelle St Adrien Tr\u00e9l\u00e9vern\" data-e-action-hash=\"#elementor-action%3Aaction%3Dlightbox%26settings%3DeyJpZCI6MjQzNCwidXJsIjoiaHR0cHM6XC9cL3d3dy5sZXN2ZWxvc2RlbGFiYWllLmJ6aFwvd3AtY29udGVudFwvdXBsb2Fkc1wvMjAyNlwvMDJcLzctY2hhcGVsbGUtU3QtQWRyaWVuLVRyZWxldmVybi0xLTEtc2NhbGVkLmpwZyIsInNsaWRlc2hvdyI6ImQ4MDJkMTcifQ%3D%3D\" href='https:\/\/www.lesvelosdelabaie.bzh\/wp-content\/uploads\/2026\/02\/7-chapelle-St-Adrien-Trelevern-1-1-scaled.jpg'><img loading=\"lazy\" decoding=\"async\" width=\"350\" height=\"350\" src=\"https:\/\/www.lesvelosdelabaie.bzh\/wp-content\/uploads\/2026\/02\/7-chapelle-St-Adrien-Trelevern-1-1-350x350.jpg\" class=\"attachment-woocommerce_thumbnail size-woocommerce_thumbnail\" alt=\"\" srcset=\"https:\/\/www.lesvelosdelabaie.bzh\/wp-content\/uploads\/2026\/02\/7-chapelle-St-Adrien-Trelevern-1-1-350x350.jpg 350w, https:\/\/www.lesvelosdelabaie.bzh\/wp-content\/uploads\/2026\/02\/7-chapelle-St-Adrien-Trelevern-1-1-150x150.jpg 150w, https:\/\/www.lesvelosdelabaie.bzh\/wp-content\/uploads\/2026\/02\/7-chapelle-St-Adrien-Trelevern-1-1-100x100.jpg 100w\" sizes=\"(max-width: 350px) 100vw, 350px\" \/><\/a>\n\t\t\t<\/div><\/figure><figure class='gallery-item'>\n\t\t\t<div class='gallery-icon landscape'>\n\t\t\t\t<a data-elementor-open-lightbox=\"yes\" data-elementor-lightbox-slideshow=\"d802d17\" data-elementor-lightbox-title=\"15 Port-Blanc\" data-e-action-hash=\"#elementor-action%3Aaction%3Dlightbox%26settings%3DeyJpZCI6MjQ0MiwidXJsIjoiaHR0cHM6XC9cL3d3dy5sZXN2ZWxvc2RlbGFiYWllLmJ6aFwvd3AtY29udGVudFwvdXBsb2Fkc1wvMjAyNlwvMDJcLzE1LVBvcnQtQmxhbmMtMi5qcGVnIiwic2xpZGVzaG93IjoiZDgwMmQxNyJ9\" href='https:\/\/www.lesvelosdelabaie.bzh\/wp-content\/uploads\/2026\/02\/15-Port-Blanc-2.jpeg'><img loading=\"lazy\" decoding=\"async\" width=\"350\" height=\"350\" src=\"https:\/\/www.lesvelosdelabaie.bzh\/wp-content\/uploads\/2026\/02\/15-Port-Blanc-2-350x350.jpeg\" class=\"attachment-woocommerce_thumbnail size-woocommerce_thumbnail\" alt=\"\" srcset=\"https:\/\/www.lesvelosdelabaie.bzh\/wp-content\/uploads\/2026\/02\/15-Port-Blanc-2-350x350.jpeg 350w, https:\/\/www.lesvelosdelabaie.bzh\/wp-content\/uploads\/2026\/02\/15-Port-Blanc-2-150x150.jpeg 150w, https:\/\/www.lesvelosdelabaie.bzh\/wp-content\/uploads\/2026\/02\/15-Port-Blanc-2-100x100.jpeg 100w\" sizes=\"(max-width: 350px) 100vw, 350px\" \/><\/a>\n\t\t\t<\/div><\/figure><figure class='gallery-item'>\n\t\t\t<div class='gallery-icon portrait'>\n\t\t\t\t<a data-elementor-open-lightbox=\"yes\" data-elementor-lightbox-slideshow=\"d802d17\" data-elementor-lightbox-title=\"9 port le goff\" data-e-action-hash=\"#elementor-action%3Aaction%3Dlightbox%26settings%3DeyJpZCI6MjQzNiwidXJsIjoiaHR0cHM6XC9cL3d3dy5sZXN2ZWxvc2RlbGFiYWllLmJ6aFwvd3AtY29udGVudFwvdXBsb2Fkc1wvMjAyNlwvMDJcLzktcG9ydC1sZS1nb2ZmLTEtc2NhbGVkLmpwZyIsInNsaWRlc2hvdyI6ImQ4MDJkMTcifQ%3D%3D\" href='https:\/\/www.lesvelosdelabaie.bzh\/wp-content\/uploads\/2026\/02\/9-port-le-goff-1-scaled.jpg'><img loading=\"lazy\" decoding=\"async\" width=\"350\" height=\"350\" src=\"https:\/\/www.lesvelosdelabaie.bzh\/wp-content\/uploads\/2026\/02\/9-port-le-goff-1-350x350.jpg\" class=\"attachment-woocommerce_thumbnail size-woocommerce_thumbnail\" alt=\"\" srcset=\"https:\/\/www.lesvelosdelabaie.bzh\/wp-content\/uploads\/2026\/02\/9-port-le-goff-1-350x350.jpg 350w, https:\/\/www.lesvelosdelabaie.bzh\/wp-content\/uploads\/2026\/02\/9-port-le-goff-1-150x150.jpg 150w, https:\/\/www.lesvelosdelabaie.bzh\/wp-content\/uploads\/2026\/02\/9-port-le-goff-1-100x100.jpg 100w\" sizes=\"(max-width: 350px) 100vw, 350px\" \/><\/a>\n\t\t\t<\/div><\/figure><figure class='gallery-item'>\n\t\t\t<div class='gallery-icon portrait'>\n\t\t\t\t<a data-elementor-open-lightbox=\"yes\" data-elementor-lightbox-slideshow=\"d802d17\" data-elementor-lightbox-title=\"18 pause d\u00e9gustation Trestel\" data-e-action-hash=\"#elementor-action%3Aaction%3Dlightbox%26settings%3DeyJpZCI6MjQ0NSwidXJsIjoiaHR0cHM6XC9cL3d3dy5sZXN2ZWxvc2RlbGFiYWllLmJ6aFwvd3AtY29udGVudFwvdXBsb2Fkc1wvMjAyNlwvMDJcLzE4LXBhdXNlLWRlZ3VzdGF0aW9uLVRyZXN0ZWwtMS5qcGciLCJzbGlkZXNob3ciOiJkODAyZDE3In0%3D\" href='https:\/\/www.lesvelosdelabaie.bzh\/wp-content\/uploads\/2026\/02\/18-pause-degustation-Trestel-1.jpg'><img loading=\"lazy\" decoding=\"async\" width=\"350\" height=\"350\" src=\"https:\/\/www.lesvelosdelabaie.bzh\/wp-content\/uploads\/2026\/02\/18-pause-degustation-Trestel-1-350x350.jpg\" class=\"attachment-woocommerce_thumbnail size-woocommerce_thumbnail\" alt=\"\" srcset=\"https:\/\/www.lesvelosdelabaie.bzh\/wp-content\/uploads\/2026\/02\/18-pause-degustation-Trestel-1-350x350.jpg 350w, https:\/\/www.lesvelosdelabaie.bzh\/wp-content\/uploads\/2026\/02\/18-pause-degustation-Trestel-1-150x150.jpg 150w, https:\/\/www.lesvelosdelabaie.bzh\/wp-content\/uploads\/2026\/02\/18-pause-degustation-Trestel-1-100x100.jpg 100w\" sizes=\"(max-width: 350px) 100vw, 350px\" \/><\/a>\n\t\t\t<\/div><\/figure><figure class='gallery-item'>\n\t\t\t<div class='gallery-icon landscape'>\n\t\t\t\t<a data-elementor-open-lightbox=\"yes\" data-elementor-lightbox-slideshow=\"d802d17\" data-elementor-lightbox-title=\"smart\" data-e-action-hash=\"#elementor-action%3Aaction%3Dlightbox%26settings%3DeyJpZCI6MjQyOSwidXJsIjoiaHR0cHM6XC9cL3d3dy5sZXN2ZWxvc2RlbGFiYWllLmJ6aFwvd3AtY29udGVudFwvdXBsb2Fkc1wvMjAyNlwvMDJcLzItVHJlc3RlbC0xLXNjYWxlZC5qcGciLCJzbGlkZXNob3ciOiJkODAyZDE3In0%3D\" href='https:\/\/www.lesvelosdelabaie.bzh\/wp-content\/uploads\/2026\/02\/2-Trestel-1-scaled.jpg'><img loading=\"lazy\" decoding=\"async\" width=\"350\" height=\"350\" src=\"https:\/\/www.lesvelosdelabaie.bzh\/wp-content\/uploads\/2026\/02\/2-Trestel-1-350x350.jpg\" class=\"attachment-woocommerce_thumbnail size-woocommerce_thumbnail\" alt=\"\" aria-describedby=\"gallery-1-2429\" srcset=\"https:\/\/www.lesvelosdelabaie.bzh\/wp-content\/uploads\/2026\/02\/2-Trestel-1-350x350.jpg 350w, https:\/\/www.lesvelosdelabaie.bzh\/wp-content\/uploads\/2026\/02\/2-Trestel-1-300x300.jpg 300w, https:\/\/www.lesvelosdelabaie.bzh\/wp-content\/uploads\/2026\/02\/2-Trestel-1-1024x1024.jpg 1024w, https:\/\/www.lesvelosdelabaie.bzh\/wp-content\/uploads\/2026\/02\/2-Trestel-1-150x150.jpg 150w, https:\/\/www.lesvelosdelabaie.bzh\/wp-content\/uploads\/2026\/02\/2-Trestel-1-768x768.jpg 768w, https:\/\/www.lesvelosdelabaie.bzh\/wp-content\/uploads\/2026\/02\/2-Trestel-1-1536x1536.jpg 1536w, https:\/\/www.lesvelosdelabaie.bzh\/wp-content\/uploads\/2026\/02\/2-Trestel-1-2048x2048.jpg 2048w, https:\/\/www.lesvelosdelabaie.bzh\/wp-content\/uploads\/2026\/02\/2-Trestel-1-530x530.jpg 530w, https:\/\/www.lesvelosdelabaie.bzh\/wp-content\/uploads\/2026\/02\/2-Trestel-1-100x100.jpg 100w\" sizes=\"(max-width: 350px) 100vw, 350px\" \/><\/a>\n\t\t\t<\/div>\n\t\t\t\t<figcaption class='wp-caption-text gallery-caption' id='gallery-1-2429'>\n\t\t\t\tsmart\n\t\t\t\t<\/figcaption><\/figure><figure class='gallery-item'>\n\t\t\t<div class='gallery-icon landscape'>\n\t\t\t\t<a data-elementor-open-lightbox=\"yes\" data-elementor-lightbox-slideshow=\"d802d17\" data-elementor-lightbox-title=\"smart\" data-e-action-hash=\"#elementor-action%3Aaction%3Dlightbox%26settings%3DeyJpZCI6MjQyOCwidXJsIjoiaHR0cHM6XC9cL3d3dy5sZXN2ZWxvc2RlbGFiYWllLmJ6aFwvd3AtY29udGVudFwvdXBsb2Fkc1wvMjAyNlwvMDJcLzEtcGxhZ2UtVHJlc3RlbC0xLXNjYWxlZC5qcGciLCJzbGlkZXNob3ciOiJkODAyZDE3In0%3D\" href='https:\/\/www.lesvelosdelabaie.bzh\/wp-content\/uploads\/2026\/02\/1-plage-Trestel-1-scaled.jpg'><img loading=\"lazy\" decoding=\"async\" width=\"350\" height=\"350\" src=\"https:\/\/www.lesvelosdelabaie.bzh\/wp-content\/uploads\/2026\/02\/1-plage-Trestel-1-350x350.jpg\" class=\"attachment-woocommerce_thumbnail size-woocommerce_thumbnail\" alt=\"\" aria-describedby=\"gallery-1-2428\" srcset=\"https:\/\/www.lesvelosdelabaie.bzh\/wp-content\/uploads\/2026\/02\/1-plage-Trestel-1-350x350.jpg 350w, https:\/\/www.lesvelosdelabaie.bzh\/wp-content\/uploads\/2026\/02\/1-plage-Trestel-1-300x300.jpg 300w, https:\/\/www.lesvelosdelabaie.bzh\/wp-content\/uploads\/2026\/02\/1-plage-Trestel-1-1024x1024.jpg 1024w, https:\/\/www.lesvelosdelabaie.bzh\/wp-content\/uploads\/2026\/02\/1-plage-Trestel-1-150x150.jpg 150w, https:\/\/www.lesvelosdelabaie.bzh\/wp-content\/uploads\/2026\/02\/1-plage-Trestel-1-768x768.jpg 768w, https:\/\/www.lesvelosdelabaie.bzh\/wp-content\/uploads\/2026\/02\/1-plage-Trestel-1-1536x1536.jpg 1536w, https:\/\/www.lesvelosdelabaie.bzh\/wp-content\/uploads\/2026\/02\/1-plage-Trestel-1-2048x2048.jpg 2048w, https:\/\/www.lesvelosdelabaie.bzh\/wp-content\/uploads\/2026\/02\/1-plage-Trestel-1-530x530.jpg 530w, https:\/\/www.lesvelosdelabaie.bzh\/wp-content\/uploads\/2026\/02\/1-plage-Trestel-1-100x100.jpg 100w\" sizes=\"(max-width: 350px) 100vw, 350px\" \/><\/a>\n\t\t\t<\/div>\n\t\t\t\t<figcaption class='wp-caption-text gallery-caption' id='gallery-1-2428'>\n\t\t\t\tsmart\n\t\t\t\t<\/figcaption><\/figure><figure class='gallery-item'>\n\t\t\t<div class='gallery-icon landscape'>\n\t\t\t\t<a data-elementor-open-lightbox=\"yes\" data-elementor-lightbox-slideshow=\"d802d17\" data-elementor-lightbox-title=\"5 Panorama Port l_\u00e9pine face aux sept iles\" data-e-action-hash=\"#elementor-action%3Aaction%3Dlightbox%26settings%3DeyJpZCI6MjQzMiwidXJsIjoiaHR0cHM6XC9cL3d3dy5sZXN2ZWxvc2RlbGFiYWllLmJ6aFwvd3AtY29udGVudFwvdXBsb2Fkc1wvMjAyNlwvMDJcLzUtUGFub3JhbWEtUG9ydC1sX2VwaW5lLWZhY2UtYXV4LXNlcHQtaWxlcy0xLmpwZyIsInNsaWRlc2hvdyI6ImQ4MDJkMTcifQ%3D%3D\" href='https:\/\/www.lesvelosdelabaie.bzh\/wp-content\/uploads\/2026\/02\/5-Panorama-Port-l_epine-face-aux-sept-iles-1.jpg'><img loading=\"lazy\" decoding=\"async\" width=\"350\" height=\"350\" src=\"https:\/\/www.lesvelosdelabaie.bzh\/wp-content\/uploads\/2026\/02\/5-Panorama-Port-l_epine-face-aux-sept-iles-1-350x350.jpg\" class=\"attachment-woocommerce_thumbnail size-woocommerce_thumbnail\" alt=\"\" aria-describedby=\"gallery-1-2432\" srcset=\"https:\/\/www.lesvelosdelabaie.bzh\/wp-content\/uploads\/2026\/02\/5-Panorama-Port-l_epine-face-aux-sept-iles-1-350x350.jpg 350w, https:\/\/www.lesvelosdelabaie.bzh\/wp-content\/uploads\/2026\/02\/5-Panorama-Port-l_epine-face-aux-sept-iles-1-150x150.jpg 150w, https:\/\/www.lesvelosdelabaie.bzh\/wp-content\/uploads\/2026\/02\/5-Panorama-Port-l_epine-face-aux-sept-iles-1-100x100.jpg 100w\" sizes=\"(max-width: 350px) 100vw, 350px\" \/><\/a>\n\t\t\t<\/div>\n\t\t\t\t<figcaption class='wp-caption-text gallery-caption' id='gallery-1-2432'>\n\t\t\t\tPanorama Port L\u00e9pine Vue sur les sept iles\n\t\t\t\t<\/figcaption><\/figure><figure class='gallery-item'>\n\t\t\t<div class='gallery-icon portrait'>\n\t\t\t\t<a data-elementor-open-lightbox=\"yes\" data-elementor-lightbox-slideshow=\"d802d17\" data-elementor-lightbox-title=\"12 Chapelle-Notre-Dame-Port-Blanc\" data-e-action-hash=\"#elementor-action%3Aaction%3Dlightbox%26settings%3DeyJpZCI6MjQzOSwidXJsIjoiaHR0cHM6XC9cL3d3dy5sZXN2ZWxvc2RlbGFiYWllLmJ6aFwvd3AtY29udGVudFwvdXBsb2Fkc1wvMjAyNlwvMDJcLzEyLUNoYXBlbGxlLU5vdHJlLURhbWUtUG9ydC1CbGFuYy0xLmpwZWciLCJzbGlkZXNob3ciOiJkODAyZDE3In0%3D\" href='https:\/\/www.lesvelosdelabaie.bzh\/wp-content\/uploads\/2026\/02\/12-Chapelle-Notre-Dame-Port-Blanc-1.jpeg'><img loading=\"lazy\" decoding=\"async\" width=\"350\" height=\"350\" src=\"https:\/\/www.lesvelosdelabaie.bzh\/wp-content\/uploads\/2026\/02\/12-Chapelle-Notre-Dame-Port-Blanc-1-350x350.jpeg\" class=\"attachment-woocommerce_thumbnail size-woocommerce_thumbnail\" alt=\"\" srcset=\"https:\/\/www.lesvelosdelabaie.bzh\/wp-content\/uploads\/2026\/02\/12-Chapelle-Notre-Dame-Port-Blanc-1-350x350.jpeg 350w, https:\/\/www.lesvelosdelabaie.bzh\/wp-content\/uploads\/2026\/02\/12-Chapelle-Notre-Dame-Port-Blanc-1-150x150.jpeg 150w, https:\/\/www.lesvelosdelabaie.bzh\/wp-content\/uploads\/2026\/02\/12-Chapelle-Notre-Dame-Port-Blanc-1-100x100.jpeg 100w\" sizes=\"(max-width: 350px) 100vw, 350px\" \/><\/a>\n\t\t\t<\/div><\/figure><figure class='gallery-item'>\n\t\t\t<div class='gallery-icon portrait'>\n\t\t\t\t<a data-elementor-open-lightbox=\"yes\" data-elementor-lightbox-slideshow=\"d802d17\" data-elementor-lightbox-title=\"3 batterie c\u00f4ti\u00e8re Port l_\u00e9pine avec vue sur l_ile Tom\u00e9 et les 7 iles\" data-e-action-hash=\"#elementor-action%3Aaction%3Dlightbox%26settings%3DeyJpZCI6MjQzMCwidXJsIjoiaHR0cHM6XC9cL3d3dy5sZXN2ZWxvc2RlbGFiYWllLmJ6aFwvd3AtY29udGVudFwvdXBsb2Fkc1wvMjAyNlwvMDJcLzMtYmF0dGVyaWUtY290aWVyZS1Qb3J0LWxfZXBpbmUtYXZlYy12dWUtc3VyLWxfaWxlLVRvbWUtZXQtbGVzLTctaWxlcy0xLTEtc2NhbGVkLmpwZyIsInNsaWRlc2hvdyI6ImQ4MDJkMTcifQ%3D%3D\" href='https:\/\/www.lesvelosdelabaie.bzh\/wp-content\/uploads\/2026\/02\/3-batterie-cotiere-Port-l_epine-avec-vue-sur-l_ile-Tome-et-les-7-iles-1-1-scaled.jpg'><img loading=\"lazy\" decoding=\"async\" width=\"350\" height=\"350\" src=\"https:\/\/www.lesvelosdelabaie.bzh\/wp-content\/uploads\/2026\/02\/3-batterie-cotiere-Port-l_epine-avec-vue-sur-l_ile-Tome-et-les-7-iles-1-1-350x350.jpg\" class=\"attachment-woocommerce_thumbnail size-woocommerce_thumbnail\" alt=\"\" aria-describedby=\"gallery-1-2430\" srcset=\"https:\/\/www.lesvelosdelabaie.bzh\/wp-content\/uploads\/2026\/02\/3-batterie-cotiere-Port-l_epine-avec-vue-sur-l_ile-Tome-et-les-7-iles-1-1-350x350.jpg 350w, https:\/\/www.lesvelosdelabaie.bzh\/wp-content\/uploads\/2026\/02\/3-batterie-cotiere-Port-l_epine-avec-vue-sur-l_ile-Tome-et-les-7-iles-1-1-150x150.jpg 150w, https:\/\/www.lesvelosdelabaie.bzh\/wp-content\/uploads\/2026\/02\/3-batterie-cotiere-Port-l_epine-avec-vue-sur-l_ile-Tome-et-les-7-iles-1-1-100x100.jpg 100w\" sizes=\"(max-width: 350px) 100vw, 350px\" \/><\/a>\n\t\t\t<\/div>\n\t\t\t\t<figcaption class='wp-caption-text gallery-caption' id='gallery-1-2430'>\n\t\t\t\tK\u00fcstenbatterie Port L\u00e9pine Blick auf die Insel Tom\u00e9 (Link zur Wanderung ENTLANG DER H\u00c4FEN)\n\t\t\t\t<\/figcaption><\/figure><figure class='gallery-item'>\n\t\t\t<div class='gallery-icon portrait'>\n\t\t\t\t<a data-elementor-open-lightbox=\"yes\" data-elementor-lightbox-slideshow=\"d802d17\" data-elementor-lightbox-title=\"10 vue sur trestel\" data-e-action-hash=\"#elementor-action%3Aaction%3Dlightbox%26settings%3DeyJpZCI6MjQzNywidXJsIjoiaHR0cHM6XC9cL3d3dy5sZXN2ZWxvc2RlbGFiYWllLmJ6aFwvd3AtY29udGVudFwvdXBsb2Fkc1wvMjAyNlwvMDJcLzEwLXZ1ZS1zdXItdHJlc3RlbC0yLmpwZyIsInNsaWRlc2hvdyI6ImQ4MDJkMTcifQ%3D%3D\" href='https:\/\/www.lesvelosdelabaie.bzh\/wp-content\/uploads\/2026\/02\/10-vue-sur-trestel-2.jpg'><img loading=\"lazy\" decoding=\"async\" width=\"350\" height=\"350\" src=\"https:\/\/www.lesvelosdelabaie.bzh\/wp-content\/uploads\/2026\/02\/10-vue-sur-trestel-2-350x350.jpg\" class=\"attachment-woocommerce_thumbnail size-woocommerce_thumbnail\" alt=\"\" srcset=\"https:\/\/www.lesvelosdelabaie.bzh\/wp-content\/uploads\/2026\/02\/10-vue-sur-trestel-2-350x350.jpg 350w, https:\/\/www.lesvelosdelabaie.bzh\/wp-content\/uploads\/2026\/02\/10-vue-sur-trestel-2-150x150.jpg 150w, https:\/\/www.lesvelosdelabaie.bzh\/wp-content\/uploads\/2026\/02\/10-vue-sur-trestel-2-100x100.jpg 100w\" sizes=\"(max-width: 350px) 100vw, 350px\" \/><\/a>\n\t\t\t<\/div><\/figure><figure class='gallery-item'>\n\t\t\t<div class='gallery-icon portrait'>\n\t\t\t\t<a data-elementor-open-lightbox=\"yes\" data-elementor-lightbox-slideshow=\"d802d17\" data-elementor-lightbox-title=\"11 chapelle notre dame port-blanc\" data-e-action-hash=\"#elementor-action%3Aaction%3Dlightbox%26settings%3DeyJpZCI6MjQzOCwidXJsIjoiaHR0cHM6XC9cL3d3dy5sZXN2ZWxvc2RlbGFiYWllLmJ6aFwvd3AtY29udGVudFwvdXBsb2Fkc1wvMjAyNlwvMDJcLzExLWNoYXBlbGxlLW5vdHJlLWRhbWUtcG9ydC1ibGFuYy0xLmpwZyIsInNsaWRlc2hvdyI6ImQ4MDJkMTcifQ%3D%3D\" href='https:\/\/www.lesvelosdelabaie.bzh\/wp-content\/uploads\/2026\/02\/11-chapelle-notre-dame-port-blanc-1.jpg'><img loading=\"lazy\" decoding=\"async\" width=\"350\" height=\"350\" src=\"https:\/\/www.lesvelosdelabaie.bzh\/wp-content\/uploads\/2026\/02\/11-chapelle-notre-dame-port-blanc-1-350x350.jpg\" class=\"attachment-woocommerce_thumbnail size-woocommerce_thumbnail\" alt=\"\" aria-describedby=\"gallery-1-2438\" srcset=\"https:\/\/www.lesvelosdelabaie.bzh\/wp-content\/uploads\/2026\/02\/11-chapelle-notre-dame-port-blanc-1-350x350.jpg 350w, https:\/\/www.lesvelosdelabaie.bzh\/wp-content\/uploads\/2026\/02\/11-chapelle-notre-dame-port-blanc-1-150x150.jpg 150w, https:\/\/www.lesvelosdelabaie.bzh\/wp-content\/uploads\/2026\/02\/11-chapelle-notre-dame-port-blanc-1-100x100.jpg 100w\" sizes=\"(max-width: 350px) 100vw, 350px\" \/><\/a>\n\t\t\t<\/div>\n\t\t\t\t<figcaption class='wp-caption-text gallery-caption' id='gallery-1-2438'>\n\t\t\t\tChapelle Notre-Dame de Port-Blanc\n\t\t\t\t<\/figcaption><\/figure><figure class='gallery-item'>\n\t\t\t<div class='gallery-icon portrait'>\n\t\t\t\t<a data-elementor-open-lightbox=\"yes\" data-elementor-lightbox-slideshow=\"d802d17\" data-elementor-lightbox-title=\"16 vue St gildas-port-blanc\" data-e-action-hash=\"#elementor-action%3Aaction%3Dlightbox%26settings%3DeyJpZCI6MjQ0MywidXJsIjoiaHR0cHM6XC9cL3d3dy5sZXN2ZWxvc2RlbGFiYWllLmJ6aFwvd3AtY29udGVudFwvdXBsb2Fkc1wvMjAyNlwvMDJcLzE2LXZ1ZS1TdC1naWxkYXMtcG9ydC1ibGFuYy0xLmpwZyIsInNsaWRlc2hvdyI6ImQ4MDJkMTcifQ%3D%3D\" href='https:\/\/www.lesvelosdelabaie.bzh\/wp-content\/uploads\/2026\/02\/16-vue-St-gildas-port-blanc-1.jpg'><img loading=\"lazy\" decoding=\"async\" width=\"350\" height=\"350\" src=\"https:\/\/www.lesvelosdelabaie.bzh\/wp-content\/uploads\/2026\/02\/16-vue-St-gildas-port-blanc-1-350x350.jpg\" class=\"attachment-woocommerce_thumbnail size-woocommerce_thumbnail\" alt=\"\" srcset=\"https:\/\/www.lesvelosdelabaie.bzh\/wp-content\/uploads\/2026\/02\/16-vue-St-gildas-port-blanc-1-350x350.jpg 350w, https:\/\/www.lesvelosdelabaie.bzh\/wp-content\/uploads\/2026\/02\/16-vue-St-gildas-port-blanc-1-150x150.jpg 150w, https:\/\/www.lesvelosdelabaie.bzh\/wp-content\/uploads\/2026\/02\/16-vue-St-gildas-port-blanc-1-100x100.jpg 100w\" sizes=\"(max-width: 350px) 100vw, 350px\" \/><\/a>\n\t\t\t<\/div><\/figure><figure class='gallery-item'>\n\t\t\t<div class='gallery-icon landscape'>\n\t\t\t\t<a data-elementor-open-lightbox=\"yes\" data-elementor-lightbox-slideshow=\"d802d17\" data-elementor-lightbox-title=\"6 tour de Port l_\u00e9pine\" data-e-action-hash=\"#elementor-action%3Aaction%3Dlightbox%26settings%3DeyJpZCI6MjQzMywidXJsIjoiaHR0cHM6XC9cL3d3dy5sZXN2ZWxvc2RlbGFiYWllLmJ6aFwvd3AtY29udGVudFwvdXBsb2Fkc1wvMjAyNlwvMDJcLzYtdG91ci1kZS1Qb3J0LWxfZXBpbmUtMS5qcGciLCJzbGlkZXNob3ciOiJkODAyZDE3In0%3D\" href='https:\/\/www.lesvelosdelabaie.bzh\/wp-content\/uploads\/2026\/02\/6-tour-de-Port-l_epine-1.jpg'><img loading=\"lazy\" decoding=\"async\" width=\"350\" height=\"350\" src=\"https:\/\/www.lesvelosdelabaie.bzh\/wp-content\/uploads\/2026\/02\/6-tour-de-Port-l_epine-1-350x350.jpg\" class=\"attachment-woocommerce_thumbnail size-woocommerce_thumbnail\" alt=\"\" aria-describedby=\"gallery-1-2433\" srcset=\"https:\/\/www.lesvelosdelabaie.bzh\/wp-content\/uploads\/2026\/02\/6-tour-de-Port-l_epine-1-350x350.jpg 350w, https:\/\/www.lesvelosdelabaie.bzh\/wp-content\/uploads\/2026\/02\/6-tour-de-Port-l_epine-1-150x150.jpg 150w, https:\/\/www.lesvelosdelabaie.bzh\/wp-content\/uploads\/2026\/02\/6-tour-de-Port-l_epine-1-100x100.jpg 100w\" sizes=\"(max-width: 350px) 100vw, 350px\" \/><\/a>\n\t\t\t<\/div>\n\t\t\t\t<figcaption class='wp-caption-text gallery-caption' id='gallery-1-2433'>\n\t\t\t\tPort L\u00e9pine\n\t\t\t\t<\/figcaption><\/figure><figure class='gallery-item'>\n\t\t\t<div class='gallery-icon portrait'>\n\t\t\t\t<a data-elementor-open-lightbox=\"yes\" data-elementor-lightbox-slideshow=\"d802d17\" data-elementor-lightbox-title=\"17 Port Blanc\" data-e-action-hash=\"#elementor-action%3Aaction%3Dlightbox%26settings%3DeyJpZCI6MjQ0NCwidXJsIjoiaHR0cHM6XC9cL3d3dy5sZXN2ZWxvc2RlbGFiYWllLmJ6aFwvd3AtY29udGVudFwvdXBsb2Fkc1wvMjAyNlwvMDJcLzE3LVBvcnQtQmxhbmMtMS5qcGVnIiwic2xpZGVzaG93IjoiZDgwMmQxNyJ9\" href='https:\/\/www.lesvelosdelabaie.bzh\/wp-content\/uploads\/2026\/02\/17-Port-Blanc-1.jpeg'><img loading=\"lazy\" decoding=\"async\" width=\"350\" height=\"350\" src=\"https:\/\/www.lesvelosdelabaie.bzh\/wp-content\/uploads\/2026\/02\/17-Port-Blanc-1-350x350.jpeg\" class=\"attachment-woocommerce_thumbnail size-woocommerce_thumbnail\" alt=\"\" srcset=\"https:\/\/www.lesvelosdelabaie.bzh\/wp-content\/uploads\/2026\/02\/17-Port-Blanc-1-350x350.jpeg 350w, https:\/\/www.lesvelosdelabaie.bzh\/wp-content\/uploads\/2026\/02\/17-Port-Blanc-1-150x150.jpeg 150w, https:\/\/www.lesvelosdelabaie.bzh\/wp-content\/uploads\/2026\/02\/17-Port-Blanc-1-100x100.jpeg 100w\" sizes=\"(max-width: 350px) 100vw, 350px\" \/><\/a>\n\t\t\t<\/div><\/figure>\n\t\t<\/div>\n\t\t<\/div>\n\t\t\t\t\t\t<\/div>\n\t\t\t\t<\/div>\n\t\t\t\t\t<\/div>\n\t\t<\/div>\n\t\t\t\t\t<\/div>\n\t\t<\/section>\n\t\t\t\t<\/div>\n\t\t","protected":false},"excerpt":{"rendered":"<p>Mit dem E-Bike. Von 4 bis 15 Personen 50 \u20ac Erwachsene &#8211; 42 \u20ac Jugendliche Zug\u00e4nglich ab 12 Jahren (Mindestgr\u00f6\u00dfe: 1,50 m) Dauer ca. 2,5 Stunden Anmelden Start am Parkplatz gegen\u00fcber dem gro\u00dfen Strand von Trestel (auf der Seite des Sumpfes) Begeben Sie sich auf eine Nachmittagsfahrt mit dem E-Bike und entdecken Sie die kleinen <\/p>\n","protected":false},"author":2,"featured_media":0,"parent":0,"menu_order":0,"comment_status":"closed","ping_status":"closed","template":"","meta":{"_acf_changed":false,"_seopress_robots_primary_cat":"","_seopress_titles_title":"TOUR ENTLANG DER H\u00c4FEN","_seopress_titles_desc":"","_seopress_robots_index":"","pgc_sgb_lightbox_settings":"","footnotes":""},"class_list":["post-2367","page","type-page","status-publish","hentry"],"acf":[],"_links":{"self":[{"href":"https:\/\/www.lesvelosdelabaie.bzh\/de\/wp-json\/wp\/v2\/pages\/2367","targetHints":{"allow":["GET"]}}],"collection":[{"href":"https:\/\/www.lesvelosdelabaie.bzh\/de\/wp-json\/wp\/v2\/pages"}],"about":[{"href":"https:\/\/www.lesvelosdelabaie.bzh\/de\/wp-json\/wp\/v2\/types\/page"}],"author":[{"embeddable":true,"href":"https:\/\/www.lesvelosdelabaie.bzh\/de\/wp-json\/wp\/v2\/users\/2"}],"replies":[{"embeddable":true,"href":"https:\/\/www.lesvelosdelabaie.bzh\/de\/wp-json\/wp\/v2\/comments?post=2367"}],"version-history":[{"count":13,"href":"https:\/\/www.lesvelosdelabaie.bzh\/de\/wp-json\/wp\/v2\/pages\/2367\/revisions"}],"predecessor-version":[{"id":3354,"href":"https:\/\/www.lesvelosdelabaie.bzh\/de\/wp-json\/wp\/v2\/pages\/2367\/revisions\/3354"}],"wp:attachment":[{"href":"https:\/\/www.lesvelosdelabaie.bzh\/de\/wp-json\/wp\/v2\/media?parent=2367"}],"curies":[{"name":"wp","href":"https:\/\/api.w.org\/{rel}","templated":true}]}}