{"id":2364,"date":"2026-02-14T10:08:48","date_gmt":"2026-02-14T10:08:48","guid":{"rendered":"https:\/\/www.lesvelosdelabaie.bzh\/balades-a-la-demande\/"},"modified":"2026-03-21T08:38:50","modified_gmt":"2026-03-21T08:38:50","slug":"balades-a-la-demande","status":"publish","type":"page","link":"https:\/\/www.lesvelosdelabaie.bzh\/de\/balades-a-la-demande\/","title":{"rendered":"Radtouren auf Anfrage"},"content":{"rendered":"\t\t<div data-elementor-type=\"wp-page\" data-elementor-id=\"2364\" class=\"elementor elementor-2364 elementor-2025\">\n\t\t\t\t\t\t<section class=\"elementor-section elementor-top-section elementor-element elementor-element-0015d7c elementor-section-boxed elementor-section-height-default elementor-section-height-default\" data-id=\"0015d7c\" data-element_type=\"section\" data-e-type=\"section\">\n\t\t\t\t\t\t<div class=\"elementor-container elementor-column-gap-default\">\n\t\t\t\t\t<div class=\"elementor-column elementor-col-100 elementor-top-column elementor-element elementor-element-607e537\" data-id=\"607e537\" data-element_type=\"column\" data-e-type=\"column\">\n\t\t\t<div class=\"elementor-widget-wrap elementor-element-populated\">\n\t\t\t\t\t\t<div class=\"elementor-element elementor-element-147fc61 elementor-widget elementor-widget-spacer\" data-id=\"147fc61\" data-element_type=\"widget\" data-e-type=\"widget\" data-widget_type=\"spacer.default\">\n\t\t\t\t<div class=\"elementor-widget-container\">\n\t\t\t\t\t\t\t<div class=\"elementor-spacer\">\n\t\t\t<div class=\"elementor-spacer-inner\"><\/div>\n\t\t<\/div>\n\t\t\t\t\t\t<\/div>\n\t\t\t\t<\/div>\n\t\t\t\t\t<\/div>\n\t\t<\/div>\n\t\t\t\t\t<\/div>\n\t\t<\/section>\n\t\t\t\t<section class=\"elementor-section elementor-top-section elementor-element elementor-element-3ba245e elementor-section-boxed elementor-section-height-default elementor-section-height-default\" data-id=\"3ba245e\" data-element_type=\"section\" data-e-type=\"section\">\n\t\t\t\t\t\t<div class=\"elementor-container elementor-column-gap-default\">\n\t\t\t\t\t<div class=\"elementor-column elementor-col-100 elementor-top-column elementor-element elementor-element-277685f\" data-id=\"277685f\" data-element_type=\"column\" data-e-type=\"column\">\n\t\t\t<div class=\"elementor-widget-wrap elementor-element-populated\">\n\t\t\t\t\t\t<div class=\"elementor-element elementor-element-e2ec92f elementor-arrows-position-inside elementor-pagination-position-outside elementor-widget elementor-widget-image-carousel\" data-id=\"e2ec92f\" data-element_type=\"widget\" data-e-type=\"widget\" data-settings=\"{&quot;navigation&quot;:&quot;both&quot;,&quot;autoplay&quot;:&quot;yes&quot;,&quot;pause_on_hover&quot;:&quot;yes&quot;,&quot;pause_on_interaction&quot;:&quot;yes&quot;,&quot;autoplay_speed&quot;:5000,&quot;infinite&quot;:&quot;yes&quot;,&quot;speed&quot;:500}\" data-widget_type=\"image-carousel.default\">\n\t\t\t\t<div class=\"elementor-widget-container\">\n\t\t\t\t\t\t\t<div class=\"elementor-image-carousel-wrapper swiper\" role=\"region\" aria-roledescription=\"carousel\" aria-label=\"Carrousel d\u2019images\" dir=\"ltr\">\n\t\t\t<div class=\"elementor-image-carousel swiper-wrapper\" aria-live=\"off\">\n\t\t\t\t\t\t\t\t<div class=\"swiper-slide\" role=\"group\" aria-roledescription=\"slide\" aria-label=\"1 von 15\"><figure class=\"swiper-slide-inner\"><img decoding=\"async\" class=\"swiper-slide-image\" src=\"https:\/\/www.lesvelosdelabaie.bzh\/wp-content\/uploads\/2026\/02\/plage-plestin-les-greves-420x198.jpg\" alt=\"Blick auf den Strand von Plestin-les-Gr\u00e8ves\" \/><\/figure><\/div><div class=\"swiper-slide\" role=\"group\" aria-roledescription=\"slide\" aria-label=\"2 von 15\"><figure class=\"swiper-slide-inner\"><img decoding=\"async\" class=\"swiper-slide-image\" src=\"https:\/\/www.lesvelosdelabaie.bzh\/wp-content\/uploads\/2026\/02\/voie-lannion-420x198.jpg\" alt=\"Radweg Lannion\" \/><\/figure><\/div><div class=\"swiper-slide\" role=\"group\" aria-roledescription=\"slide\" aria-label=\"3 von 15\"><figure class=\"swiper-slide-inner\"><img decoding=\"async\" class=\"swiper-slide-image\" src=\"https:\/\/www.lesvelosdelabaie.bzh\/wp-content\/uploads\/2026\/02\/plage-de-landrellec-420x198.jpg\" alt=\"Blick auf den Strand von Landrellec\" \/><\/figure><\/div><div class=\"swiper-slide\" role=\"group\" aria-roledescription=\"slide\" aria-label=\"4 von 15\"><figure class=\"swiper-slide-inner\"><img decoding=\"async\" class=\"swiper-slide-image\" src=\"https:\/\/www.lesvelosdelabaie.bzh\/wp-content\/uploads\/2026\/02\/baie-de-Locquirec-420x198.jpeg\" alt=\"Blick auf die Bucht von Locquirec\" \/><\/figure><\/div><div class=\"swiper-slide\" role=\"group\" aria-roledescription=\"slide\" aria-label=\"5 von 15\"><figure class=\"swiper-slide-inner\"><img decoding=\"async\" class=\"swiper-slide-image\" src=\"https:\/\/www.lesvelosdelabaie.bzh\/wp-content\/uploads\/2026\/02\/balade-en-itinerance-420x198.jpg\" alt=\"Blick auf Beg L\u00e9guer\" \/><\/figure><\/div><div class=\"swiper-slide\" role=\"group\" aria-roledescription=\"slide\" aria-label=\"6 von 15\"><figure class=\"swiper-slide-inner\"><img decoding=\"async\" class=\"swiper-slide-image\" src=\"https:\/\/www.lesvelosdelabaie.bzh\/wp-content\/uploads\/2026\/02\/chapelle-ste-barbe-plestin-les-greves-420x198.jpg\" alt=\"Kapelle Sainte-Barbe, Plestin-les-Gr\u00e8ves\" \/><\/figure><\/div><div class=\"swiper-slide\" role=\"group\" aria-roledescription=\"slide\" aria-label=\"7 von 15\"><figure class=\"swiper-slide-inner\"><img decoding=\"async\" class=\"swiper-slide-image\" src=\"https:\/\/www.lesvelosdelabaie.bzh\/wp-content\/uploads\/2026\/02\/itinerance--420x198.jpg\" alt=\"Radreise, Paimpol\" \/><\/figure><\/div><div class=\"swiper-slide\" role=\"group\" aria-roledescription=\"slide\" aria-label=\"8 von 15\"><figure class=\"swiper-slide-inner\"><img decoding=\"async\" class=\"swiper-slide-image\" src=\"https:\/\/www.lesvelosdelabaie.bzh\/wp-content\/uploads\/2026\/02\/Baie-de-st-michel-en-greve-420x198.jpg\" alt=\"Bucht von Saint-Michel-en-Gr\u00e8ves\" \/><\/figure><\/div><div class=\"swiper-slide\" role=\"group\" aria-roledescription=\"slide\" aria-label=\"9 von 15\"><figure class=\"swiper-slide-inner\"><img decoding=\"async\" class=\"swiper-slide-image\" src=\"https:\/\/www.lesvelosdelabaie.bzh\/wp-content\/uploads\/2026\/02\/Trebeurden-vue-sur-le-port-et-ile-millau-420x198.jpg\" alt=\"Tr\u00e9beurden, Blick auf den Hafen und die Insel Millau\" \/><\/figure><\/div><div class=\"swiper-slide\" role=\"group\" aria-roledescription=\"slide\" aria-label=\"10 von 15\"><figure class=\"swiper-slide-inner\"><img decoding=\"async\" class=\"swiper-slide-image\" src=\"https:\/\/www.lesvelosdelabaie.bzh\/wp-content\/uploads\/2026\/02\/port-de-locquirec-420x198.jpg\" alt=\"Hafen von Locquirec\" \/><\/figure><\/div><div class=\"swiper-slide\" role=\"group\" aria-roledescription=\"slide\" aria-label=\"11 von 15\"><figure class=\"swiper-slide-inner\"><img decoding=\"async\" class=\"swiper-slide-image\" src=\"https:\/\/www.lesvelosdelabaie.bzh\/wp-content\/uploads\/2026\/02\/pointe-de-bihit-Trebeurden-420x198.jpg\" alt=\"Pointe de Bihit, Tr\u00e9beurden\" \/><\/figure><\/div><div class=\"swiper-slide\" role=\"group\" aria-roledescription=\"slide\" aria-label=\"12 von 15\"><figure class=\"swiper-slide-inner\"><img decoding=\"async\" class=\"swiper-slide-image\" src=\"https:\/\/www.lesvelosdelabaie.bzh\/wp-content\/uploads\/2026\/02\/velomaritime-depart-Tregastel-420x198.jpg\" alt=\"Wegweiser f\u00fcr Radtouren\" \/><\/figure><\/div><div class=\"swiper-slide\" role=\"group\" aria-roledescription=\"slide\" aria-label=\"13 von 15\"><figure class=\"swiper-slide-inner\"><img decoding=\"async\" class=\"swiper-slide-image\" src=\"https:\/\/www.lesvelosdelabaie.bzh\/wp-content\/uploads\/2026\/02\/Vue-baie-Kalkhoff-moteur-bosch--420x198.jpg\" alt=\"Blick auf die Bucht, unsere Kalkhoff-Fahrr\u00e4der\" \/><\/figure><\/div><div class=\"swiper-slide\" role=\"group\" aria-roledescription=\"slide\" aria-label=\"14 von 15\"><figure class=\"swiper-slide-inner\"><img decoding=\"async\" class=\"swiper-slide-image\" src=\"https:\/\/www.lesvelosdelabaie.bzh\/wp-content\/uploads\/2026\/02\/Locquirec-420x198.jpg\" alt=\"Locquirec\" \/><\/figure><\/div><div class=\"swiper-slide\" role=\"group\" aria-roledescription=\"slide\" aria-label=\"15 von 15\"><figure class=\"swiper-slide-inner\"><img decoding=\"async\" class=\"swiper-slide-image\" src=\"https:\/\/www.lesvelosdelabaie.bzh\/wp-content\/uploads\/2026\/02\/velomaritime-vers-perros-guirec-420x198.jpg\" alt=\"Schild\" \/><\/figure><\/div>\t\t\t<\/div>\n\t\t\t\t\t\t\t\t\t\t\t\t<div class=\"elementor-swiper-button elementor-swiper-button-prev\" role=\"button\" tabindex=\"0\">\n\t\t\t\t\t\t<svg aria-hidden=\"true\" class=\"e-font-icon-svg e-eicon-chevron-left\" viewBox=\"0 0 1000 1000\" xmlns=\"http:\/\/www.w3.org\/2000\/svg\"><path d=\"M646 125C629 125 613 133 604 142L308 442C296 454 292 471 292 487 292 504 296 521 308 533L604 854C617 867 629 875 646 875 663 875 679 871 692 858 704 846 713 829 713 812 713 796 708 779 692 767L438 487 692 225C700 217 708 204 708 187 708 171 704 154 692 142 675 129 663 125 646 125Z\"><\/path><\/svg>\t\t\t\t\t<\/div>\n\t\t\t\t\t<div class=\"elementor-swiper-button elementor-swiper-button-next\" role=\"button\" tabindex=\"0\">\n\t\t\t\t\t\t<svg aria-hidden=\"true\" class=\"e-font-icon-svg e-eicon-chevron-right\" viewBox=\"0 0 1000 1000\" xmlns=\"http:\/\/www.w3.org\/2000\/svg\"><path d=\"M696 533C708 521 713 504 713 487 713 471 708 454 696 446L400 146C388 133 375 125 354 125 338 125 325 129 313 142 300 154 292 171 292 187 292 204 296 221 308 233L563 492 304 771C292 783 288 800 288 817 288 833 296 850 308 863 321 871 338 875 354 875 371 875 388 867 400 854L696 533Z\"><\/path><\/svg>\t\t\t\t\t<\/div>\n\t\t\t\t\n\t\t\t\t\t\t\t\t\t<div class=\"swiper-pagination\"><\/div>\n\t\t\t\t\t\t\t\t\t<\/div>\n\t\t\t\t\t\t<\/div>\n\t\t\t\t<\/div>\n\t\t\t\t\t<\/div>\n\t\t<\/div>\n\t\t\t\t\t<\/div>\n\t\t<\/section>\n\t\t\t\t<section class=\"elementor-section elementor-top-section elementor-element elementor-element-0db7bf1 elementor-section-boxed elementor-section-height-default elementor-section-height-default\" data-id=\"0db7bf1\" data-element_type=\"section\" data-e-type=\"section\">\n\t\t\t\t\t\t<div class=\"elementor-container elementor-column-gap-default\">\n\t\t\t\t\t<div class=\"elementor-column elementor-col-50 elementor-top-column elementor-element elementor-element-6713766\" data-id=\"6713766\" data-element_type=\"column\" data-e-type=\"column\">\n\t\t\t<div class=\"elementor-widget-wrap elementor-element-populated\">\n\t\t\t\t\t\t<div class=\"elementor-element elementor-element-fe10600 elementor-widget-tablet__width-initial elementor-widget-mobile__width-initial elementor-widget elementor-widget-heading\" data-id=\"fe10600\" data-element_type=\"widget\" data-e-type=\"widget\" data-widget_type=\"heading.default\">\n\t\t\t\t<div class=\"elementor-widget-container\">\n\t\t\t\t\t<h2 class=\"elementor-heading-title elementor-size-default\">Mit dem E-Bike. Ab 5 bis 10 Personen <\/h2>\t\t\t\t<\/div>\n\t\t\t\t<\/div>\n\t\t\t\t\t<\/div>\n\t\t<\/div>\n\t\t\t\t<div class=\"elementor-column elementor-col-50 elementor-top-column elementor-element elementor-element-ef9a49c\" data-id=\"ef9a49c\" data-element_type=\"column\" data-e-type=\"column\">\n\t\t\t<div class=\"elementor-widget-wrap elementor-element-populated\">\n\t\t\t\t\t\t<div class=\"elementor-element elementor-element-8b967f3 elementor-widget__width-initial elementor-widget-tablet__width-initial elementor-widget-mobile__width-initial elementor-icon-list--layout-traditional elementor-list-item-link-full_width elementor-widget elementor-widget-icon-list\" data-id=\"8b967f3\" data-element_type=\"widget\" data-e-type=\"widget\" data-widget_type=\"icon-list.default\">\n\t\t\t\t<div class=\"elementor-widget-container\">\n\t\t\t\t\t\t\t<ul class=\"elementor-icon-list-items\">\n\t\t\t\t\t\t\t<li class=\"elementor-icon-list-item\">\n\t\t\t\t\t\t\t\t\t\t\t<span class=\"elementor-icon-list-icon\">\n\t\t\t\t\t\t\t<svg aria-hidden=\"true\" class=\"e-font-icon-svg e-fas-ticket-alt\" viewBox=\"0 0 576 512\" xmlns=\"http:\/\/www.w3.org\/2000\/svg\"><path d=\"M128 160h320v192H128V160zm400 96c0 26.51 21.49 48 48 48v96c0 26.51-21.49 48-48 48H48c-26.51 0-48-21.49-48-48v-96c26.51 0 48-21.49 48-48s-21.49-48-48-48v-96c0-26.51 21.49-48 48-48h480c26.51 0 48 21.49 48 48v96c-26.51 0-48 21.49-48 48zm-48-104c0-13.255-10.745-24-24-24H120c-13.255 0-24 10.745-24 24v208c0 13.255 10.745 24 24 24h336c13.255 0 24-10.745 24-24V152z\"><\/path><\/svg>\t\t\t\t\t\t<\/span>\n\t\t\t\t\t\t\t\t\t\t<span class=\"elementor-icon-list-text\">50 \u20ac Erwachsene - 42 \u20ac Jugendliche<\/span>\n\t\t\t\t\t\t\t\t\t<\/li>\n\t\t\t\t\t\t\t\t<li class=\"elementor-icon-list-item\">\n\t\t\t\t\t\t\t\t\t\t\t<span class=\"elementor-icon-list-icon\">\n\t\t\t\t\t\t\t<svg aria-hidden=\"true\" class=\"e-font-icon-svg e-fas-user\" viewBox=\"0 0 448 512\" xmlns=\"http:\/\/www.w3.org\/2000\/svg\"><path d=\"M224 256c70.7 0 128-57.3 128-128S294.7 0 224 0 96 57.3 96 128s57.3 128 128 128zm89.6 32h-16.7c-22.2 10.2-46.9 16-72.9 16s-50.6-5.8-72.9-16h-16.7C60.2 288 0 348.2 0 422.4V464c0 26.5 21.5 48 48 48h352c26.5 0 48-21.5 48-48v-41.6c0-74.2-60.2-134.4-134.4-134.4z\"><\/path><\/svg>\t\t\t\t\t\t<\/span>\n\t\t\t\t\t\t\t\t\t\t<span class=\"elementor-icon-list-text\">Gruppe ab 5 Personen<\/span>\n\t\t\t\t\t\t\t\t\t<\/li>\n\t\t\t\t\t\t\t\t<li class=\"elementor-icon-list-item\">\n\t\t\t\t\t\t\t\t\t\t\t<span class=\"elementor-icon-list-icon\">\n\t\t\t\t\t\t\t<svg aria-hidden=\"true\" class=\"e-font-icon-svg e-far-clock\" viewBox=\"0 0 512 512\" xmlns=\"http:\/\/www.w3.org\/2000\/svg\"><path d=\"M256 8C119 8 8 119 8 256s111 248 248 248 248-111 248-248S393 8 256 8zm0 448c-110.5 0-200-89.5-200-200S145.5 56 256 56s200 89.5 200 200-89.5 200-200 200zm61.8-104.4l-84.9-61.7c-3.1-2.3-4.9-5.9-4.9-9.7V116c0-6.6 5.4-12 12-12h32c6.6 0 12 5.4 12 12v141.7l66.8 48.6c5.4 3.9 6.5 11.4 2.6 16.8L334.6 349c-3.9 5.3-11.4 6.5-16.8 2.6z\"><\/path><\/svg>\t\t\t\t\t\t<\/span>\n\t\t\t\t\t\t\t\t\t\t<span class=\"elementor-icon-list-text\">Dauer nach Absprache<\/span>\n\t\t\t\t\t\t\t\t\t<\/li>\n\t\t\t\t\t\t<\/ul>\n\t\t\t\t\t\t<\/div>\n\t\t\t\t<\/div>\n\t\t\t\t\t<\/div>\n\t\t<\/div>\n\t\t\t\t\t<\/div>\n\t\t<\/section>\n\t\t\t\t<section class=\"elementor-section elementor-top-section elementor-element elementor-element-bf7759e elementor-section-full_width elementor-section-height-default elementor-section-height-default\" data-id=\"bf7759e\" data-element_type=\"section\" data-e-type=\"section\">\n\t\t\t\t\t\t<div class=\"elementor-container elementor-column-gap-default\">\n\t\t\t\t\t<div class=\"elementor-column elementor-col-100 elementor-top-column elementor-element elementor-element-7ed393b\" data-id=\"7ed393b\" data-element_type=\"column\" data-e-type=\"column\">\n\t\t\t<div class=\"elementor-widget-wrap elementor-element-populated\">\n\t\t\t\t\t\t<div class=\"elementor-element elementor-element-dbfa68d elementor-widget elementor-widget-button\" data-id=\"dbfa68d\" data-element_type=\"widget\" data-e-type=\"widget\" data-widget_type=\"button.default\">\n\t\t\t\t<div class=\"elementor-widget-container\">\n\t\t\t\t\t\t\t\t\t<div class=\"elementor-button-wrapper\">\n\t\t\t\t\t<a class=\"elementor-button elementor-button-link elementor-size-sm\" href=\"\/de\/kontakt\/\">\n\t\t\t\t\t\t<span class=\"elementor-button-content-wrapper\">\n\t\t\t\t\t\t\t\t\t<span class=\"elementor-button-text\">Angebot anfordern<\/span>\n\t\t\t\t\t<\/span>\n\t\t\t\t\t<\/a>\n\t\t\t\t<\/div>\n\t\t\t\t\t\t\t\t<\/div>\n\t\t\t\t<\/div>\n\t\t\t\t\t<\/div>\n\t\t<\/div>\n\t\t\t\t\t<\/div>\n\t\t<\/section>\n\t\t\t\t<div class=\"elementor-section elementor-top-section elementor-element elementor-element-5d69b35 elementor-section-boxed elementor-section-height-default elementor-section-height-default\" data-id=\"5d69b35\" data-element_type=\"section\" data-e-type=\"section\">\n\t\t\t\t\t\t<div class=\"elementor-container elementor-column-gap-no\">\n\t\t\t\t\t<div class=\"elementor-column elementor-col-100 elementor-top-column elementor-element elementor-element-a9be8c3\" data-id=\"a9be8c3\" data-element_type=\"column\" data-e-type=\"column\">\n\t\t\t<div class=\"elementor-widget-wrap elementor-element-populated\">\n\t\t\t\t\t\t<section class=\"elementor-section elementor-inner-section elementor-element elementor-element-b944501 elementor-section-boxed elementor-section-height-default elementor-section-height-default\" data-id=\"b944501\" data-element_type=\"section\" data-e-type=\"section\">\n\t\t\t\t\t\t<div class=\"elementor-container elementor-column-gap-default\">\n\t\t\t\t\t<div class=\"elementor-column elementor-col-100 elementor-inner-column elementor-element elementor-element-87dcd53\" data-id=\"87dcd53\" data-element_type=\"column\" data-e-type=\"column\">\n\t\t\t<div class=\"elementor-widget-wrap elementor-element-populated\">\n\t\t\t\t\t\t<div class=\"elementor-element elementor-element-600003e elementor-widget elementor-widget-text-editor\" data-id=\"600003e\" data-element_type=\"widget\" data-e-type=\"widget\" data-widget_type=\"text-editor.default\">\n\t\t\t\t<div class=\"elementor-widget-container\">\n\t\t\t\t\t\t\t\t\t<h2>Es ist m\u00f6glich, eine Radtour in der Region Tr\u00e9gor auf Anfrage f\u00fcr eine Gruppe zu planen.<\/h2><p>Du m\u00f6chtest die Region mit dem Fahrrad entdecken. Ob mit Freunden, der Familie, Kollegen oder einem Verein. Egal ob du Meer oder Land bevorzugst, ob du es ruhig oder sportlich magst, ob morgens, abends oder den ganzen Tag \u2013 kontaktiere mich, und gemeinsam planen wir die Tour, die du dir w\u00fcnschst.  <\/p><p>W\u00e4hlen Sie Ihre Route, sprechen Sie mit uns dar\u00fcber und fordern Sie ein Angebot an: contact@lesvelosdelabaie.bzh<\/p>\t\t\t\t\t\t\t\t<\/div>\n\t\t\t\t<\/div>\n\t\t\t\t\t<\/div>\n\t\t<\/div>\n\t\t\t\t\t<\/div>\n\t\t<\/section>\n\t\t\t\t<div class=\"elementor-element elementor-element-31ff4e8 elementor-widget-divider--view-line elementor-widget elementor-widget-divider\" data-id=\"31ff4e8\" data-element_type=\"widget\" data-e-type=\"widget\" data-widget_type=\"divider.default\">\n\t\t\t\t<div class=\"elementor-widget-container\">\n\t\t\t\t\t\t\t<div class=\"elementor-divider\">\n\t\t\t<span class=\"elementor-divider-separator\">\n\t\t\t\t\t\t<\/span>\n\t\t<\/div>\n\t\t\t\t\t\t<\/div>\n\t\t\t\t<\/div>\n\t\t\t\t\t<\/div>\n\t\t<\/div>\n\t\t\t\t\t<\/div>\n\t\t<\/div>\n\t\t\t\t<section class=\"elementor-section elementor-top-section elementor-element elementor-element-ac67941 elementor-section-boxed elementor-section-height-default elementor-section-height-default\" data-id=\"ac67941\" data-element_type=\"section\" data-e-type=\"section\">\n\t\t\t\t\t\t<div class=\"elementor-container elementor-column-gap-default\">\n\t\t\t\t\t<div class=\"elementor-column elementor-col-100 elementor-top-column elementor-element elementor-element-456c8a4\" data-id=\"456c8a4\" data-element_type=\"column\" data-e-type=\"column\">\n\t\t\t<div class=\"elementor-widget-wrap elementor-element-populated\">\n\t\t\t\t\t\t<div class=\"elementor-element elementor-element-70e1518 elementor-widget__width-initial elementor-widget elementor-widget-image\" data-id=\"70e1518\" data-element_type=\"widget\" data-e-type=\"widget\" data-widget_type=\"image.default\">\n\t\t\t\t<div class=\"elementor-widget-container\">\n\t\t\t\t\t\t\t\t\t\t\t\t\t\t\t<img fetchpriority=\"high\" decoding=\"async\" width=\"640\" height=\"359\" src=\"https:\/\/www.lesvelosdelabaie.bzh\/wp-content\/uploads\/2026\/02\/carte-cercle-lannion-1-1-1.jpg\" class=\"attachment-large size-large wp-image-2365\" alt=\"\" srcset=\"https:\/\/www.lesvelosdelabaie.bzh\/wp-content\/uploads\/2026\/02\/carte-cercle-lannion-1-1-1.jpg 1000w, https:\/\/www.lesvelosdelabaie.bzh\/wp-content\/uploads\/2026\/02\/carte-cercle-lannion-1-1-1-300x168.jpg 300w, https:\/\/www.lesvelosdelabaie.bzh\/wp-content\/uploads\/2026\/02\/carte-cercle-lannion-1-1-1-768x431.jpg 768w, https:\/\/www.lesvelosdelabaie.bzh\/wp-content\/uploads\/2026\/02\/carte-cercle-lannion-1-1-1-530x297.jpg 530w\" sizes=\"(max-width: 640px) 100vw, 640px\" \/>\t\t\t\t\t\t\t\t\t\t\t\t\t\t\t<\/div>\n\t\t\t\t<\/div>\n\t\t\t\t\t<\/div>\n\t\t<\/div>\n\t\t\t\t\t<\/div>\n\t\t<\/section>\n\t\t\t\t<section class=\"elementor-section elementor-top-section elementor-element elementor-element-6bdf60c elementor-section-full_width elementor-section-height-default elementor-section-height-default\" data-id=\"6bdf60c\" data-element_type=\"section\" data-e-type=\"section\">\n\t\t\t\t\t\t<div class=\"elementor-container elementor-column-gap-default\">\n\t\t\t\t\t<div class=\"elementor-column elementor-col-100 elementor-top-column elementor-element elementor-element-f20bdb6\" data-id=\"f20bdb6\" data-element_type=\"column\" data-e-type=\"column\">\n\t\t\t<div class=\"elementor-widget-wrap elementor-element-populated\">\n\t\t\t\t\t\t<div class=\"elementor-element elementor-element-e618305 elementor-widget elementor-widget-button\" data-id=\"e618305\" data-element_type=\"widget\" data-e-type=\"widget\" data-widget_type=\"button.default\">\n\t\t\t\t<div class=\"elementor-widget-container\">\n\t\t\t\t\t\t\t\t\t<div class=\"elementor-button-wrapper\">\n\t\t\t\t\t<a class=\"elementor-button elementor-button-link elementor-size-sm\" href=\"\/de\/kontakt\/\">\n\t\t\t\t\t\t<span class=\"elementor-button-content-wrapper\">\n\t\t\t\t\t\t\t\t\t<span class=\"elementor-button-text\">Angebot anfordern<\/span>\n\t\t\t\t\t<\/span>\n\t\t\t\t\t<\/a>\n\t\t\t\t<\/div>\n\t\t\t\t\t\t\t\t<\/div>\n\t\t\t\t<\/div>\n\t\t\t\t\t<\/div>\n\t\t<\/div>\n\t\t\t\t\t<\/div>\n\t\t<\/section>\n\t\t\t\t<section class=\"elementor-section elementor-top-section elementor-element elementor-element-fa3ab52 elementor-section-content-middle elementor-section-boxed elementor-section-height-default elementor-section-height-default\" data-id=\"fa3ab52\" data-element_type=\"section\" data-e-type=\"section\">\n\t\t\t\t\t\t<div class=\"elementor-container elementor-column-gap-default\">\n\t\t\t\t\t<div class=\"elementor-column elementor-col-100 elementor-top-column elementor-element elementor-element-37fd8ce\" data-id=\"37fd8ce\" data-element_type=\"column\" data-e-type=\"column\">\n\t\t\t<div class=\"elementor-widget-wrap elementor-element-populated\">\n\t\t\t\t\t\t<div class=\"elementor-element elementor-element-d542180 elementor-widget-divider--view-line elementor-widget elementor-widget-divider\" data-id=\"d542180\" data-element_type=\"widget\" data-e-type=\"widget\" data-widget_type=\"divider.default\">\n\t\t\t\t<div class=\"elementor-widget-container\">\n\t\t\t\t\t\t\t<div class=\"elementor-divider\">\n\t\t\t<span class=\"elementor-divider-separator\">\n\t\t\t\t\t\t<\/span>\n\t\t<\/div>\n\t\t\t\t\t\t<\/div>\n\t\t\t\t<\/div>\n\t\t\t\t<div class=\"elementor-element elementor-element-d802d17 elementor-widget elementor-widget-image-gallery\" data-id=\"d802d17\" data-element_type=\"widget\" data-e-type=\"widget\" data-widget_type=\"image-gallery.default\">\n\t\t\t\t<div class=\"elementor-widget-container\">\n\t\t\t\t\t\t\t<div class=\"elementor-image-gallery\">\n\t\t\t<div id='gallery-1' class='gallery galleryid-2364 gallery-columns-5 gallery-size-woocommerce_thumbnail'><figure class='gallery-item'>\n\t\t\t<div class='gallery-icon landscape'>\n\t\t\t\t<a data-elementor-open-lightbox=\"yes\" data-elementor-lightbox-slideshow=\"d802d17\" data-elementor-lightbox-title=\"smart\" data-e-action-hash=\"#elementor-action%3Aaction%3Dlightbox%26settings%3DeyJpZCI6MjM5NywidXJsIjoiaHR0cHM6XC9cL3d3dy5sZXN2ZWxvc2RlbGFiYWllLmJ6aFwvd3AtY29udGVudFwvdXBsb2Fkc1wvMjAyNlwvMDJcL3BsYWdlLWRlLWxhbmRyZWxsZWMtc2NhbGVkLmpwZyIsInNsaWRlc2hvdyI6ImQ4MDJkMTcifQ%3D%3D\" href='https:\/\/www.lesvelosdelabaie.bzh\/wp-content\/uploads\/2026\/02\/plage-de-landrellec-scaled.jpg'><img decoding=\"async\" width=\"350\" height=\"350\" src=\"https:\/\/www.lesvelosdelabaie.bzh\/wp-content\/uploads\/2026\/02\/plage-de-landrellec-350x350.jpg\" class=\"attachment-woocommerce_thumbnail size-woocommerce_thumbnail\" alt=\"\" aria-describedby=\"gallery-1-2397\" srcset=\"https:\/\/www.lesvelosdelabaie.bzh\/wp-content\/uploads\/2026\/02\/plage-de-landrellec-350x350.jpg 350w, https:\/\/www.lesvelosdelabaie.bzh\/wp-content\/uploads\/2026\/02\/plage-de-landrellec-300x300.jpg 300w, https:\/\/www.lesvelosdelabaie.bzh\/wp-content\/uploads\/2026\/02\/plage-de-landrellec-1024x1024.jpg 1024w, https:\/\/www.lesvelosdelabaie.bzh\/wp-content\/uploads\/2026\/02\/plage-de-landrellec-150x150.jpg 150w, https:\/\/www.lesvelosdelabaie.bzh\/wp-content\/uploads\/2026\/02\/plage-de-landrellec-768x768.jpg 768w, https:\/\/www.lesvelosdelabaie.bzh\/wp-content\/uploads\/2026\/02\/plage-de-landrellec-1536x1536.jpg 1536w, https:\/\/www.lesvelosdelabaie.bzh\/wp-content\/uploads\/2026\/02\/plage-de-landrellec-2048x2048.jpg 2048w, https:\/\/www.lesvelosdelabaie.bzh\/wp-content\/uploads\/2026\/02\/plage-de-landrellec-530x530.jpg 530w, https:\/\/www.lesvelosdelabaie.bzh\/wp-content\/uploads\/2026\/02\/plage-de-landrellec-100x100.jpg 100w\" sizes=\"(max-width: 350px) 100vw, 350px\" \/><\/a>\n\t\t\t<\/div>\n\t\t\t\t<figcaption class='wp-caption-text gallery-caption' id='gallery-1-2397'>\n\t\t\t\tBlick auf den Strand von Landrellec\n\t\t\t\t<\/figcaption><\/figure><figure class='gallery-item'>\n\t\t\t<div class='gallery-icon portrait'>\n\t\t\t\t<a data-elementor-open-lightbox=\"yes\" data-elementor-lightbox-slideshow=\"d802d17\" data-elementor-lightbox-title=\"Kapelle Sainte-Barbe Plestin-les-Gr\u00e8ves\" data-e-action-hash=\"#elementor-action%3Aaction%3Dlightbox%26settings%3DeyJpZCI6MjQwMiwidXJsIjoiaHR0cHM6XC9cL3d3dy5sZXN2ZWxvc2RlbGFiYWllLmJ6aFwvd3AtY29udGVudFwvdXBsb2Fkc1wvMjAyNlwvMDJcL2NoYXBlbGxlLXN0ZS1iYXJiZS1wbGVzdGluLWxlcy1ncmV2ZXMuanBnIiwic2xpZGVzaG93IjoiZDgwMmQxNyJ9\" href='https:\/\/www.lesvelosdelabaie.bzh\/wp-content\/uploads\/2026\/02\/chapelle-ste-barbe-plestin-les-greves.jpg'><img decoding=\"async\" width=\"350\" height=\"350\" src=\"https:\/\/www.lesvelosdelabaie.bzh\/wp-content\/uploads\/2026\/02\/chapelle-ste-barbe-plestin-les-greves-350x350.jpg\" class=\"attachment-woocommerce_thumbnail size-woocommerce_thumbnail\" alt=\"\" aria-describedby=\"gallery-1-2402\" srcset=\"https:\/\/www.lesvelosdelabaie.bzh\/wp-content\/uploads\/2026\/02\/chapelle-ste-barbe-plestin-les-greves-350x350.jpg 350w, https:\/\/www.lesvelosdelabaie.bzh\/wp-content\/uploads\/2026\/02\/chapelle-ste-barbe-plestin-les-greves-150x150.jpg 150w, https:\/\/www.lesvelosdelabaie.bzh\/wp-content\/uploads\/2026\/02\/chapelle-ste-barbe-plestin-les-greves-100x100.jpg 100w\" sizes=\"(max-width: 350px) 100vw, 350px\" \/><\/a>\n\t\t\t<\/div>\n\t\t\t\t<figcaption class='wp-caption-text gallery-caption' id='gallery-1-2402'>\n\t\t\t\tKapelle Sainte-Barbe, Plestin-les-Gr\u00e8ves\n\t\t\t\t<\/figcaption><\/figure><figure class='gallery-item'>\n\t\t\t<div class='gallery-icon landscape'>\n\t\t\t\t<a data-elementor-open-lightbox=\"yes\" data-elementor-lightbox-slideshow=\"d802d17\" data-elementor-lightbox-title=\"Locquirec\" data-e-action-hash=\"#elementor-action%3Aaction%3Dlightbox%26settings%3DeyJpZCI6MjM5OCwidXJsIjoiaHR0cHM6XC9cL3d3dy5sZXN2ZWxvc2RlbGFiYWllLmJ6aFwvd3AtY29udGVudFwvdXBsb2Fkc1wvMjAyNlwvMDJcL0xvY3F1aXJlYy5qcGciLCJzbGlkZXNob3ciOiJkODAyZDE3In0%3D\" href='https:\/\/www.lesvelosdelabaie.bzh\/wp-content\/uploads\/2026\/02\/Locquirec.jpg'><img loading=\"lazy\" decoding=\"async\" width=\"350\" height=\"350\" src=\"https:\/\/www.lesvelosdelabaie.bzh\/wp-content\/uploads\/2026\/02\/Locquirec-350x350.jpg\" class=\"attachment-woocommerce_thumbnail size-woocommerce_thumbnail\" alt=\"\" aria-describedby=\"gallery-1-2398\" srcset=\"https:\/\/www.lesvelosdelabaie.bzh\/wp-content\/uploads\/2026\/02\/Locquirec-350x350.jpg 350w, https:\/\/www.lesvelosdelabaie.bzh\/wp-content\/uploads\/2026\/02\/Locquirec-150x150.jpg 150w, https:\/\/www.lesvelosdelabaie.bzh\/wp-content\/uploads\/2026\/02\/Locquirec-100x100.jpg 100w\" sizes=\"(max-width: 350px) 100vw, 350px\" \/><\/a>\n\t\t\t<\/div>\n\t\t\t\t<figcaption class='wp-caption-text gallery-caption' id='gallery-1-2398'>\n\t\t\t\tLocquirec\n\t\t\t\t<\/figcaption><\/figure><figure class='gallery-item'>\n\t\t\t<div class='gallery-icon portrait'>\n\t\t\t\t<a data-elementor-open-lightbox=\"yes\" data-elementor-lightbox-slideshow=\"d802d17\" data-elementor-lightbox-title=\"Bucht von Saint-Michel-en-Gr\u00e8ve\" data-e-action-hash=\"#elementor-action%3Aaction%3Dlightbox%26settings%3DeyJpZCI6MjQwNCwidXJsIjoiaHR0cHM6XC9cL3d3dy5sZXN2ZWxvc2RlbGFiYWllLmJ6aFwvd3AtY29udGVudFwvdXBsb2Fkc1wvMjAyNlwvMDJcL0JhaWUtZGUtc3QtbWljaGVsLWVuLWdyZXZlLXNjYWxlZC5qcGciLCJzbGlkZXNob3ciOiJkODAyZDE3In0%3D\" href='https:\/\/www.lesvelosdelabaie.bzh\/wp-content\/uploads\/2026\/02\/Baie-de-st-michel-en-greve-scaled.jpg'><img loading=\"lazy\" decoding=\"async\" width=\"350\" height=\"350\" src=\"https:\/\/www.lesvelosdelabaie.bzh\/wp-content\/uploads\/2026\/02\/Baie-de-st-michel-en-greve-350x350.jpg\" class=\"attachment-woocommerce_thumbnail size-woocommerce_thumbnail\" alt=\"\" aria-describedby=\"gallery-1-2404\" srcset=\"https:\/\/www.lesvelosdelabaie.bzh\/wp-content\/uploads\/2026\/02\/Baie-de-st-michel-en-greve-350x350.jpg 350w, https:\/\/www.lesvelosdelabaie.bzh\/wp-content\/uploads\/2026\/02\/Baie-de-st-michel-en-greve-150x150.jpg 150w, https:\/\/www.lesvelosdelabaie.bzh\/wp-content\/uploads\/2026\/02\/Baie-de-st-michel-en-greve-100x100.jpg 100w\" sizes=\"(max-width: 350px) 100vw, 350px\" \/><\/a>\n\t\t\t<\/div>\n\t\t\t\t<figcaption class='wp-caption-text gallery-caption' id='gallery-1-2404'>\n\t\t\t\tBucht von Saint-Michel-en-Gr\u00e8ves\n\t\t\t\t<\/figcaption><\/figure><figure class='gallery-item'>\n\t\t\t<div class='gallery-icon landscape'>\n\t\t\t\t<a data-elementor-open-lightbox=\"yes\" data-elementor-lightbox-slideshow=\"d802d17\" data-elementor-lightbox-title=\"Wanderung\" data-e-action-hash=\"#elementor-action%3Aaction%3Dlightbox%26settings%3DeyJpZCI6MjQwMCwidXJsIjoiaHR0cHM6XC9cL3d3dy5sZXN2ZWxvc2RlbGFiYWllLmJ6aFwvd3AtY29udGVudFwvdXBsb2Fkc1wvMjAyNlwvMDJcL2l0aW5lcmFuY2UtLmpwZyIsInNsaWRlc2hvdyI6ImQ4MDJkMTcifQ%3D%3D\" href='https:\/\/www.lesvelosdelabaie.bzh\/wp-content\/uploads\/2026\/02\/itinerance-.jpg'><img loading=\"lazy\" decoding=\"async\" width=\"350\" height=\"350\" src=\"https:\/\/www.lesvelosdelabaie.bzh\/wp-content\/uploads\/2026\/02\/itinerance--350x350.jpg\" class=\"attachment-woocommerce_thumbnail size-woocommerce_thumbnail\" alt=\"\" aria-describedby=\"gallery-1-2400\" srcset=\"https:\/\/www.lesvelosdelabaie.bzh\/wp-content\/uploads\/2026\/02\/itinerance--350x350.jpg 350w, https:\/\/www.lesvelosdelabaie.bzh\/wp-content\/uploads\/2026\/02\/itinerance--150x150.jpg 150w, https:\/\/www.lesvelosdelabaie.bzh\/wp-content\/uploads\/2026\/02\/itinerance--100x100.jpg 100w\" sizes=\"(max-width: 350px) 100vw, 350px\" \/><\/a>\n\t\t\t<\/div>\n\t\t\t\t<figcaption class='wp-caption-text gallery-caption' id='gallery-1-2400'>\n\t\t\t\tRadreise, Paimpol\n\t\t\t\t<\/figcaption><\/figure><figure class='gallery-item'>\n\t\t\t<div class='gallery-icon portrait'>\n\t\t\t\t<a data-elementor-open-lightbox=\"yes\" data-elementor-lightbox-slideshow=\"d802d17\" data-elementor-lightbox-title=\"Bucht von Locquirec\" data-e-action-hash=\"#elementor-action%3Aaction%3Dlightbox%26settings%3DeyJpZCI6MjQwNSwidXJsIjoiaHR0cHM6XC9cL3d3dy5sZXN2ZWxvc2RlbGFiYWllLmJ6aFwvd3AtY29udGVudFwvdXBsb2Fkc1wvMjAyNlwvMDJcL2JhaWUtZGUtTG9jcXVpcmVjLmpwZWciLCJzbGlkZXNob3ciOiJkODAyZDE3In0%3D\" href='https:\/\/www.lesvelosdelabaie.bzh\/wp-content\/uploads\/2026\/02\/baie-de-Locquirec.jpeg'><img loading=\"lazy\" decoding=\"async\" width=\"350\" height=\"350\" src=\"https:\/\/www.lesvelosdelabaie.bzh\/wp-content\/uploads\/2026\/02\/baie-de-Locquirec-350x350.jpeg\" class=\"attachment-woocommerce_thumbnail size-woocommerce_thumbnail\" alt=\"\" aria-describedby=\"gallery-1-2405\" srcset=\"https:\/\/www.lesvelosdelabaie.bzh\/wp-content\/uploads\/2026\/02\/baie-de-Locquirec-350x350.jpeg 350w, https:\/\/www.lesvelosdelabaie.bzh\/wp-content\/uploads\/2026\/02\/baie-de-Locquirec-150x150.jpeg 150w, https:\/\/www.lesvelosdelabaie.bzh\/wp-content\/uploads\/2026\/02\/baie-de-Locquirec-100x100.jpeg 100w\" sizes=\"(max-width: 350px) 100vw, 350px\" \/><\/a>\n\t\t\t<\/div>\n\t\t\t\t<figcaption class='wp-caption-text gallery-caption' id='gallery-1-2405'>\n\t\t\t\tBlick auf die Bucht von Locquirec\n\t\t\t\t<\/figcaption><\/figure><figure class='gallery-item'>\n\t\t\t<div class='gallery-icon portrait'>\n\t\t\t\t<a data-elementor-open-lightbox=\"yes\" data-elementor-lightbox-slideshow=\"d802d17\" data-elementor-lightbox-title=\"Weg Lannion\" data-e-action-hash=\"#elementor-action%3Aaction%3Dlightbox%26settings%3DeyJpZCI6MjM5MCwidXJsIjoiaHR0cHM6XC9cL3d3dy5sZXN2ZWxvc2RlbGFiYWllLmJ6aFwvd3AtY29udGVudFwvdXBsb2Fkc1wvMjAyNlwvMDJcL3ZvaWUtbGFubmlvbi5qcGciLCJzbGlkZXNob3ciOiJkODAyZDE3In0%3D\" href='https:\/\/www.lesvelosdelabaie.bzh\/wp-content\/uploads\/2026\/02\/voie-lannion.jpg'><img loading=\"lazy\" decoding=\"async\" width=\"350\" height=\"350\" src=\"https:\/\/www.lesvelosdelabaie.bzh\/wp-content\/uploads\/2026\/02\/voie-lannion-350x350.jpg\" class=\"attachment-woocommerce_thumbnail size-woocommerce_thumbnail\" alt=\"\" aria-describedby=\"gallery-1-2390\" srcset=\"https:\/\/www.lesvelosdelabaie.bzh\/wp-content\/uploads\/2026\/02\/voie-lannion-350x350.jpg 350w, https:\/\/www.lesvelosdelabaie.bzh\/wp-content\/uploads\/2026\/02\/voie-lannion-150x150.jpg 150w, https:\/\/www.lesvelosdelabaie.bzh\/wp-content\/uploads\/2026\/02\/voie-lannion-100x100.jpg 100w\" sizes=\"(max-width: 350px) 100vw, 350px\" \/><\/a>\n\t\t\t<\/div>\n\t\t\t\t<figcaption class='wp-caption-text gallery-caption' id='gallery-1-2390'>\n\t\t\t\tRadweg Lannion\n\t\t\t\t<\/figcaption><\/figure><figure class='gallery-item'>\n\t\t\t<div class='gallery-icon landscape'>\n\t\t\t\t<a data-elementor-open-lightbox=\"yes\" data-elementor-lightbox-slideshow=\"d802d17\" data-elementor-lightbox-title=\"Buchtblick - Kalkhoff Bosch Motor\" data-e-action-hash=\"#elementor-action%3Aaction%3Dlightbox%26settings%3DeyJpZCI6MjM4OSwidXJsIjoiaHR0cHM6XC9cL3d3dy5sZXN2ZWxvc2RlbGFiYWllLmJ6aFwvd3AtY29udGVudFwvdXBsb2Fkc1wvMjAyNlwvMDJcL1Z1ZS1iYWllLUthbGtob2ZmLW1vdGV1ci1ib3NjaC0tc2NhbGVkLmpwZyIsInNsaWRlc2hvdyI6ImQ4MDJkMTcifQ%3D%3D\" href='https:\/\/www.lesvelosdelabaie.bzh\/wp-content\/uploads\/2026\/02\/Vue-baie-Kalkhoff-moteur-bosch--scaled.jpg'><img loading=\"lazy\" decoding=\"async\" width=\"350\" height=\"350\" src=\"https:\/\/www.lesvelosdelabaie.bzh\/wp-content\/uploads\/2026\/02\/Vue-baie-Kalkhoff-moteur-bosch--350x350.jpg\" class=\"attachment-woocommerce_thumbnail size-woocommerce_thumbnail\" alt=\"\" aria-describedby=\"gallery-1-2389\" srcset=\"https:\/\/www.lesvelosdelabaie.bzh\/wp-content\/uploads\/2026\/02\/Vue-baie-Kalkhoff-moteur-bosch--350x350.jpg 350w, https:\/\/www.lesvelosdelabaie.bzh\/wp-content\/uploads\/2026\/02\/Vue-baie-Kalkhoff-moteur-bosch--150x150.jpg 150w, https:\/\/www.lesvelosdelabaie.bzh\/wp-content\/uploads\/2026\/02\/Vue-baie-Kalkhoff-moteur-bosch--100x100.jpg 100w\" sizes=\"(max-width: 350px) 100vw, 350px\" \/><\/a>\n\t\t\t<\/div>\n\t\t\t\t<figcaption class='wp-caption-text gallery-caption' id='gallery-1-2389'>\n\t\t\t\tBlick auf die Bucht, unsere Kalkhoff-Fahrr\u00e4der\n\t\t\t\t<\/figcaption><\/figure><figure class='gallery-item'>\n\t\t\t<div class='gallery-icon landscape'>\n\t\t\t\t<a data-elementor-open-lightbox=\"yes\" data-elementor-lightbox-slideshow=\"d802d17\" data-elementor-lightbox-title=\"Tr\u00e9beurden Blick auf den Hafen und die Insel Millau\" data-e-action-hash=\"#elementor-action%3Aaction%3Dlightbox%26settings%3DeyJpZCI6MjM5MywidXJsIjoiaHR0cHM6XC9cL3d3dy5sZXN2ZWxvc2RlbGFiYWllLmJ6aFwvd3AtY29udGVudFwvdXBsb2Fkc1wvMjAyNlwvMDJcL1RyZWJldXJkZW4tdnVlLXN1ci1sZS1wb3J0LWV0LWlsZS1taWxsYXUtc2NhbGVkLmpwZyIsInNsaWRlc2hvdyI6ImQ4MDJkMTcifQ%3D%3D\" href='https:\/\/www.lesvelosdelabaie.bzh\/wp-content\/uploads\/2026\/02\/Trebeurden-vue-sur-le-port-et-ile-millau-scaled.jpg'><img loading=\"lazy\" decoding=\"async\" width=\"350\" height=\"350\" src=\"https:\/\/www.lesvelosdelabaie.bzh\/wp-content\/uploads\/2026\/02\/Trebeurden-vue-sur-le-port-et-ile-millau-350x350.jpg\" class=\"attachment-woocommerce_thumbnail size-woocommerce_thumbnail\" alt=\"\" aria-describedby=\"gallery-1-2393\" srcset=\"https:\/\/www.lesvelosdelabaie.bzh\/wp-content\/uploads\/2026\/02\/Trebeurden-vue-sur-le-port-et-ile-millau-350x350.jpg 350w, https:\/\/www.lesvelosdelabaie.bzh\/wp-content\/uploads\/2026\/02\/Trebeurden-vue-sur-le-port-et-ile-millau-150x150.jpg 150w, https:\/\/www.lesvelosdelabaie.bzh\/wp-content\/uploads\/2026\/02\/Trebeurden-vue-sur-le-port-et-ile-millau-100x100.jpg 100w\" sizes=\"(max-width: 350px) 100vw, 350px\" \/><\/a>\n\t\t\t<\/div>\n\t\t\t\t<figcaption class='wp-caption-text gallery-caption' id='gallery-1-2393'>\n\t\t\t\tTr\u00e9beurden, Blick auf den Hafen und die Insel Millau\n\t\t\t\t<\/figcaption><\/figure><figure class='gallery-item'>\n\t\t\t<div class='gallery-icon landscape'>\n\t\t\t\t<a data-elementor-open-lightbox=\"yes\" data-elementor-lightbox-slideshow=\"d802d17\" data-elementor-lightbox-title=\"Pointe de Bihit - Tr\u00e9beurden\" data-e-action-hash=\"#elementor-action%3Aaction%3Dlightbox%26settings%3DeyJpZCI6MjM5NSwidXJsIjoiaHR0cHM6XC9cL3d3dy5sZXN2ZWxvc2RlbGFiYWllLmJ6aFwvd3AtY29udGVudFwvdXBsb2Fkc1wvMjAyNlwvMDJcL3BvaW50ZS1kZS1iaWhpdC1UcmViZXVyZGVuLmpwZyIsInNsaWRlc2hvdyI6ImQ4MDJkMTcifQ%3D%3D\" href='https:\/\/www.lesvelosdelabaie.bzh\/wp-content\/uploads\/2026\/02\/pointe-de-bihit-Trebeurden.jpg'><img loading=\"lazy\" decoding=\"async\" width=\"350\" height=\"350\" src=\"https:\/\/www.lesvelosdelabaie.bzh\/wp-content\/uploads\/2026\/02\/pointe-de-bihit-Trebeurden-350x350.jpg\" class=\"attachment-woocommerce_thumbnail size-woocommerce_thumbnail\" alt=\"\" aria-describedby=\"gallery-1-2395\" srcset=\"https:\/\/www.lesvelosdelabaie.bzh\/wp-content\/uploads\/2026\/02\/pointe-de-bihit-Trebeurden-350x350.jpg 350w, https:\/\/www.lesvelosdelabaie.bzh\/wp-content\/uploads\/2026\/02\/pointe-de-bihit-Trebeurden-150x150.jpg 150w, https:\/\/www.lesvelosdelabaie.bzh\/wp-content\/uploads\/2026\/02\/pointe-de-bihit-Trebeurden-100x100.jpg 100w\" sizes=\"(max-width: 350px) 100vw, 350px\" \/><\/a>\n\t\t\t<\/div>\n\t\t\t\t<figcaption class='wp-caption-text gallery-caption' id='gallery-1-2395'>\n\t\t\t\tPointe de Bihit, Tr\u00e9beurden\n\t\t\t\t<\/figcaption><\/figure><figure class='gallery-item'>\n\t\t\t<div class='gallery-icon portrait'>\n\t\t\t\t<a data-elementor-open-lightbox=\"yes\" data-elementor-lightbox-slideshow=\"d802d17\" data-elementor-lightbox-title=\"Hafen von Locquirec\" data-e-action-hash=\"#elementor-action%3Aaction%3Dlightbox%26settings%3DeyJpZCI6MjM5NCwidXJsIjoiaHR0cHM6XC9cL3d3dy5sZXN2ZWxvc2RlbGFiYWllLmJ6aFwvd3AtY29udGVudFwvdXBsb2Fkc1wvMjAyNlwvMDJcL3BvcnQtZGUtbG9jcXVpcmVjLmpwZyIsInNsaWRlc2hvdyI6ImQ4MDJkMTcifQ%3D%3D\" href='https:\/\/www.lesvelosdelabaie.bzh\/wp-content\/uploads\/2026\/02\/port-de-locquirec.jpg'><img loading=\"lazy\" decoding=\"async\" width=\"350\" height=\"350\" src=\"https:\/\/www.lesvelosdelabaie.bzh\/wp-content\/uploads\/2026\/02\/port-de-locquirec-350x350.jpg\" class=\"attachment-woocommerce_thumbnail size-woocommerce_thumbnail\" alt=\"\" aria-describedby=\"gallery-1-2394\" srcset=\"https:\/\/www.lesvelosdelabaie.bzh\/wp-content\/uploads\/2026\/02\/port-de-locquirec-350x350.jpg 350w, https:\/\/www.lesvelosdelabaie.bzh\/wp-content\/uploads\/2026\/02\/port-de-locquirec-150x150.jpg 150w, https:\/\/www.lesvelosdelabaie.bzh\/wp-content\/uploads\/2026\/02\/port-de-locquirec-100x100.jpg 100w\" sizes=\"(max-width: 350px) 100vw, 350px\" \/><\/a>\n\t\t\t<\/div>\n\t\t\t\t<figcaption class='wp-caption-text gallery-caption' id='gallery-1-2394'>\n\t\t\t\tHafen von Locquirec\n\t\t\t\t<\/figcaption><\/figure><figure class='gallery-item'>\n\t\t\t<div class='gallery-icon landscape'>\n\t\t\t\t<a data-elementor-open-lightbox=\"yes\" data-elementor-lightbox-slideshow=\"d802d17\" data-elementor-lightbox-title=\"Das Radom\" data-e-action-hash=\"#elementor-action%3Aaction%3Dlightbox%26settings%3DeyJpZCI6MjM5OSwidXJsIjoiaHR0cHM6XC9cL3d3dy5sZXN2ZWxvc2RlbGFiYWllLmJ6aFwvd3AtY29udGVudFwvdXBsb2Fkc1wvMjAyNlwvMDJcL0xlLXJhZG9tZS1zY2FsZWQuanBnIiwic2xpZGVzaG93IjoiZDgwMmQxNyJ9\" href='https:\/\/www.lesvelosdelabaie.bzh\/wp-content\/uploads\/2026\/02\/Le-radome-scaled.jpg'><img loading=\"lazy\" decoding=\"async\" width=\"350\" height=\"350\" src=\"https:\/\/www.lesvelosdelabaie.bzh\/wp-content\/uploads\/2026\/02\/Le-radome-350x350.jpg\" class=\"attachment-woocommerce_thumbnail size-woocommerce_thumbnail\" alt=\"\" srcset=\"https:\/\/www.lesvelosdelabaie.bzh\/wp-content\/uploads\/2026\/02\/Le-radome-350x350.jpg 350w, https:\/\/www.lesvelosdelabaie.bzh\/wp-content\/uploads\/2026\/02\/Le-radome-150x150.jpg 150w, https:\/\/www.lesvelosdelabaie.bzh\/wp-content\/uploads\/2026\/02\/Le-radome-100x100.jpg 100w\" sizes=\"(max-width: 350px) 100vw, 350px\" \/><\/a>\n\t\t\t<\/div><\/figure><figure class='gallery-item'>\n\t\t\t<div class='gallery-icon landscape'>\n\t\t\t\t<a data-elementor-open-lightbox=\"yes\" data-elementor-lightbox-slideshow=\"d802d17\" data-elementor-lightbox-title=\"smart\" data-e-action-hash=\"#elementor-action%3Aaction%3Dlightbox%26settings%3DeyJpZCI6MjM5MSwidXJsIjoiaHR0cHM6XC9cL3d3dy5sZXN2ZWxvc2RlbGFiYWllLmJ6aFwvd3AtY29udGVudFwvdXBsb2Fkc1wvMjAyNlwvMDJcL3ZlbG9tYXJpdGltZS12ZXJzLXBlcnJvcy1ndWlyZWMtc2NhbGVkLmpwZyIsInNsaWRlc2hvdyI6ImQ4MDJkMTcifQ%3D%3D\" href='https:\/\/www.lesvelosdelabaie.bzh\/wp-content\/uploads\/2026\/02\/velomaritime-vers-perros-guirec-scaled.jpg'><img loading=\"lazy\" decoding=\"async\" width=\"350\" height=\"350\" src=\"https:\/\/www.lesvelosdelabaie.bzh\/wp-content\/uploads\/2026\/02\/velomaritime-vers-perros-guirec-350x350.jpg\" class=\"attachment-woocommerce_thumbnail size-woocommerce_thumbnail\" alt=\"\" aria-describedby=\"gallery-1-2391\" srcset=\"https:\/\/www.lesvelosdelabaie.bzh\/wp-content\/uploads\/2026\/02\/velomaritime-vers-perros-guirec-350x350.jpg 350w, https:\/\/www.lesvelosdelabaie.bzh\/wp-content\/uploads\/2026\/02\/velomaritime-vers-perros-guirec-300x300.jpg 300w, https:\/\/www.lesvelosdelabaie.bzh\/wp-content\/uploads\/2026\/02\/velomaritime-vers-perros-guirec-1024x1024.jpg 1024w, https:\/\/www.lesvelosdelabaie.bzh\/wp-content\/uploads\/2026\/02\/velomaritime-vers-perros-guirec-150x150.jpg 150w, https:\/\/www.lesvelosdelabaie.bzh\/wp-content\/uploads\/2026\/02\/velomaritime-vers-perros-guirec-768x768.jpg 768w, https:\/\/www.lesvelosdelabaie.bzh\/wp-content\/uploads\/2026\/02\/velomaritime-vers-perros-guirec-1536x1536.jpg 1536w, https:\/\/www.lesvelosdelabaie.bzh\/wp-content\/uploads\/2026\/02\/velomaritime-vers-perros-guirec-2048x2048.jpg 2048w, https:\/\/www.lesvelosdelabaie.bzh\/wp-content\/uploads\/2026\/02\/velomaritime-vers-perros-guirec-530x530.jpg 530w, https:\/\/www.lesvelosdelabaie.bzh\/wp-content\/uploads\/2026\/02\/velomaritime-vers-perros-guirec-100x100.jpg 100w\" sizes=\"(max-width: 350px) 100vw, 350px\" \/><\/a>\n\t\t\t<\/div>\n\t\t\t\t<figcaption class='wp-caption-text gallery-caption' id='gallery-1-2391'>\n\t\t\t\tSchild\n\t\t\t\t<\/figcaption><\/figure><figure class='gallery-item'>\n\t\t\t<div class='gallery-icon portrait'>\n\t\t\t\t<a data-elementor-open-lightbox=\"yes\" data-elementor-lightbox-slideshow=\"d802d17\" data-elementor-lightbox-title=\"Strand Plestin-les-Gr\u00e8ves\" data-e-action-hash=\"#elementor-action%3Aaction%3Dlightbox%26settings%3DeyJpZCI6MjM5NiwidXJsIjoiaHR0cHM6XC9cL3d3dy5sZXN2ZWxvc2RlbGFiYWllLmJ6aFwvd3AtY29udGVudFwvdXBsb2Fkc1wvMjAyNlwvMDJcL3BsYWdlLXBsZXN0aW4tbGVzLWdyZXZlcy1zY2FsZWQuanBnIiwic2xpZGVzaG93IjoiZDgwMmQxNyJ9\" href='https:\/\/www.lesvelosdelabaie.bzh\/wp-content\/uploads\/2026\/02\/plage-plestin-les-greves-scaled.jpg'><img loading=\"lazy\" decoding=\"async\" width=\"350\" height=\"350\" src=\"https:\/\/www.lesvelosdelabaie.bzh\/wp-content\/uploads\/2026\/02\/plage-plestin-les-greves-350x350.jpg\" class=\"attachment-woocommerce_thumbnail size-woocommerce_thumbnail\" alt=\"\" aria-describedby=\"gallery-1-2396\" srcset=\"https:\/\/www.lesvelosdelabaie.bzh\/wp-content\/uploads\/2026\/02\/plage-plestin-les-greves-350x350.jpg 350w, https:\/\/www.lesvelosdelabaie.bzh\/wp-content\/uploads\/2026\/02\/plage-plestin-les-greves-150x150.jpg 150w, https:\/\/www.lesvelosdelabaie.bzh\/wp-content\/uploads\/2026\/02\/plage-plestin-les-greves-100x100.jpg 100w\" sizes=\"(max-width: 350px) 100vw, 350px\" \/><\/a>\n\t\t\t<\/div>\n\t\t\t\t<figcaption class='wp-caption-text gallery-caption' id='gallery-1-2396'>\n\t\t\t\tBlick auf den Strand von Plestin-les-Gr\u00e8ves\n\t\t\t\t<\/figcaption><\/figure><figure class='gallery-item'>\n\t\t\t<div class='gallery-icon portrait'>\n\t\t\t\t<a data-elementor-open-lightbox=\"yes\" data-elementor-lightbox-slideshow=\"d802d17\" data-elementor-lightbox-title=\"auf den Wegen\" data-e-action-hash=\"#elementor-action%3Aaction%3Dlightbox%26settings%3DeyJpZCI6MjQwMSwidXJsIjoiaHR0cHM6XC9cL3d3dy5sZXN2ZWxvc2RlbGFiYWllLmJ6aFwvd3AtY29udGVudFwvdXBsb2Fkc1wvMjAyNlwvMDJcL2RhbnMtbGVzLWNoZW1pbnMtMS5qcGciLCJzbGlkZXNob3ciOiJkODAyZDE3In0%3D\" href='https:\/\/www.lesvelosdelabaie.bzh\/wp-content\/uploads\/2026\/02\/dans-les-chemins-1.jpg'><img loading=\"lazy\" decoding=\"async\" width=\"350\" height=\"350\" src=\"https:\/\/www.lesvelosdelabaie.bzh\/wp-content\/uploads\/2026\/02\/dans-les-chemins-1-350x350.jpg\" class=\"attachment-woocommerce_thumbnail size-woocommerce_thumbnail\" alt=\"\" srcset=\"https:\/\/www.lesvelosdelabaie.bzh\/wp-content\/uploads\/2026\/02\/dans-les-chemins-1-350x350.jpg 350w, https:\/\/www.lesvelosdelabaie.bzh\/wp-content\/uploads\/2026\/02\/dans-les-chemins-1-150x150.jpg 150w, https:\/\/www.lesvelosdelabaie.bzh\/wp-content\/uploads\/2026\/02\/dans-les-chemins-1-100x100.jpg 100w\" sizes=\"(max-width: 350px) 100vw, 350px\" \/><\/a>\n\t\t\t<\/div><\/figure><figure class='gallery-item'>\n\t\t\t<div class='gallery-icon landscape'>\n\t\t\t\t<a data-elementor-open-lightbox=\"yes\" data-elementor-lightbox-slideshow=\"d802d17\" data-elementor-lightbox-title=\"smart\" data-e-action-hash=\"#elementor-action%3Aaction%3Dlightbox%26settings%3DeyJpZCI6MjM5MiwidXJsIjoiaHR0cHM6XC9cL3d3dy5sZXN2ZWxvc2RlbGFiYWllLmJ6aFwvd3AtY29udGVudFwvdXBsb2Fkc1wvMjAyNlwvMDJcL3ZlbG9tYXJpdGltZS1kZXBhcnQtVHJlZ2FzdGVsLXNjYWxlZC5qcGciLCJzbGlkZXNob3ciOiJkODAyZDE3In0%3D\" href='https:\/\/www.lesvelosdelabaie.bzh\/wp-content\/uploads\/2026\/02\/velomaritime-depart-Tregastel-scaled.jpg'><img loading=\"lazy\" decoding=\"async\" width=\"350\" height=\"350\" src=\"https:\/\/www.lesvelosdelabaie.bzh\/wp-content\/uploads\/2026\/02\/velomaritime-depart-Tregastel-350x350.jpg\" class=\"attachment-woocommerce_thumbnail size-woocommerce_thumbnail\" alt=\"\" aria-describedby=\"gallery-1-2392\" srcset=\"https:\/\/www.lesvelosdelabaie.bzh\/wp-content\/uploads\/2026\/02\/velomaritime-depart-Tregastel-350x350.jpg 350w, https:\/\/www.lesvelosdelabaie.bzh\/wp-content\/uploads\/2026\/02\/velomaritime-depart-Tregastel-300x300.jpg 300w, https:\/\/www.lesvelosdelabaie.bzh\/wp-content\/uploads\/2026\/02\/velomaritime-depart-Tregastel-1024x1024.jpg 1024w, https:\/\/www.lesvelosdelabaie.bzh\/wp-content\/uploads\/2026\/02\/velomaritime-depart-Tregastel-150x150.jpg 150w, https:\/\/www.lesvelosdelabaie.bzh\/wp-content\/uploads\/2026\/02\/velomaritime-depart-Tregastel-768x768.jpg 768w, https:\/\/www.lesvelosdelabaie.bzh\/wp-content\/uploads\/2026\/02\/velomaritime-depart-Tregastel-1536x1536.jpg 1536w, https:\/\/www.lesvelosdelabaie.bzh\/wp-content\/uploads\/2026\/02\/velomaritime-depart-Tregastel-2048x2048.jpg 2048w, https:\/\/www.lesvelosdelabaie.bzh\/wp-content\/uploads\/2026\/02\/velomaritime-depart-Tregastel-530x530.jpg 530w, https:\/\/www.lesvelosdelabaie.bzh\/wp-content\/uploads\/2026\/02\/velomaritime-depart-Tregastel-100x100.jpg 100w\" sizes=\"(max-width: 350px) 100vw, 350px\" \/><\/a>\n\t\t\t<\/div>\n\t\t\t\t<figcaption class='wp-caption-text gallery-caption' id='gallery-1-2392'>\n\t\t\t\tWegweiser f\u00fcr Radtouren\n\t\t\t\t<\/figcaption><\/figure><figure class='gallery-item'>\n\t\t\t<div class='gallery-icon portrait'>\n\t\t\t\t<a data-elementor-open-lightbox=\"yes\" data-elementor-lightbox-slideshow=\"d802d17\" data-elementor-lightbox-title=\"Wanderung\" data-e-action-hash=\"#elementor-action%3Aaction%3Dlightbox%26settings%3DeyJpZCI6MjQwMywidXJsIjoiaHR0cHM6XC9cL3d3dy5sZXN2ZWxvc2RlbGFiYWllLmJ6aFwvd3AtY29udGVudFwvdXBsb2Fkc1wvMjAyNlwvMDJcL2JhbGFkZS1lbi1pdGluZXJhbmNlLmpwZyIsInNsaWRlc2hvdyI6ImQ4MDJkMTcifQ%3D%3D\" href='https:\/\/www.lesvelosdelabaie.bzh\/wp-content\/uploads\/2026\/02\/balade-en-itinerance.jpg'><img loading=\"lazy\" decoding=\"async\" width=\"350\" height=\"350\" src=\"https:\/\/www.lesvelosdelabaie.bzh\/wp-content\/uploads\/2026\/02\/balade-en-itinerance-350x350.jpg\" class=\"attachment-woocommerce_thumbnail size-woocommerce_thumbnail\" alt=\"\" aria-describedby=\"gallery-1-2403\" srcset=\"https:\/\/www.lesvelosdelabaie.bzh\/wp-content\/uploads\/2026\/02\/balade-en-itinerance-350x350.jpg 350w, https:\/\/www.lesvelosdelabaie.bzh\/wp-content\/uploads\/2026\/02\/balade-en-itinerance-150x150.jpg 150w, https:\/\/www.lesvelosdelabaie.bzh\/wp-content\/uploads\/2026\/02\/balade-en-itinerance-100x100.jpg 100w\" sizes=\"(max-width: 350px) 100vw, 350px\" \/><\/a>\n\t\t\t<\/div>\n\t\t\t\t<figcaption class='wp-caption-text gallery-caption' id='gallery-1-2403'>\n\t\t\t\tBlick auf Beg L\u00e9guer\n\t\t\t\t<\/figcaption><\/figure>\n\t\t<\/div>\n\t\t<\/div>\n\t\t\t\t\t\t<\/div>\n\t\t\t\t<\/div>\n\t\t\t\t\t<\/div>\n\t\t<\/div>\n\t\t\t\t\t<\/div>\n\t\t<\/section>\n\t\t\t\t<\/div>\n\t\t","protected":false},"excerpt":{"rendered":"<p>Mit dem E-Bike. Ab 5 bis 10 Personen 50 \u20ac Erwachsene &#8211; 42 \u20ac Jugendliche Gruppe ab 5 Personen Dauer nach Absprache Angebot anfordern Es ist m\u00f6glich, eine Radtour in der Region Tr\u00e9gor auf Anfrage f\u00fcr eine Gruppe zu planen. Du m\u00f6chtest die Region mit dem Fahrrad entdecken. Ob mit Freunden, der Familie, Kollegen oder <\/p>\n","protected":false},"author":2,"featured_media":0,"parent":0,"menu_order":0,"comment_status":"closed","ping_status":"closed","template":"","meta":{"_acf_changed":false,"_seopress_robots_primary_cat":"","_seopress_titles_title":"TOUR ENTLANG DER H\u00c4FEN","_seopress_titles_desc":"","_seopress_robots_index":"","pgc_sgb_lightbox_settings":"","footnotes":""},"class_list":["post-2364","page","type-page","status-publish","hentry"],"acf":[],"_links":{"self":[{"href":"https:\/\/www.lesvelosdelabaie.bzh\/de\/wp-json\/wp\/v2\/pages\/2364","targetHints":{"allow":["GET"]}}],"collection":[{"href":"https:\/\/www.lesvelosdelabaie.bzh\/de\/wp-json\/wp\/v2\/pages"}],"about":[{"href":"https:\/\/www.lesvelosdelabaie.bzh\/de\/wp-json\/wp\/v2\/types\/page"}],"author":[{"embeddable":true,"href":"https:\/\/www.lesvelosdelabaie.bzh\/de\/wp-json\/wp\/v2\/users\/2"}],"replies":[{"embeddable":true,"href":"https:\/\/www.lesvelosdelabaie.bzh\/de\/wp-json\/wp\/v2\/comments?post=2364"}],"version-history":[{"count":7,"href":"https:\/\/www.lesvelosdelabaie.bzh\/de\/wp-json\/wp\/v2\/pages\/2364\/revisions"}],"predecessor-version":[{"id":3360,"href":"https:\/\/www.lesvelosdelabaie.bzh\/de\/wp-json\/wp\/v2\/pages\/2364\/revisions\/3360"}],"wp:attachment":[{"href":"https:\/\/www.lesvelosdelabaie.bzh\/de\/wp-json\/wp\/v2\/media?parent=2364"}],"curies":[{"name":"wp","href":"https:\/\/api.w.org\/{rel}","templated":true}]}}