{"id":2337,"date":"2026-02-09T17:36:27","date_gmt":"2026-02-09T17:36:27","guid":{"rendered":"https:\/\/www.lesvelosdelabaie.bzh\/startseite\/"},"modified":"2026-03-26T10:46:52","modified_gmt":"2026-03-26T10:46:52","slug":"startseite","status":"publish","type":"page","link":"https:\/\/www.lesvelosdelabaie.bzh\/de\/","title":{"rendered":"Startseite"},"content":{"rendered":"\t\t<div data-elementor-type=\"wp-page\" data-elementor-id=\"2337\" class=\"elementor elementor-2337 elementor-1975\">\n\t\t\t\t\t\t<section class=\"elementor-section elementor-top-section elementor-element elementor-element-e4c10c3 elementor-section-full_width elementor-section-content-middle elementor-section-height-default elementor-section-height-default\" data-id=\"e4c10c3\" data-element_type=\"section\" data-e-type=\"section\" data-settings=\"{&quot;background_background&quot;:&quot;classic&quot;}\">\n\t\t\t\t\t\t<div class=\"elementor-container elementor-column-gap-no\">\n\t\t\t\t\t<div class=\"elementor-column elementor-col-100 elementor-top-column elementor-element elementor-element-d7d9459 elementor-hidden-desktop\" data-id=\"d7d9459\" data-element_type=\"column\" data-e-type=\"column\">\n\t\t\t<div class=\"elementor-widget-wrap elementor-element-populated\">\n\t\t\t\t\t\t<div class=\"elementor-element elementor-element-1515a2f elementor-hidden-desktop elementor-widget elementor-widget-Eura_Banner_Two\" data-id=\"1515a2f\" data-element_type=\"widget\" data-e-type=\"widget\" data-widget_type=\"Eura_Banner_Two.default\">\n\t\t\t\t<div class=\"elementor-widget-container\">\n\t\t\t\t\t\r\n        <!-- Hero Section Start -->\r\n        <div class=\"hero-wrap style-two position-relative index-1\">\r\n            <div class=\"container\">\r\n                <div class=\"hero-content text-center\">\r\n                                            <h1>\r\n                            Fahrradverleih und Touren im Herzen des Tr\u00e9gor                        <\/h1>\r\n                                                                <p>\r\n                            Machen Sie eine E-Bike-Tour. Yann, Ihr Guide, bietet Ihnen begleitete Touren an.                         <\/p>\r\n                                        <div class=\"hero-btn\">\r\n                                                    <a href=\"https:\/\/lesvelosdelabaie.lokki.rent\/\" class=\"btn style-one\">Jetzt buchen                                                                    <img decoding=\"async\" src=\"https:\/\/www.lesvelosdelabaie.bzh\/wp-content\/uploads\/2024\/02\/right-arrow-white.svg\" alt=\"image\">\r\n                                                            <\/a>\r\n                                                                            <a href=\"https:\/\/www.lesvelosdelabaie.bzh\/about-us\/\" class=\"link style-one fw-semibold\">                                                            <\/a>\r\n                                            <\/div>\r\n                <\/div>\r\n            <\/div>\r\n            <div class=\"container-fluid position-relative\">\r\n                                <div class=\"row align-items-end\">\r\n                    <div class=\"col-lg-8 col-md-8\">\r\n                        <div class=\"swiper hero-slider\">\r\n                            <div class=\"swiper-wrapper\">\r\n                                                                    <div class=\"swiper-slide hero-slide-item\">\r\n                                                                            <\/div>\r\n                                                            <\/div>\r\n                        <\/div>\r\n                    <\/div>\r\n                    <div class=\"col-lg-4 col-md-4\">\r\n                        <div class=\"swiper hero-thumb-slider\">\r\n                            <div class=\"swiper-wrapper\">\r\n                                                                    <div class=\"swiper-slide\">\r\n                                                                            <\/div>\r\n                                                            <\/div>\r\n                            <div class=\"hero-navigation d-flex justify-content-center\">\r\n                                                                    <div class=\"hero-prev transition\"><img decoding=\"async\" src=\"https:\/\/www.lesvelosdelabaie.bzh\/wp-content\/uploads\/2024\/02\/left-arrow-2.svg\" alt=\"Image\"><\/div>\r\n                                                                                                    <div class=\"hero-next transition\"><img decoding=\"async\" src=\"https:\/\/www.lesvelosdelabaie.bzh\/wp-content\/uploads\/2024\/02\/right-arrow-2.svg\" alt=\"Image\"><\/div>\r\n                                                            <\/div>\r\n                        <\/div>\r\n                    <\/div>\r\n                <\/div>\r\n            <\/div>\r\n        <\/div>\r\n        <!-- Hero Section End -->\r\n        \t\t\t\t<\/div>\n\t\t\t\t<\/div>\n\t\t\t\t\t<\/div>\n\t\t<\/div>\n\t\t\t\t\t<\/div>\n\t\t<\/section>\n\t\t\t\t<section class=\"elementor-section elementor-top-section elementor-element elementor-element-2c70630 elementor-section-full_width elementor-section-height-default elementor-section-height-default\" data-id=\"2c70630\" data-element_type=\"section\" data-e-type=\"section\">\n\t\t\t\t\t\t<div class=\"elementor-container elementor-column-gap-no\">\n\t\t\t\t\t<div class=\"elementor-column elementor-col-100 elementor-top-column elementor-element elementor-element-bb58cc1\" data-id=\"bb58cc1\" data-element_type=\"column\" data-e-type=\"column\">\n\t\t\t<div class=\"elementor-widget-wrap elementor-element-populated\">\n\t\t\t\t\t\t<div class=\"elementor-element elementor-element-df0b189 elementor-hidden-mobile elementor-hidden-tablet elementor-widget elementor-widget-Eura_Banner_Six\" data-id=\"df0b189\" data-element_type=\"widget\" data-e-type=\"widget\" data-widget_type=\"Eura_Banner_Six.default\">\n\t\t\t\t<div class=\"elementor-widget-container\">\n\t\t\t\t\t\r\n        <!-- Hero Section Start -->\r\n        <div class=\"hero-wrap style-six position-relative z-1 overflow-hidden\">\r\n            <div class=\"hero-bg bg-f\" style=\"background-image:url(https:\/\/www.lesvelosdelabaie.bzh\/wp-content\/uploads\/2026\/02\/Frame-22.jpg);\"><\/div>\r\n            <div class=\"container\">\r\n                <div class=\"row align-items-center\">\r\n                    <div class=\"col-xxl-5 col-lg-6\">\r\n                        <div class=\"hero-content mb-md-30\" data-cue=\"slideInUp\">\r\n                                                                                        <h1 class=\"text-white fw-semibold\">\r\n                                    Fahrradverleih und Touren im Herzen des Tr\u00e9gor                                <\/h1>\r\n                                                                                        <a href=\"https:\/\/lesvelosdelabaie.lokki.rent\/\" class=\"btn style-three\">JETZT BUCHEN                                                                            <img decoding=\"async\" src=\"https:\/\/www.lesvelosdelabaie.bzh\/wp-content\/uploads\/2024\/02\/right-arrow-black.svg\" alt=\"image\">\r\n                                                                    <\/a>\r\n                                                    <\/div>\r\n                    <\/div>\r\n                    <div class=\"col-xxl-3 offset-xxl-4 col-xl-4 offset-xl-2 col-lg-5 offset-lg-1 ps-xxl-5 pe-xxl-1\">\r\n                        <div class=\"hero-para\" data-cue=\"slideInUp\">\r\n                                                            <p class=\"text-white\">\r\n                                    Machen Sie eine E-Bike-Tour. Yann, Ihr Guide, bietet Ihnen begleitete Touren an.                                 <\/p>\r\n                                                        <div class=\"text-lg-end\">\r\n                                                            <\/div>\r\n                        <\/div>\r\n                    <\/div>\r\n                <\/div>\r\n            <\/div>\r\n        <\/div>\r\n        <!-- Hero Section End -->\r\n\r\n        \t\t\t\t<\/div>\n\t\t\t\t<\/div>\n\t\t\t\t<div class=\"elementor-element elementor-element-d1115f6 elementor-widget elementor-widget-Eura_Text_Slide\" data-id=\"d1115f6\" data-element_type=\"widget\" data-e-type=\"widget\" data-widget_type=\"Eura_Text_Slide.default\">\n\t\t\t\t<div class=\"elementor-widget-container\">\n\t\t\t\t\t\r\n        <!-- Moving Text Start -->\r\n        <div class=\"move-text style-one\">\r\n            <ul class=\"list-unstyle mb-0\">\r\n                                    <li>Er\u00f6ffnung am 15. April 2026<\/li>\r\n                                    <li> Mieten Sie ein Fahrrad <\/li>\r\n                                    <li>Melden Sie sich f\u00fcr eine Wanderung an<\/li>\r\n                                    <li>Er\u00f6ffnung am 15. April 2026<\/li>\r\n                                    <li>Mieten Sie ein Fahrrad<\/li>\r\n                                    <li>Melden Sie sich f\u00fcr eine Wanderung an<\/li>\r\n                            <\/ul>\r\n        <\/div>\r\n        <!-- Moving Text End -->\r\n\r\n        \t\t\t\t<\/div>\n\t\t\t\t<\/div>\n\t\t\t\t\t<\/div>\n\t\t<\/div>\n\t\t\t\t\t<\/div>\n\t\t<\/section>\n\t\t\t\t<section class=\"elementor-section elementor-top-section elementor-element elementor-element-2e80e36 elementor-section-boxed elementor-section-height-default elementor-section-height-default\" data-id=\"2e80e36\" data-element_type=\"section\" data-e-type=\"section\">\n\t\t\t\t\t\t<div class=\"elementor-container elementor-column-gap-default\">\n\t\t\t\t\t<div class=\"elementor-column elementor-col-100 elementor-top-column elementor-element elementor-element-c5fa66a\" data-id=\"c5fa66a\" data-element_type=\"column\" data-e-type=\"column\">\n\t\t\t<div class=\"elementor-widget-wrap elementor-element-populated\">\n\t\t\t\t\t\t<div class=\"elementor-element elementor-element-dc1ba45 elementor-widget elementor-widget-video\" data-id=\"dc1ba45\" data-element_type=\"widget\" data-e-type=\"widget\" data-settings=\"{&quot;youtube_url&quot;:&quot;https:\\\/\\\/www.youtube.com\\\/watch?v=d1KowcI62oY&quot;,&quot;yt_privacy&quot;:&quot;yes&quot;,&quot;video_type&quot;:&quot;youtube&quot;,&quot;controls&quot;:&quot;yes&quot;}\" data-widget_type=\"video.default\">\n\t\t\t\t<div class=\"elementor-widget-container\">\n\t\t\t\t\t\t\t<div class=\"elementor-wrapper elementor-open-inline\">\n\t\t\t<div class=\"elementor-video\"><\/div>\t\t<\/div>\n\t\t\t\t\t\t<\/div>\n\t\t\t\t<\/div>\n\t\t\t\t\t<\/div>\n\t\t<\/div>\n\t\t\t\t\t<\/div>\n\t\t<\/section>\n\t\t\t\t<section class=\"elementor-section elementor-top-section elementor-element elementor-element-116d067 elementor-hidden-tablet elementor-hidden-mobile elementor-section-boxed elementor-section-height-default elementor-section-height-default\" data-id=\"116d067\" data-element_type=\"section\" data-e-type=\"section\" id=\"velos\">\n\t\t\t\t\t\t<div class=\"elementor-container elementor-column-gap-default\">\n\t\t\t\t\t<div class=\"elementor-column elementor-col-50 elementor-top-column elementor-element elementor-element-1ee95d9\" data-id=\"1ee95d9\" data-element_type=\"column\" data-e-type=\"column\">\n\t\t\t<div class=\"elementor-widget-wrap elementor-element-populated\">\n\t\t\t\t\t\t<div class=\"elementor-element elementor-element-7f669b6 elementor-widget elementor-widget-heading\" data-id=\"7f669b6\" data-element_type=\"widget\" data-e-type=\"widget\" data-widget_type=\"heading.default\">\n\t\t\t\t<div class=\"elementor-widget-container\">\n\t\t\t\t\t<h2 class=\"elementor-heading-title elementor-size-default\">Yann, die Seele des Tr\u00e9gor auf dem Fahrrad<\/h2>\t\t\t\t<\/div>\n\t\t\t\t<\/div>\n\t\t\t\t\t<\/div>\n\t\t<\/div>\n\t\t\t\t<div class=\"elementor-column elementor-col-50 elementor-top-column elementor-element elementor-element-449456a\" data-id=\"449456a\" data-element_type=\"column\" data-e-type=\"column\">\n\t\t\t<div class=\"elementor-widget-wrap elementor-element-populated\">\n\t\t\t\t\t\t<div class=\"elementor-element elementor-element-c5ddc20 elementor-widget elementor-widget-text-editor\" data-id=\"c5ddc20\" data-element_type=\"widget\" data-e-type=\"widget\" data-widget_type=\"text-editor.default\">\n\t\t\t\t<div class=\"elementor-widget-container\">\n\t\t\t\t\t\t\t\t\t<p>Yann, Ihr Begleiter, ist ein Kind des Tr\u00e9gor. Er f\u00e4hrt seit seiner Jugend Fahrrad. Er ist Mitglied in einem lokalen Radsportverein. Er kennt die Wege sehr gut und wird Sie sicher begleiten, ohne sich um die Route k\u00fcmmern zu m\u00fcssen. Er wird Ihnen Orte, Wege und Landschaften in v\u00f6lliger Sicherheit zeigen.    <\/p>\t\t\t\t\t\t\t\t<\/div>\n\t\t\t\t<\/div>\n\t\t\t\t\t<\/div>\n\t\t<\/div>\n\t\t\t\t\t<\/div>\n\t\t<\/section>\n\t\t\t\t<section class=\"elementor-section elementor-top-section elementor-element elementor-element-93c3148 elementor-hidden-desktop elementor-section-boxed elementor-section-height-default elementor-section-height-default\" data-id=\"93c3148\" data-element_type=\"section\" data-e-type=\"section\">\n\t\t\t\t\t\t<div class=\"elementor-container elementor-column-gap-default\">\n\t\t\t\t\t<div class=\"elementor-column elementor-col-100 elementor-top-column elementor-element elementor-element-f3b71e5\" data-id=\"f3b71e5\" data-element_type=\"column\" data-e-type=\"column\">\n\t\t\t<div class=\"elementor-widget-wrap elementor-element-populated\">\n\t\t\t\t\t\t<div class=\"elementor-element elementor-element-80bb6ac elementor-widget__width-inherit elementor-hidden-desktop elementor-widget elementor-widget-Eura_About\" data-id=\"80bb6ac\" data-element_type=\"widget\" data-e-type=\"widget\" data-widget_type=\"Eura_About.default\">\n\t\t\t\t<div class=\"elementor-widget-container\">\n\t\t\t\t\t\r\n        <!-- About Section Start -->\r\n        \r\n                    <div class=\"about-wrap style-one ptb-150\">\r\n                <div class=\"container-fluid\">\r\n                    <div class=\"row align-items-center\">\r\n                        <div class=\"col-lg-6\" data-cue=\"slideInUp\">\r\n                            <div class=\"about-img\">\r\n                                                            <\/div>\r\n                        <\/div>\r\n                        <div class=\"col-lg-6\" data-cue=\"slideInUp\">\r\n                            <div class=\"about-content\">\r\n                                <div class=\"section-title\">\r\n                                                                            <h2>Yann, die Seele des Tr\u00e9gor auf dem Fahrrad<\/h2>\r\n                                                                                                                <p class=\"mb-0\">Yann, Ihr Begleiter, ist ein Kind des Tr\u00e9gor und seit jeher leidenschaftlicher Radfahrer. Als Mitglied eines lokalen Vereins kennt er die Wege perfekt und wird Sie sicher f\u00fchren, um Landschaften, Orte und Pfade der Region zu entdecken. <\/p>\r\n                                                                    <\/div>\r\n                                <div class=\"features-item-wrap d-flex flex-wrap\">\r\n                                                                            <div class=\"feature-item\">\r\n                                                                                        <p><\/p>\r\n                                        <\/div>\r\n                                                                    <\/div>\r\n                            <\/div>\r\n                        <\/div>\r\n                    <\/div>\r\n                <\/div>\r\n            <\/div>\r\n                <!-- About Section End -->\r\n\r\n        \t\t\t\t<\/div>\n\t\t\t\t<\/div>\n\t\t\t\t\t<\/div>\n\t\t<\/div>\n\t\t\t\t\t<\/div>\n\t\t<\/section>\n\t\t\t\t<section class=\"elementor-section elementor-top-section elementor-element elementor-element-21a39091 elementor-section-full_width elementor-section-height-default elementor-section-height-default\" data-id=\"21a39091\" data-element_type=\"section\" data-e-type=\"section\">\n\t\t\t\t\t\t<div class=\"elementor-container elementor-column-gap-no\">\n\t\t\t\t\t<div class=\"elementor-column elementor-col-100 elementor-top-column elementor-element elementor-element-1353b21a\" data-id=\"1353b21a\" data-element_type=\"column\" data-e-type=\"column\">\n\t\t\t<div class=\"elementor-widget-wrap elementor-element-populated\">\n\t\t\t\t\t\t<div class=\"elementor-element elementor-element-3963dc5e elementor-widget elementor-widget-Eura_Categories_Four\" data-id=\"3963dc5e\" data-element_type=\"widget\" data-e-type=\"widget\" id=\"classique\" data-widget_type=\"Eura_Categories_Four.default\">\n\t\t\t\t<div class=\"elementor-widget-container\">\n\t\t\t\t\t\r\n        <!-- Feature Category Section Start -->\r\n        <div class=\"container-fluid px-xxl-5 pb-75\">\r\n            <div class=\"row align-items-xxl-center\"> \r\n                <div class=\"col-xl-6\">\r\n                    <div class=\"promo-card style-three d-flex flex-column justify-content-between bg-f position-relative z-1 round-15 mb-25\" data-cue=\"slideInUp\" style=\"background-image:url(https:\/\/www.lesvelosdelabaie.bzh\/wp-content\/uploads\/2026\/02\/dans-les-chemins.jpg);\">\r\n                        <div class=\"promo-top-content\">\r\n                            \r\n                            \r\n                            \r\n                                                    <\/div>\r\n                        <div class=\"promo-bottom-content text-center\">\r\n                            <div class=\"section-title\">\r\n                                                                    <h2 class=\"text-white\">Klassisch, elektrisch, modern, ausgestattet und startklar<\/h2>\r\n                                \r\n                                                                    <a href=\"https:\/\/lesvelosdelabaie.lokki.rent\/\" class=\"link style-four text-white\">MIETEN SIE IHR FAHRRAD                                                                                    <img decoding=\"async\" src=\"https:\/\/www.lesvelosdelabaie.bzh\/wp-content\/uploads\/2024\/02\/right-arrow-white.svg\" alt=\"image\">\r\n                                                                            <\/a>\r\n                                                            <\/div>\r\n                        <\/div>\r\n                    <\/div>\r\n                <\/div>\r\n                <div class=\"col-xxl-5 offset-xxl-1 col-xl-6 ps-xxl-0\">\r\n                    <div class=\"category-content\">\r\n                        <div class=\"row align-items-center mb-40\">\r\n                            <div class=\"col-md-8 mb-sm-20\">\r\n                                <div class=\"section-title\" data-cue=\"slideInUp\">\r\n                                                                            <h2 class=\"fw-medium mb-2\">Unsere Fahrr\u00e4der<\/h2>\r\n                                                                                                        <\/div>\r\n                            <\/div>\r\n                            <div class=\"col-md-4\" data-cue=\"slideInUp\">\r\n                                <div class=\"slider-btn d-flex align-items-center justify-content-md-end\">\r\n                                                                            <button class=\"prev-btn cat-prev d-flex flex-column align-items-center justify-content-center border-0 rounded-circle transition\">\r\n                                            <img decoding=\"async\" src=\"https:\/\/www.lesvelosdelabaie.bzh\/wp-content\/uploads\/2025\/05\/left-arrow-2.svg\" alt=\"Image\">\r\n                                        <\/button>\r\n                                                                                                                <button class=\"next-btn cat-next d-flex flex-column align-items-center justify-content-center border-0 rounded-circle transition\">\r\n                                            <img decoding=\"async\" src=\"https:\/\/www.lesvelosdelabaie.bzh\/wp-content\/uploads\/2025\/05\/right-arrow-2.svg\" alt=\"Image\">\r\n                                        <\/button>\r\n                                                                    <\/div>\r\n                            <\/div>\r\n                        <\/div>\r\n                        <div class=\"category-slider-three swiper\" data-cue=\"slideInUp\">\r\n                            <div class=\"swiper-wrapper\">\r\n                                                                <div class=\"swiper-slide\">\r\n                                    <div class=\"cat-card style-two mb-30\">\r\n                                        <div class=\"cat-img position-relative overflow-hidden round-15\">\r\n                                                                                            <img decoding=\"async\" src=\"https:\/\/www.lesvelosdelabaie.bzh\/wp-content\/uploads\/2026\/02\/VAE-kalkhoff-modele-mixte-2-1.png\" class=\"round-15 transition\" alt=\"Image\">\r\n                                                                                    <\/div>\r\n                                        <h3 class=\"fs-24 fw-medium\"><a href=\"https:\/\/www.lesvelosdelabaie.bzh\/de\/product-category\/e-bike\/\" class=\"text-title\">E-Bike<\/a><\/h3>\r\n                                    <\/div>\r\n                                <\/div>\r\n                                                                <div class=\"swiper-slide\">\r\n                                    <div class=\"cat-card style-two mb-30\">\r\n                                        <div class=\"cat-img position-relative overflow-hidden round-15\">\r\n                                                                                            <img decoding=\"async\" src=\"https:\/\/www.lesvelosdelabaie.bzh\/wp-content\/uploads\/2026\/02\/gravel-1-1.png\" class=\"round-15 transition\" alt=\"Image\">\r\n                                                                                    <\/div>\r\n                                        <h3 class=\"fs-24 fw-medium\"><a href=\"https:\/\/www.lesvelosdelabaie.bzh\/de\/product-category\/klassikrad\/\" class=\"text-title\">Klassikrad<\/a><\/h3>\r\n                                    <\/div>\r\n                                <\/div>\r\n                                                                <div class=\"swiper-slide\">\r\n                                    <div class=\"cat-card style-two mb-30\">\r\n                                        <div class=\"cat-img position-relative overflow-hidden round-15\">\r\n                                                                                            <img decoding=\"async\" src=\"https:\/\/www.lesvelosdelabaie.bzh\/wp-content\/uploads\/2026\/02\/panier-avant-pour-animal_-2.png\" class=\"round-15 transition\" alt=\"Image\">\r\n                                                                                    <\/div>\r\n                                        <h3 class=\"fs-24 fw-medium\"><a href=\"https:\/\/www.lesvelosdelabaie.bzh\/de\/product-category\/zubehor\/\" class=\"text-title\">Zubeh\u00f6r<\/a><\/h3>\r\n                                    <\/div>\r\n                                <\/div>\r\n                                                            <\/div>\r\n                        <\/div>\r\n                    <\/div>\r\n                <\/div>\r\n            <\/div>\r\n        <\/div>\r\n        <!-- Product Section End -->\r\n\r\n        \t\t\t\t<\/div>\n\t\t\t\t<\/div>\n\t\t\t\t\t<\/div>\n\t\t<\/div>\n\t\t\t\t\t<\/div>\n\t\t<\/section>\n\t\t\t\t<section class=\"elementor-section elementor-top-section elementor-element elementor-element-0101ea2 elementor-section-boxed elementor-section-height-default elementor-section-height-default\" data-id=\"0101ea2\" data-element_type=\"section\" data-e-type=\"section\">\n\t\t\t\t\t\t<div class=\"elementor-container elementor-column-gap-default\">\n\t\t\t\t\t<div class=\"elementor-column elementor-col-100 elementor-top-column elementor-element elementor-element-9d9458c\" data-id=\"9d9458c\" data-element_type=\"column\" data-e-type=\"column\">\n\t\t\t<div class=\"elementor-widget-wrap elementor-element-populated\">\n\t\t\t\t\t\t<div class=\"elementor-element elementor-element-510e10e elementor-hidden-tablet elementor-hidden-mobile elementor-widget-divider--view-line elementor-widget elementor-widget-divider\" data-id=\"510e10e\" data-element_type=\"widget\" data-e-type=\"widget\" data-widget_type=\"divider.default\">\n\t\t\t\t<div class=\"elementor-widget-container\">\n\t\t\t\t\t\t\t<div class=\"elementor-divider\">\n\t\t\t<span class=\"elementor-divider-separator\">\n\t\t\t\t\t\t<\/span>\n\t\t<\/div>\n\t\t\t\t\t\t<\/div>\n\t\t\t\t<\/div>\n\t\t\t\t\t<\/div>\n\t\t<\/div>\n\t\t\t\t\t<\/div>\n\t\t<\/section>\n\t\t\t\t<section class=\"elementor-section elementor-top-section elementor-element elementor-element-ddb2f5a elementor-section-full_width elementor-section-height-default elementor-section-height-default\" data-id=\"ddb2f5a\" data-element_type=\"section\" data-e-type=\"section\">\n\t\t\t\t\t\t<div class=\"elementor-container elementor-column-gap-no\">\n\t\t\t\t\t<div class=\"elementor-column elementor-col-100 elementor-top-column elementor-element elementor-element-05d8548\" data-id=\"05d8548\" data-element_type=\"column\" data-e-type=\"column\">\n\t\t\t<div class=\"elementor-widget-wrap\">\n\t\t\t\t\t\t\t<\/div>\n\t\t<\/div>\n\t\t\t\t\t<\/div>\n\t\t<\/section>\n\t\t\t\t<section class=\"elementor-section elementor-top-section elementor-element elementor-element-095a4f0 elementor-section-boxed elementor-section-height-default elementor-section-height-default\" data-id=\"095a4f0\" data-element_type=\"section\" data-e-type=\"section\">\n\t\t\t\t\t\t<div class=\"elementor-container elementor-column-gap-default\">\n\t\t\t\t\t<div class=\"elementor-column elementor-col-100 elementor-top-column elementor-element elementor-element-e55365c\" data-id=\"e55365c\" data-element_type=\"column\" data-e-type=\"column\">\n\t\t\t<div class=\"elementor-widget-wrap elementor-element-populated\">\n\t\t\t\t\t\t<div class=\"elementor-element elementor-element-608cd0c elementor-hidden-desktop elementor-widget-divider--view-line elementor-widget elementor-widget-divider\" data-id=\"608cd0c\" data-element_type=\"widget\" data-e-type=\"widget\" data-widget_type=\"divider.default\">\n\t\t\t\t<div class=\"elementor-widget-container\">\n\t\t\t\t\t\t\t<div class=\"elementor-divider\">\n\t\t\t<span class=\"elementor-divider-separator\">\n\t\t\t\t\t\t<\/span>\n\t\t<\/div>\n\t\t\t\t\t\t<\/div>\n\t\t\t\t<\/div>\n\t\t\t\t\t<\/div>\n\t\t<\/div>\n\t\t\t\t\t<\/div>\n\t\t<\/section>\n\t\t\t\t<section class=\"elementor-section elementor-top-section elementor-element elementor-element-28db8c7 elementor-section-full_width elementor-section-stretched elementor-section-height-default elementor-section-height-default\" data-id=\"28db8c7\" data-element_type=\"section\" data-e-type=\"section\" data-settings=\"{&quot;stretch_section&quot;:&quot;section-stretched&quot;}\">\n\t\t\t\t\t\t<div class=\"elementor-container elementor-column-gap-no\">\n\t\t\t\t\t<div class=\"elementor-column elementor-col-100 elementor-top-column elementor-element elementor-element-6d317e0\" data-id=\"6d317e0\" data-element_type=\"column\" data-e-type=\"column\">\n\t\t\t<div class=\"elementor-widget-wrap elementor-element-populated\">\n\t\t\t\t\t\t<div class=\"elementor-element elementor-element-813b8b6 elementor-widget__width-inherit elementor-hidden-desktop elementor-widget elementor-widget-Eura_About\" data-id=\"813b8b6\" data-element_type=\"widget\" data-e-type=\"widget\" data-widget_type=\"Eura_About.default\">\n\t\t\t\t<div class=\"elementor-widget-container\">\n\t\t\t\t\t\r\n        <!-- About Section Start -->\r\n        \r\n                    <div class=\"about-wrap style-one ptb-150\">\r\n                <div class=\"container-fluid\">\r\n                    <div class=\"row align-items-center\">\r\n                        <div class=\"col-lg-6\" data-cue=\"slideInUp\">\r\n                            <div class=\"about-img\">\r\n                                                                    <img decoding=\"async\" src=\"https:\/\/www.lesvelosdelabaie.bzh\/wp-content\/uploads\/2026\/02\/WhatsApp-Image-2026-02-18-at-18.28.07.jpeg\" alt=\"image\">\r\n                                                            <\/div>\r\n                        <\/div>\r\n                        <div class=\"col-lg-6\" data-cue=\"slideInUp\">\r\n                            <div class=\"about-content\">\r\n                                <div class=\"section-title\">\r\n                                                                            <h2>Lassen Sie sich Ihre Fahrr\u00e4der liefern \n<\/h2>\r\n                                                                                                                <p class=\"mb-0\">An Ihrem Urlaubsort<br>Nutzen Sie Ihr Fahrrad gleich nach Ihrer Ankunft (im Hotel, in der Ferienwohnung, auf dem Campingplatz) und machen Sie ganz unkompliziert eine Radtour.<br>\n\nF\u00fcr Ihr Roaming (Option \u201eOne Way\u201c)\n\n\n\nHolen Sie Ihre Fahrr\u00e4der am Start- oder Zielpunkt Ihrer Tour ab und geben Sie sie dort wieder zur\u00fcck, insbesondere am Startpunkt der V\u00e9lomaritime in Roscoff oder an den Bahnh\u00f6fen von Morlaix, Saint Brieuc, Paimpol, Guingamp, Lannion oder Plouaret, je nach Ihrer Route.\n<br>Lieferkosten f\u00fcr ein bis zehn Fahrr\u00e4der, weitere Fahrr\u00e4der auf Anfrage<\/p>\r\n                                                                    <\/div>\r\n                                <div class=\"features-item-wrap d-flex flex-wrap\">\r\n                                                                            <div class=\"feature-item\">\r\n                                                                                        <p><\/p>\r\n                                        <\/div>\r\n                                                                    <\/div>\r\n                            <\/div>\r\n                        <\/div>\r\n                    <\/div>\r\n                <\/div>\r\n            <\/div>\r\n                <!-- About Section End -->\r\n\r\n        \t\t\t\t<\/div>\n\t\t\t\t<\/div>\n\t\t\t\t<div class=\"elementor-element elementor-element-0957275 elementor-hidden-desktop elementor-widget elementor-widget-button\" data-id=\"0957275\" data-element_type=\"widget\" data-e-type=\"widget\" data-widget_type=\"button.default\">\n\t\t\t\t<div class=\"elementor-widget-container\">\n\t\t\t\t\t\t\t\t\t<div class=\"elementor-button-wrapper\">\n\t\t\t\t\t<a class=\"elementor-button elementor-button-link elementor-size-sm\" href=\"mailto:contact@lesvelosdelabaie.bzh\u200b\">\n\t\t\t\t\t\t<span class=\"elementor-button-content-wrapper\">\n\t\t\t\t\t\t\t\t\t<span class=\"elementor-button-text\">contact@lesvelosdelabaie.bzh\u200b<\/span>\n\t\t\t\t\t<\/span>\n\t\t\t\t\t<\/a>\n\t\t\t\t<\/div>\n\t\t\t\t\t\t\t\t<\/div>\n\t\t\t\t<\/div>\n\t\t\t\t<div class=\"elementor-element elementor-element-36d5f66 elementor-widget elementor-widget-Eura_Categories_Four\" data-id=\"36d5f66\" data-element_type=\"widget\" data-e-type=\"widget\" data-widget_type=\"Eura_Categories_Four.default\">\n\t\t\t\t<div class=\"elementor-widget-container\">\n\t\t\t\t\t\r\n        <!-- Feature Category Section Start -->\r\n        <div class=\"container-fluid px-xxl-5 pb-75\">\r\n            <div class=\"row align-items-xxl-center\"> \r\n                <div class=\"col-xl-6\">\r\n                    <div class=\"promo-card style-three d-flex flex-column justify-content-between bg-f position-relative z-1 round-15 mb-25\" data-cue=\"slideInUp\" style=\"background-image:url(https:\/\/www.lesvelosdelabaie.bzh\/wp-content\/uploads\/2026\/02\/WhatsApp-Image-2026-02-10-at-17.14.03.jpeg);\">\r\n                        <div class=\"promo-top-content\">\r\n                            \r\n                            \r\n                            \r\n                                                    <\/div>\r\n                        <div class=\"promo-bottom-content text-center\">\r\n                            <div class=\"section-title\">\r\n                                                                    <h2 class=\"text-white\">Fahrradtouren, um den Tr\u00e9gor anders zu erkunden, zwischen Natur, Kulturerbe und gemeinsamen Momenten.<\/h2>\r\n                                \r\n                                                                    <a href=\"https:\/\/lesvelosdelabaie.lokki.rent\/\" class=\"link style-four text-white\">JETZT BUCHEN                                                                                    <img decoding=\"async\" src=\"https:\/\/www.lesvelosdelabaie.bzh\/wp-content\/uploads\/2024\/02\/right-arrow-white.svg\" alt=\"image\">\r\n                                                                            <\/a>\r\n                                                            <\/div>\r\n                        <\/div>\r\n                    <\/div>\r\n                <\/div>\r\n                <div class=\"col-xxl-5 offset-xxl-1 col-xl-6 ps-xxl-0\">\r\n                    <div class=\"category-content\">\r\n                        <div class=\"row align-items-center mb-40\">\r\n                            <div class=\"col-md-8 mb-sm-20\">\r\n                                <div class=\"section-title\" data-cue=\"slideInUp\">\r\n                                                                            <h2 class=\"fw-medium mb-2\">Freie Fahrten, begleitete Touren<\/h2>\r\n                                                                                                        <\/div>\r\n                            <\/div>\r\n                            <div class=\"col-md-4\" data-cue=\"slideInUp\">\r\n                                <div class=\"slider-btn d-flex align-items-center justify-content-md-end\">\r\n                                                                            <button class=\"prev-btn cat-prev d-flex flex-column align-items-center justify-content-center border-0 rounded-circle transition\">\r\n                                            <img decoding=\"async\" src=\"https:\/\/www.lesvelosdelabaie.bzh\/wp-content\/uploads\/2025\/05\/left-arrow-2.svg\" alt=\"Image\">\r\n                                        <\/button>\r\n                                                                                                                <button class=\"next-btn cat-next d-flex flex-column align-items-center justify-content-center border-0 rounded-circle transition\">\r\n                                            <img decoding=\"async\" src=\"https:\/\/www.lesvelosdelabaie.bzh\/wp-content\/uploads\/2025\/05\/right-arrow-2.svg\" alt=\"Image\">\r\n                                        <\/button>\r\n                                                                    <\/div>\r\n                            <\/div>\r\n                        <\/div>\r\n                        <div class=\"category-slider-three swiper\" data-cue=\"slideInUp\">\r\n                            <div class=\"swiper-wrapper\">\r\n                                                                <div class=\"swiper-slide\">\r\n                                    <div class=\"cat-card style-two mb-30\">\r\n                                        <div class=\"cat-img position-relative overflow-hidden round-15\">\r\n                                                                                            <img decoding=\"async\" src=\"https:\/\/www.lesvelosdelabaie.bzh\/wp-content\/uploads\/2026\/02\/Frame-20.jpg\" class=\"round-15 transition\" alt=\"Image\">\r\n                                                                                    <\/div>\r\n                                        <h3 class=\"fs-24 fw-medium\"><a href=\"https:\/\/www.lesvelosdelabaie.bzh\/de\/product-category\/die-rosa-granitkuste\/\" class=\"text-title\">Die rosa Granitk\u00fcste<\/a><\/h3>\r\n                                    <\/div>\r\n                                <\/div>\r\n                                                                <div class=\"swiper-slide\">\r\n                                    <div class=\"cat-card style-two mb-30\">\r\n                                        <div class=\"cat-img position-relative overflow-hidden round-15\">\r\n                                                                                            <img decoding=\"async\" src=\"https:\/\/www.lesvelosdelabaie.bzh\/wp-content\/uploads\/2026\/02\/Frame-16.jpg\" class=\"round-15 transition\" alt=\"Image\">\r\n                                                                                    <\/div>\r\n                                        <h3 class=\"fs-24 fw-medium\"><a href=\"https:\/\/www.lesvelosdelabaie.bzh\/de\/product-category\/tour-entlang-der-hafen\/\" class=\"text-title\">Tour entlang der H\u00e4fen<\/a><\/h3>\r\n                                    <\/div>\r\n                                <\/div>\r\n                                                                <div class=\"swiper-slide\">\r\n                                    <div class=\"cat-card style-two mb-30\">\r\n                                        <div class=\"cat-img position-relative overflow-hidden round-15\">\r\n                                                                                            <img decoding=\"async\" src=\"https:\/\/www.lesvelosdelabaie.bzh\/wp-content\/uploads\/2026\/02\/Frame-17.jpg\" class=\"round-15 transition\" alt=\"Image\">\r\n                                                                                    <\/div>\r\n                                        <h3 class=\"fs-24 fw-medium\"><a href=\"https:\/\/www.lesvelosdelabaie.bzh\/de\/product-category\/radtouren-auf-anfrage\/\" class=\"text-title\">Radtouren auf Anfrage<\/a><\/h3>\r\n                                    <\/div>\r\n                                <\/div>\r\n                                                                <div class=\"swiper-slide\">\r\n                                    <div class=\"cat-card style-two mb-30\">\r\n                                        <div class=\"cat-img position-relative overflow-hidden round-15\">\r\n                                                                                            <img decoding=\"async\" src=\"https:\/\/www.lesvelosdelabaie.bzh\/wp-content\/uploads\/2026\/02\/Frame-18.jpg\" class=\"round-15 transition\" alt=\"Image\">\r\n                                                                                    <\/div>\r\n                                        <h3 class=\"fs-24 fw-medium\"><a href=\"https:\/\/www.lesvelosdelabaie.bzh\/de\/product-category\/seminare-teambuilding\/\" class=\"text-title\">Seminare \/ Teambuilding<\/a><\/h3>\r\n                                    <\/div>\r\n                                <\/div>\r\n                                                            <\/div>\r\n                        <\/div>\r\n                    <\/div>\r\n                <\/div>\r\n            <\/div>\r\n        <\/div>\r\n        <!-- Product Section End -->\r\n\r\n        \t\t\t\t<\/div>\n\t\t\t\t<\/div>\n\t\t\t\t\t<\/div>\n\t\t<\/div>\n\t\t\t\t\t<\/div>\n\t\t<\/section>\n\t\t\t\t<section class=\"elementor-section elementor-top-section elementor-element elementor-element-aa383c0 elementor-hidden-tablet elementor-hidden-mobile elementor-section-boxed elementor-section-height-default elementor-section-height-default\" data-id=\"aa383c0\" data-element_type=\"section\" data-e-type=\"section\">\n\t\t\t\t\t\t<div class=\"elementor-container elementor-column-gap-default\">\n\t\t\t\t\t<div class=\"elementor-column elementor-col-100 elementor-top-column elementor-element elementor-element-9e366c2\" data-id=\"9e366c2\" data-element_type=\"column\" data-e-type=\"column\">\n\t\t\t<div class=\"elementor-widget-wrap elementor-element-populated\">\n\t\t\t\t\t\t<div class=\"elementor-element elementor-element-a0cb3b5 elementor-widget elementor-widget-Eura_Cta\" data-id=\"a0cb3b5\" data-element_type=\"widget\" data-e-type=\"widget\" data-widget_type=\"Eura_Cta.default\">\n\t\t\t\t<div class=\"elementor-widget-container\">\n\t\t\t\t\t\r\n        <!-- CTA Section Start -->\r\n        <div class=\"cta-wrapper style-six\" data-cue=\"slideInUp\" style=\"background-image:url(https:\/\/www.lesvelosdelabaie.bzh\/wp-content\/uploads\/2026\/02\/WhatsApp-Image-2026-02-18-at-18.28.07.jpeg);\">\r\n            <div class=\"container\">\r\n                <div class=\"row\">\r\n                    <div class=\"col-xl-5 offset-xl-7 col-lg-6 offset-lg-6 col-md-7 offset-md-5\">\r\n                        <div class=\"cta-content\">\r\n                                                                                        <div class=\"section-title\">\r\n                                    <h2 class=\"text-white\">Lassen Sie sich Ihre Fahrr\u00e4der liefern<\/h2>\r\n                                <\/div>\r\n                                                                                        <p class=\"text-white\">An Ihren Urlaubsort\n<br>Nutzen Sie Ihr Fahrrad direkt bei Ihrer Ankunft (Hotel, Residenz, Ferienhaus oder Campingplatz) und starten Sie ganz unkompliziert Ihre Tour.\n\n<br><br>F\u00fcr Ihre Streckentour (Option \u201eOne Way\u201c)\n<br>\nHolen Sie Ihre Fahrr\u00e4der am Startpunkt ab und geben Sie diese am Zielort Ihrer Route wieder zur\u00fcck, insbesondere am Start der La V\u00e9lomaritime in Roscoff oder an den Bahnh\u00f6fen von Morlaix, Saint-Brieuc, Paimpol, Guingamp, Lannion oder Plouaret, je nach Ihrem Reiseverlauf.\n\n<br><br>Lieferpreis f\u00fcr ein bis 10 Fahrr\u00e4der \n<br> Weitere auf Anfrage <\/p>\r\n                                                        <div class=\"d-flex flex-wrap align-items-center\">\r\n                                                                    <a href=\"mailto:contact@lesvelosdelabaie.bzh\u200b\" class=\"btn style-three me-4 mb-sm-10\">Kontaktieren Sie uns                                                                                    <img decoding=\"async\" src=\"https:\/\/www.lesvelosdelabaie.bzh\/wp-content\/uploads\/2026\/02\/Union.png\" alt=\"image\">\r\n                                                                            <\/a>\r\n                                                                \r\n                                <script>\r\n                                    \/\/Countdown TImer\r\n                                    \/\/ Set the target date for the countdown \r\n                                    const targetDate = new Date(\"\").getTime();\r\n\r\n                                    \/\/ Check if the #countdown element exists\r\n                                    const countdownElement = document.getElementById(\"countdown\");\r\n                                    \r\n                                    if (countdownElement) {\r\n                                        \/\/ Function to update the countdown\r\n                                        function updateCountdown() {\r\n                                            const now = new Date().getTime();\r\n                                            const timeRemaining = targetDate - now;\r\n\r\n                                            \/\/ Calculate days and hours\r\n                                            const days = Math.floor(timeRemaining \/ (1000 * 60 * 60 * 24));\r\n                                            const hours = Math.floor((timeRemaining % (1000 * 60 * 60 * 24)) \/ (1000 * 60 * 60));\r\n\r\n                                            \/\/ Update the countdown text\r\n                                            countdownElement.innerHTML = `${days} days and ${hours} hours`;\r\n\r\n                                            \/\/ If the countdown is over, display a message\r\n                                            if (timeRemaining < 0) {\r\n                                                countdownElement.innerHTML = \"The countdown has ended!\";\r\n                                            }\r\n                                        }\r\n\r\n                                        \/\/ Update the countdown every hour\r\n                                        setInterval(updateCountdown, 1000 * 60 * 60);\r\n\r\n                                        \/\/ Initial call to display countdown immediately\r\n                                        updateCountdown();\r\n                                    } else {\r\n                                        console.log('Countdown element not found on this page.');\r\n                                    }\r\n                                <\/script>\r\n                            <\/div> \r\n                        <\/div>\r\n                    <\/div>\r\n                <\/div>\r\n            <\/div>\r\n        <\/div>\r\n        <!-- CTA Section End -->\r\n\r\n        \t\t\t\t<\/div>\n\t\t\t\t<\/div>\n\t\t\t\t\t<\/div>\n\t\t<\/div>\n\t\t\t\t\t<\/div>\n\t\t<\/section>\n\t\t\t\t<\/div>\n\t\t","protected":false},"excerpt":{"rendered":"<p>Fahrradverleih und Touren im Herzen des Tr\u00e9gor Machen Sie eine E-Bike-Tour. Yann, Ihr Guide, bietet Ihnen begleitete Touren an. Jetzt buchen Fahrradverleih und Touren im Herzen des Tr\u00e9gor JETZT BUCHEN Machen Sie eine E-Bike-Tour. Yann, Ihr Guide, bietet Ihnen begleitete Touren an. Er\u00f6ffnung am 15. April 2026 Mieten Sie ein Fahrrad Melden Sie sich f\u00fcr <\/p>\n","protected":false},"author":2,"featured_media":0,"parent":0,"menu_order":0,"comment_status":"closed","ping_status":"closed","template":"","meta":{"_acf_changed":false,"_seopress_robots_primary_cat":"","_seopress_titles_title":"","_seopress_titles_desc":"","_seopress_robots_index":"","pgc_sgb_lightbox_settings":"","footnotes":""},"class_list":["post-2337","page","type-page","status-publish","hentry"],"acf":[],"_links":{"self":[{"href":"https:\/\/www.lesvelosdelabaie.bzh\/de\/wp-json\/wp\/v2\/pages\/2337","targetHints":{"allow":["GET"]}}],"collection":[{"href":"https:\/\/www.lesvelosdelabaie.bzh\/de\/wp-json\/wp\/v2\/pages"}],"about":[{"href":"https:\/\/www.lesvelosdelabaie.bzh\/de\/wp-json\/wp\/v2\/types\/page"}],"author":[{"embeddable":true,"href":"https:\/\/www.lesvelosdelabaie.bzh\/de\/wp-json\/wp\/v2\/users\/2"}],"replies":[{"embeddable":true,"href":"https:\/\/www.lesvelosdelabaie.bzh\/de\/wp-json\/wp\/v2\/comments?post=2337"}],"version-history":[{"count":17,"href":"https:\/\/www.lesvelosdelabaie.bzh\/de\/wp-json\/wp\/v2\/pages\/2337\/revisions"}],"predecessor-version":[{"id":3390,"href":"https:\/\/www.lesvelosdelabaie.bzh\/de\/wp-json\/wp\/v2\/pages\/2337\/revisions\/3390"}],"wp:attachment":[{"href":"https:\/\/www.lesvelosdelabaie.bzh\/de\/wp-json\/wp\/v2\/media?parent=2337"}],"curies":[{"name":"wp","href":"https:\/\/api.w.org\/{rel}","templated":true}]}}